{"id":27,"date":"2023-02-22T10:11:13","date_gmt":"2023-02-22T09:11:13","guid":{"rendered":"http:\/\/192.168.60.108\/traktorverein.at\/?page_id=27"},"modified":"2026-03-06T17:40:23","modified_gmt":"2026-03-06T16:40:23","slug":"verein","status":"publish","type":"page","link":"https:\/\/traktorverein.at\/index.php\/verein\/","title":{"rendered":"\u00dcber uns"},"content":{"rendered":"\n<p class=\"has-text-align-center\"><strong>Traktor-Landmaschinen-Veteranen-Club Piestingtal-Triestingtal und Umgebung<\/strong><\/p>\n\n\n<div class=\"wp-block-image\">\n<figure class=\"aligncenter size-full\"><img loading=\"lazy\" decoding=\"async\" width=\"283\" height=\"190\" src=\"https:\/\/traktorverein.at\/wp-content\/uploads\/2023\/02\/logo-tlvc.gif\" alt=\"\" class=\"wp-image-159\"\/><\/figure>\n<\/div>\n\n\n<h2 class=\"wp-block-heading alignfull has-text-align-center has-vivid-red-color has-pale-cyan-blue-background-color has-text-color has-background has-medium-font-size\">Liebe Mitglieder, liebe Traktorfreunde, gesch\u00e4tzte Besucher unserer Homepage !<\/h2>\n\n\n\n<p>Mit Begeisterung f\u00fcr Oldtimer &#8211; Traktoren fanden sich <strong>1995<\/strong> einige Enthusiasten zusammen und legten so den Grundstein bzw. das Gr\u00fcndungsjahr f\u00fcr unseren Club fest, somit sind wir heute  einer der \u00e4ltesten Oldtimer &#8211; Traktorenclub&#8217;s \u00d6sterreichs.<\/p>\n\n\n\n<p>Der Gr\u00fcndungsgedanke, alte Traktoren zu renovieren und neues Leben einzuhauchen, wird bis heute in unserem Verein gelebt.<\/p>\n\n\n\n<p>Nicht nur die Restauration &amp; Erhaltung alter Werte spielen eine gro\u00dfe Rolle &#8211; gemeinsam sind wir stets bem\u00fcht, dass unsere Traktoren und das Vereinsleben in Bewegung bleiben &#8211; wir veranstalten diverse Ausfahrten, Busausfl\u00fcge oder die j\u00e4hrliche Traktorrallye etc.&nbsp;<\/p>\n\n\n\n<p>Nebst  eigenen Veranstaltungen sind wir als Gemeinschaft in unserer Umgebung zahlreich unterwegs und besuchen so andere Vereine &amp; Veranstaltungen.&nbsp;<\/p>\n\n\n\n<p>Sch\u00f6n, dass auch viele junge Traktoristen Interesse am Verein zeigen und aktiv dabei sind.&nbsp;<\/p>\n\n\n\n<p>Die Faszination \u201eTraktor\u201c l\u00e4sst Kinderaugen leuchten und die \u00e4ltere Generation von  fr\u00fcheren Zeiten schw\u00e4rmen, somit werden wir oft &amp; gerne zu Fotoobjekten.&nbsp;<\/p>\n\n\n\n<p>Unsere Veranstaltungen stehen allen Traktoristen, Beifahrern und Mitgliedern offen &#8211; dies wird auch gerne angenommen.<\/p>\n\n\n\n<p>Wir begr\u00fc\u00dfen jederzeit neue Mitglieder, egal ob aktiv oder passiv, alle werden bei uns herzlichst aufgenommen.<\/p>\n\n\n\n<p>Wir sind bem\u00fcht, die Homepage aktuell zu halten und zu verbessern &#8211; an der Fotoqualit\u00e4t wird noch gearbeitet &#8211; f\u00fcr Anregungen sind wir sehr dankbar &#8211; selbige bitte an : Schriftf\u00fchrer  Karl Sch\u00f6nthaler   (schoenthaler.karl@gmx.at ) <\/p>\n\n\n\n<pre class=\"wp-block-preformatted\"><\/pre>\n\n\n\n<p><strong>Vorstand\u00a02023<\/strong><\/p>\n\n\n\n<figure class=\"wp-block-image size-large is-resized\"><img loading=\"lazy\" decoding=\"async\" width=\"2560\" height=\"1151\" src=\"https:\/\/traktorverein.at\/wp-content\/uploads\/2026\/03\/20230311_200440-edited-scaled.jpg\" alt=\"\" class=\"wp-image-3308\" style=\"aspect-ratio:2.2212581344902387;width:536px;height:auto\" srcset=\"https:\/\/traktorverein.at\/wp-content\/uploads\/2026\/03\/20230311_200440-edited-scaled.jpg 2560w, https:\/\/traktorverein.at\/wp-content\/uploads\/2026\/03\/20230311_200440-edited-300x135.jpg 300w, https:\/\/traktorverein.at\/wp-content\/uploads\/2026\/03\/20230311_200440-edited-1024x461.jpg 1024w, https:\/\/traktorverein.at\/wp-content\/uploads\/2026\/03\/20230311_200440-edited-768x345.jpg 768w, https:\/\/traktorverein.at\/wp-content\/uploads\/2026\/03\/20230311_200440-edited-1536x691.jpg 1536w, https:\/\/traktorverein.at\/wp-content\/uploads\/2026\/03\/20230311_200440-edited-2048x921.jpg 2048w\" sizes=\"auto, (max-width: 2560px) 100vw, 2560px\" \/><\/figure>\n\n\n\n<p><strong>Vorstand 2025<\/strong><\/p>\n\n\n\n<figure class=\"wp-block-image size-large is-resized\"><img loading=\"lazy\" decoding=\"async\" width=\"1024\" height=\"768\" src=\"https:\/\/traktorverein.at\/wp-content\/uploads\/2025\/03\/be5e1e41-7aee-4d50-a1c8-9b501bbc70ca-1024x768.jpg\" alt=\"\" class=\"wp-image-2712\" style=\"width:541px;height:auto\" srcset=\"https:\/\/traktorverein.at\/wp-content\/uploads\/2025\/03\/be5e1e41-7aee-4d50-a1c8-9b501bbc70ca-1024x768.jpg 1024w, https:\/\/traktorverein.at\/wp-content\/uploads\/2025\/03\/be5e1e41-7aee-4d50-a1c8-9b501bbc70ca-300x225.jpg 300w, https:\/\/traktorverein.at\/wp-content\/uploads\/2025\/03\/be5e1e41-7aee-4d50-a1c8-9b501bbc70ca-768x576.jpg 768w, https:\/\/traktorverein.at\/wp-content\/uploads\/2025\/03\/be5e1e41-7aee-4d50-a1c8-9b501bbc70ca-1536x1152.jpg 1536w, https:\/\/traktorverein.at\/wp-content\/uploads\/2025\/03\/be5e1e41-7aee-4d50-a1c8-9b501bbc70ca.jpg 2000w\" sizes=\"auto, (max-width: 1024px) 100vw, 1024px\" \/><\/figure>\n\n\n\n<figure class=\"wp-block-video\"><video height=\"1080\" style=\"aspect-ratio: 1920 \/ 1080;\" width=\"1920\" controls src=\"https:\/\/traktorverein.at\/wp-content\/uploads\/2026\/03\/imagefilm-1.mp4\"><\/video><\/figure>\n\n\n\n<p>Obmann: <strong>Ewald Krumb\u00f6ck<\/strong>    <\/p>\n\n\n\n<p><img loading=\"lazy\" decoding=\"async\" width=\"150\" height=\"163\" class=\"wp-image-479\" style=\"width: 150px;\" src=\"https:\/\/traktorverein.at\/wp-content\/uploads\/2023\/03\/Ewald.jpg\" alt=\"\" srcset=\"https:\/\/traktorverein.at\/wp-content\/uploads\/2023\/03\/Ewald.jpg 326w, https:\/\/traktorverein.at\/wp-content\/uploads\/2023\/03\/Ewald-276x300.jpg 276w\" sizes=\"auto, (max-width: 150px) 100vw, 150px\" \/><\/p>\n\n\n\n<p>Obmannstv.: <strong>Sebastian Stix<\/strong><\/p>\n\n\n\n<p><img loading=\"lazy\" decoding=\"async\" width=\"150\" height=\"174\" class=\"wp-image-484\" style=\"width: 150px;\" src=\"https:\/\/traktorverein.at\/wp-content\/uploads\/2023\/03\/Sebastian.jpg\" alt=\"\" srcset=\"https:\/\/traktorverein.at\/wp-content\/uploads\/2023\/03\/Sebastian.jpg 344w, https:\/\/traktorverein.at\/wp-content\/uploads\/2023\/03\/Sebastian-259x300.jpg 259w\" sizes=\"auto, (max-width: 150px) 100vw, 150px\" \/><\/p>\n\n\n\n<p>Schriftf\u00fchrer: <strong>Karl Sch\u00f6nthaler <\/strong><\/p>\n\n\n\n<figure class=\"wp-block-image size-full is-resized\"><img loading=\"lazy\" decoding=\"async\" width=\"219\" height=\"264\" src=\"https:\/\/traktorverein.at\/wp-content\/uploads\/2026\/03\/Schoenthaler-Karl-4-1-edited.jpg\" alt=\"\" class=\"wp-image-3295\" style=\"aspect-ratio:0.8291571753986332;width:200px;height:auto\"\/><\/figure>\n\n\n\n<p><br>Schriftf\u00fchrerstv.: <strong>Timon Hauer<\/strong><\/p>\n\n\n\n<figure class=\"wp-block-image size-large is-resized\"><img loading=\"lazy\" decoding=\"async\" width=\"862\" height=\"1239\" src=\"https:\/\/traktorverein.at\/wp-content\/uploads\/2026\/03\/Hauer-Timon-1-edited.jpg\" alt=\"\" class=\"wp-image-3293\" style=\"aspect-ratio:0.75;width:195px;height:auto\" srcset=\"https:\/\/traktorverein.at\/wp-content\/uploads\/2026\/03\/Hauer-Timon-1-edited.jpg 862w, https:\/\/traktorverein.at\/wp-content\/uploads\/2026\/03\/Hauer-Timon-1-edited-209x300.jpg 209w, https:\/\/traktorverein.at\/wp-content\/uploads\/2026\/03\/Hauer-Timon-1-edited-712x1024.jpg 712w, https:\/\/traktorverein.at\/wp-content\/uploads\/2026\/03\/Hauer-Timon-1-edited-768x1104.jpg 768w\" sizes=\"auto, (max-width: 862px) 100vw, 862px\" \/><\/figure>\n\n\n\n<p>Kassier:&nbsp;<strong>Sandro Stockreiter<\/strong>      <\/p>\n\n\n\n<p> <img loading=\"lazy\" decoding=\"async\" width=\"150\" height=\"206\" class=\"wp-image-489\" style=\"width: 150px;\" src=\"https:\/\/traktorverein.at\/wp-content\/uploads\/2023\/03\/Sandro-Portrai-2.jpg\" alt=\"\" srcset=\"https:\/\/traktorverein.at\/wp-content\/uploads\/2023\/03\/Sandro-Portrai-2.jpg 481w, https:\/\/traktorverein.at\/wp-content\/uploads\/2023\/03\/Sandro-Portrai-2-219x300.jpg 219w\" sizes=\"auto, (max-width: 150px) 100vw, 150px\" \/><\/p>\n\n\n\n<p><br>Kassierstv.: <strong>Karl Szymonik<\/strong> <\/p>\n\n\n\n<p><img loading=\"lazy\" decoding=\"async\" width=\"150\" height=\"211\" class=\"wp-image-485\" style=\"width: 150px;\" src=\"https:\/\/traktorverein.at\/wp-content\/uploads\/2023\/03\/Szimonik.jpg\" alt=\"\" srcset=\"https:\/\/traktorverein.at\/wp-content\/uploads\/2023\/03\/Szimonik.jpg 343w, https:\/\/traktorverein.at\/wp-content\/uploads\/2023\/03\/Szimonik-213x300.jpg 213w\" sizes=\"auto, (max-width: 150px) 100vw, 150px\" \/><\/p>\n\n\n\n<p>EventManager: <strong>Gra\u00dfl Franz<\/strong><\/p>\n\n\n\n<figure class=\"wp-block-image size-large is-resized\"><img loading=\"lazy\" decoding=\"async\" width=\"584\" height=\"438\" src=\"https:\/\/traktorverein.at\/wp-content\/uploads\/2026\/03\/60067d7a-cff9-4736-84a8-e7cf3afc4567-edited.jpg\" alt=\"\" class=\"wp-image-3288\" style=\"width:182px;height:auto\" srcset=\"https:\/\/traktorverein.at\/wp-content\/uploads\/2026\/03\/60067d7a-cff9-4736-84a8-e7cf3afc4567-edited.jpg 584w, https:\/\/traktorverein.at\/wp-content\/uploads\/2026\/03\/60067d7a-cff9-4736-84a8-e7cf3afc4567-edited-300x225.jpg 300w\" sizes=\"auto, (max-width: 584px) 100vw, 584px\" \/><\/figure>\n\n\n\n<p>EventManagerStv.: <strong>Berger Lukas<\/strong><\/p>\n\n\n\n<figure class=\"wp-block-image size-large is-resized\"><img loading=\"lazy\" decoding=\"async\" width=\"570\" height=\"427\" src=\"https:\/\/traktorverein.at\/wp-content\/uploads\/2026\/03\/5-3.1.2026-Platz-5-Brigitte-Krenn-edited-1.jpg\" alt=\"\" class=\"wp-image-3291\" style=\"aspect-ratio:1.334904941365513;width:193px;height:auto\" srcset=\"https:\/\/traktorverein.at\/wp-content\/uploads\/2026\/03\/5-3.1.2026-Platz-5-Brigitte-Krenn-edited-1.jpg 570w, https:\/\/traktorverein.at\/wp-content\/uploads\/2026\/03\/5-3.1.2026-Platz-5-Brigitte-Krenn-edited-1-300x225.jpg 300w\" sizes=\"auto, (max-width: 570px) 100vw, 570px\" \/><\/figure>\n\n\n\n<p><strong><em>Unser Vorstand hat immer was lustiges auf Lager!!<\/em><\/strong><\/p>\n\n\n\n<figure class=\"wp-block-video\"><video height=\"464\" style=\"aspect-ratio: 832 \/ 464;\" width=\"832\" controls src=\"https:\/\/traktorverein.at\/wp-content\/uploads\/2026\/03\/VID-20250622-WA0015.mp4\"><\/video><\/figure>\n\n\n\n<p><br><br><\/p>\n","protected":false},"excerpt":{"rendered":"<p>Traktor-Landmaschinen-Veteranen-Club Piestingtal-Triestingtal und Umgebung Liebe Mitglieder, liebe Traktorfreunde, gesch\u00e4tzte Besucher unserer Homepage ! Mit Begeisterung f\u00fcr Oldtimer &#8211; Traktoren fanden sich 1995 einige Enthusiasten zusammen und legten so den Grundstein bzw. das Gr\u00fcndungsjahr f\u00fcr unseren Club fest, somit sind wir heute einer der \u00e4ltesten Oldtimer &#8211; Traktorenclub&#8217;s \u00d6sterreichs. Der Gr\u00fcndungsgedanke, alte Traktoren zu renovieren und [&hellip;]<\/p>\n","protected":false},"author":1,"featured_media":0,"parent":0,"menu_order":0,"comment_status":"closed","ping_status":"closed","template":"","meta":{"footnotes":""},"class_list":["post-27","page","type-page","status-publish","hentry"],"_links":{"self":[{"href":"https:\/\/traktorverein.at\/index.php\/wp-json\/wp\/v2\/pages\/27","targetHints":{"allow":["GET"]}}],"collection":[{"href":"https:\/\/traktorverein.at\/index.php\/wp-json\/wp\/v2\/pages"}],"about":[{"href":"https:\/\/traktorverein.at\/index.php\/wp-json\/wp\/v2\/types\/page"}],"author":[{"embeddable":true,"href":"https:\/\/traktorverein.at\/index.php\/wp-json\/wp\/v2\/users\/1"}],"replies":[{"embeddable":true,"href":"https:\/\/traktorverein.at\/index.php\/wp-json\/wp\/v2\/comments?post=27"}],"version-history":[{"count":38,"href":"https:\/\/traktorverein.at\/index.php\/wp-json\/wp\/v2\/pages\/27\/revisions"}],"predecessor-version":[{"id":3310,"href":"https:\/\/traktorverein.at\/index.php\/wp-json\/wp\/v2\/pages\/27\/revisions\/3310"}],"wp:attachment":[{"href":"https:\/\/traktorverein.at\/index.php\/wp-json\/wp\/v2\/media?parent=27"}],"curies":[{"name":"wp","href":"https:\/\/api.w.org\/{rel}","templated":true}]}}