{"id":24,"date":"2023-02-22T10:11:02","date_gmt":"2023-02-22T09:11:02","guid":{"rendered":"http:\/\/192.168.60.108\/traktorverein.at\/?page_id=24"},"modified":"2026-03-08T11:26:22","modified_gmt":"2026-03-08T10:26:22","slug":"infos","status":"publish","type":"page","link":"https:\/\/traktorverein.at\/index.php\/infos\/","title":{"rendered":"Aktuelles"},"content":{"rendered":"\n<p class=\"has-vivid-red-color has-text-color has-link-color has-medium-font-size wp-elements-5d8b8bf336da2b0418af9aa6db8d22d7\"><strong>Jahreshauptversammlung<\/strong><\/p>\n\n\n\n<p>Am Samszag, den 7. 3. 2026 ging im Gasthof Moser \u2013 Stockreiter die Jahreshauptversammlung unseres Trakrotvereins \u00fcber die B\u00fchne.<\/p>\n\n\n\n<p>Obmann Ewald Krumb\u00f6ck konnte neben B\u00fcrgermeisterin Katharina Trettler \u2013 Schiefer zahlreiche\u00a0 Mitglieder begr\u00fc\u00dfen und auch neue Mitglieder vorstellen. Nach Abarbeitung der Tagesordnugspunkte pr\u00e4sentierte unser Obmann einen Jahrers\u00fcckblick, Schriftf\u00fchrer Karl Sch\u00f6nthaler gab einen kleinen Ausblick auf alle Aktivit\u00e4ten 2026.<\/p>\n\n\n\n<p>Begr\u00fc\u00dfen durften wir auch den Obmann des OTS ( Oggauer Tratorstammtisch ) Pepi Sturm, der sich mit \u201egeistigen\u201c Pr\u00e4senten einstellte. Anschlie\u00dfend konnte alle Anwesenden die hervorragend zubereiteten Schnitzelsemmeln genie\u00dfen ( danke an Beate Moser-Stockreiter ).<\/p>\n\n\n\n<p>Beim geselligen Beisammensein klang der Abend gem\u00fctlich aus.<\/p>\n\n\n\n<div class=\"wp-block-columns is-layout-flex wp-container-core-columns-is-layout-9d6595d7 wp-block-columns-is-layout-flex\">\n<div class=\"wp-block-column is-layout-flow wp-block-column-is-layout-flow\">\n<figure class=\"wp-block-image size-large\"><img loading=\"lazy\" decoding=\"async\" width=\"1024\" height=\"768\" src=\"https:\/\/traktorverein.at\/wp-content\/uploads\/2026\/03\/1bf37595-9534-46c8-9a55-bed0c3810c7c-1024x768.jpg\" alt=\"\" class=\"wp-image-3319\" srcset=\"https:\/\/traktorverein.at\/wp-content\/uploads\/2026\/03\/1bf37595-9534-46c8-9a55-bed0c3810c7c-1024x768.jpg 1024w, https:\/\/traktorverein.at\/wp-content\/uploads\/2026\/03\/1bf37595-9534-46c8-9a55-bed0c3810c7c-300x225.jpg 300w, https:\/\/traktorverein.at\/wp-content\/uploads\/2026\/03\/1bf37595-9534-46c8-9a55-bed0c3810c7c-768x576.jpg 768w, https:\/\/traktorverein.at\/wp-content\/uploads\/2026\/03\/1bf37595-9534-46c8-9a55-bed0c3810c7c.jpg 1280w\" sizes=\"auto, (max-width: 1024px) 100vw, 1024px\" \/><\/figure>\n<\/div>\n\n\n\n<div class=\"wp-block-column is-layout-flow wp-block-column-is-layout-flow\">\n<figure class=\"wp-block-image size-large\"><img loading=\"lazy\" decoding=\"async\" width=\"1024\" height=\"768\" src=\"https:\/\/traktorverein.at\/wp-content\/uploads\/2026\/03\/54085b91-4777-4fb3-bcbb-0a4870af6e87-1024x768.jpg\" alt=\"\" class=\"wp-image-3320\" srcset=\"https:\/\/traktorverein.at\/wp-content\/uploads\/2026\/03\/54085b91-4777-4fb3-bcbb-0a4870af6e87-1024x768.jpg 1024w, https:\/\/traktorverein.at\/wp-content\/uploads\/2026\/03\/54085b91-4777-4fb3-bcbb-0a4870af6e87-300x225.jpg 300w, https:\/\/traktorverein.at\/wp-content\/uploads\/2026\/03\/54085b91-4777-4fb3-bcbb-0a4870af6e87-768x576.jpg 768w, https:\/\/traktorverein.at\/wp-content\/uploads\/2026\/03\/54085b91-4777-4fb3-bcbb-0a4870af6e87-1536x1152.jpg 1536w, https:\/\/traktorverein.at\/wp-content\/uploads\/2026\/03\/54085b91-4777-4fb3-bcbb-0a4870af6e87.jpg 2048w\" sizes=\"auto, (max-width: 1024px) 100vw, 1024px\" \/><\/figure>\n<\/div>\n\n\n\n<div class=\"wp-block-column is-layout-flow wp-block-column-is-layout-flow\">\n<figure class=\"wp-block-image size-large\"><img loading=\"lazy\" decoding=\"async\" width=\"1024\" height=\"768\" src=\"https:\/\/traktorverein.at\/wp-content\/uploads\/2026\/03\/27857637-92cf-40b0-80b5-722d46f97a26-1024x768.jpg\" alt=\"\" class=\"wp-image-3321\" srcset=\"https:\/\/traktorverein.at\/wp-content\/uploads\/2026\/03\/27857637-92cf-40b0-80b5-722d46f97a26-1024x768.jpg 1024w, https:\/\/traktorverein.at\/wp-content\/uploads\/2026\/03\/27857637-92cf-40b0-80b5-722d46f97a26-300x225.jpg 300w, https:\/\/traktorverein.at\/wp-content\/uploads\/2026\/03\/27857637-92cf-40b0-80b5-722d46f97a26-768x576.jpg 768w, https:\/\/traktorverein.at\/wp-content\/uploads\/2026\/03\/27857637-92cf-40b0-80b5-722d46f97a26.jpg 1280w\" sizes=\"auto, (max-width: 1024px) 100vw, 1024px\" \/><\/figure>\n<\/div>\n<\/div>\n\n\n\n<div class=\"wp-block-columns is-layout-flex wp-container-core-columns-is-layout-9d6595d7 wp-block-columns-is-layout-flex\">\n<div class=\"wp-block-column is-layout-flow wp-block-column-is-layout-flow\">\n<figure class=\"wp-block-image size-large\"><img loading=\"lazy\" decoding=\"async\" width=\"1024\" height=\"768\" src=\"https:\/\/traktorverein.at\/wp-content\/uploads\/2026\/03\/bff11f91-62a2-4534-8bec-8728b8a0a24a-1024x768.jpg\" alt=\"\" class=\"wp-image-3322\" srcset=\"https:\/\/traktorverein.at\/wp-content\/uploads\/2026\/03\/bff11f91-62a2-4534-8bec-8728b8a0a24a-1024x768.jpg 1024w, https:\/\/traktorverein.at\/wp-content\/uploads\/2026\/03\/bff11f91-62a2-4534-8bec-8728b8a0a24a-300x225.jpg 300w, https:\/\/traktorverein.at\/wp-content\/uploads\/2026\/03\/bff11f91-62a2-4534-8bec-8728b8a0a24a-768x576.jpg 768w, https:\/\/traktorverein.at\/wp-content\/uploads\/2026\/03\/bff11f91-62a2-4534-8bec-8728b8a0a24a.jpg 1280w\" sizes=\"auto, (max-width: 1024px) 100vw, 1024px\" \/><\/figure>\n<\/div>\n\n\n\n<div class=\"wp-block-column is-layout-flow wp-block-column-is-layout-flow\">\n<figure class=\"wp-block-image size-large\"><img loading=\"lazy\" decoding=\"async\" width=\"1024\" height=\"768\" src=\"https:\/\/traktorverein.at\/wp-content\/uploads\/2026\/03\/cf244913-6ae5-4bc1-81fc-4e6a559d3db9-1024x768.jpg\" alt=\"\" class=\"wp-image-3323\" srcset=\"https:\/\/traktorverein.at\/wp-content\/uploads\/2026\/03\/cf244913-6ae5-4bc1-81fc-4e6a559d3db9-1024x768.jpg 1024w, https:\/\/traktorverein.at\/wp-content\/uploads\/2026\/03\/cf244913-6ae5-4bc1-81fc-4e6a559d3db9-300x225.jpg 300w, https:\/\/traktorverein.at\/wp-content\/uploads\/2026\/03\/cf244913-6ae5-4bc1-81fc-4e6a559d3db9-768x576.jpg 768w, https:\/\/traktorverein.at\/wp-content\/uploads\/2026\/03\/cf244913-6ae5-4bc1-81fc-4e6a559d3db9.jpg 1280w\" sizes=\"auto, (max-width: 1024px) 100vw, 1024px\" \/><\/figure>\n<\/div>\n\n\n\n<div class=\"wp-block-column is-layout-flow wp-block-column-is-layout-flow\"><\/div>\n<\/div>\n\n\n\n<p class=\"has-vivid-red-color has-text-color has-link-color wp-elements-9f94f4cc244c6717b79e8bf02cd41e10\"><strong>&#8220;Kn\u00f6delschiessen&#8221; TLVC &#8211; FF Markt Piesting<\/strong><\/p>\n\n\n\n<p>Auch heuer war unser Traktorclub wieder beim traditionellen Kn\u00f6delschiessen in Markt Piesting mit dabei \u2013 18 Vereinsmitglieder konnten ihr K\u00f6nnen beim Eisstockschiessen unter Beweis stellen.<\/p>\n\n\n\n<p>Mit einem 2. Platz wurde das Event beendet, dass heuer zum 30. Mal stattfand,<\/p>\n\n\n\n<p>Mit dabei auch unsere Gemeindespitze \u2013 vertreten durch unsere B\u00fcrgermeisterin Katharina Trettle-Schiefer und unsere Vizeb\u00fcrgermeisterin Sabrina Leithner.<\/p>\n\n\n\n<p>Das anschlie\u00dfende Kn\u00f6delessen hat sich \u00fcbrigens auch eine ( olympische ) Medaille verdient \u2013 besonders die Grammelkn\u00f6del waren einfach hervorragend.<\/p>\n\n\n\n<p>Wir werden auch n\u00e4chstes Jahr die Herausforderung wieder annehmen !<\/p>\n\n\n\n<div class=\"wp-block-columns is-layout-flex wp-container-core-columns-is-layout-9d6595d7 wp-block-columns-is-layout-flex\">\n<div class=\"wp-block-column is-layout-flow wp-block-column-is-layout-flow\" style=\"flex-basis:25%\">\n<figure class=\"wp-block-image size-full\"><img loading=\"lazy\" decoding=\"async\" width=\"640\" height=\"360\" src=\"https:\/\/traktorverein.at\/wp-content\/uploads\/2026\/02\/9ffc3bfc-d4ee-49d1-bc5a-9fc33502956e.jpg\" alt=\"\" class=\"wp-image-3272\" srcset=\"https:\/\/traktorverein.at\/wp-content\/uploads\/2026\/02\/9ffc3bfc-d4ee-49d1-bc5a-9fc33502956e.jpg 640w, https:\/\/traktorverein.at\/wp-content\/uploads\/2026\/02\/9ffc3bfc-d4ee-49d1-bc5a-9fc33502956e-300x169.jpg 300w\" sizes=\"auto, (max-width: 640px) 100vw, 640px\" \/><\/figure>\n\n\n\n<figure class=\"wp-block-image size-large\"><img loading=\"lazy\" decoding=\"async\" width=\"576\" height=\"1024\" src=\"https:\/\/traktorverein.at\/wp-content\/uploads\/2026\/02\/156c659f-5d5a-47d0-8f63-1ce0c29cab46-576x1024.jpg\" alt=\"\" class=\"wp-image-3275\" srcset=\"https:\/\/traktorverein.at\/wp-content\/uploads\/2026\/02\/156c659f-5d5a-47d0-8f63-1ce0c29cab46-576x1024.jpg 576w, https:\/\/traktorverein.at\/wp-content\/uploads\/2026\/02\/156c659f-5d5a-47d0-8f63-1ce0c29cab46-169x300.jpg 169w, https:\/\/traktorverein.at\/wp-content\/uploads\/2026\/02\/156c659f-5d5a-47d0-8f63-1ce0c29cab46-768x1365.jpg 768w, https:\/\/traktorverein.at\/wp-content\/uploads\/2026\/02\/156c659f-5d5a-47d0-8f63-1ce0c29cab46-864x1536.jpg 864w, https:\/\/traktorverein.at\/wp-content\/uploads\/2026\/02\/156c659f-5d5a-47d0-8f63-1ce0c29cab46.jpg 1152w\" sizes=\"auto, (max-width: 576px) 100vw, 576px\" \/><\/figure>\n<\/div>\n\n\n\n<div class=\"wp-block-column is-layout-flow wp-block-column-is-layout-flow\" style=\"flex-basis:50%\">\n<figure class=\"wp-block-image size-full\"><img loading=\"lazy\" decoding=\"async\" width=\"640\" height=\"480\" src=\"https:\/\/traktorverein.at\/wp-content\/uploads\/2026\/02\/0049a1a8-d03a-44b9-9c8f-aae8dd052760.jpg\" alt=\"\" class=\"wp-image-3273\" srcset=\"https:\/\/traktorverein.at\/wp-content\/uploads\/2026\/02\/0049a1a8-d03a-44b9-9c8f-aae8dd052760.jpg 640w, https:\/\/traktorverein.at\/wp-content\/uploads\/2026\/02\/0049a1a8-d03a-44b9-9c8f-aae8dd052760-300x225.jpg 300w\" sizes=\"auto, (max-width: 640px) 100vw, 640px\" \/><\/figure>\n\n\n\n<figure class=\"wp-block-image size-large is-resized\"><img loading=\"lazy\" decoding=\"async\" width=\"576\" height=\"1024\" src=\"https:\/\/traktorverein.at\/wp-content\/uploads\/2026\/02\/95043e7e-f286-436c-851b-e4ee0d88223c-576x1024.jpg\" alt=\"\" class=\"wp-image-3277\" style=\"aspect-ratio:0.5625080193319362;width:290px;height:auto\" srcset=\"https:\/\/traktorverein.at\/wp-content\/uploads\/2026\/02\/95043e7e-f286-436c-851b-e4ee0d88223c-576x1024.jpg 576w, https:\/\/traktorverein.at\/wp-content\/uploads\/2026\/02\/95043e7e-f286-436c-851b-e4ee0d88223c-169x300.jpg 169w, https:\/\/traktorverein.at\/wp-content\/uploads\/2026\/02\/95043e7e-f286-436c-851b-e4ee0d88223c-768x1365.jpg 768w, https:\/\/traktorverein.at\/wp-content\/uploads\/2026\/02\/95043e7e-f286-436c-851b-e4ee0d88223c-864x1536.jpg 864w, https:\/\/traktorverein.at\/wp-content\/uploads\/2026\/02\/95043e7e-f286-436c-851b-e4ee0d88223c.jpg 1152w\" sizes=\"auto, (max-width: 576px) 100vw, 576px\" \/><\/figure>\n<\/div>\n\n\n\n<div class=\"wp-block-column is-layout-flow wp-block-column-is-layout-flow\" style=\"flex-basis:25%\">\n<figure class=\"wp-block-image size-full\"><img loading=\"lazy\" decoding=\"async\" width=\"640\" height=\"480\" src=\"https:\/\/traktorverein.at\/wp-content\/uploads\/2026\/02\/77c9204e-44d6-46b8-8fc1-5c876bba6b89.jpg\" alt=\"\" class=\"wp-image-3274\" srcset=\"https:\/\/traktorverein.at\/wp-content\/uploads\/2026\/02\/77c9204e-44d6-46b8-8fc1-5c876bba6b89.jpg 640w, https:\/\/traktorverein.at\/wp-content\/uploads\/2026\/02\/77c9204e-44d6-46b8-8fc1-5c876bba6b89-300x225.jpg 300w\" sizes=\"auto, (max-width: 640px) 100vw, 640px\" \/><\/figure>\n\n\n\n<figure class=\"wp-block-image size-full\"><img loading=\"lazy\" decoding=\"async\" width=\"640\" height=\"360\" src=\"https:\/\/traktorverein.at\/wp-content\/uploads\/2026\/02\/168c5699-d374-4c1a-85c0-065be9ea2d71.jpg\" alt=\"\" class=\"wp-image-3276\" srcset=\"https:\/\/traktorverein.at\/wp-content\/uploads\/2026\/02\/168c5699-d374-4c1a-85c0-065be9ea2d71.jpg 640w, https:\/\/traktorverein.at\/wp-content\/uploads\/2026\/02\/168c5699-d374-4c1a-85c0-065be9ea2d71-300x169.jpg 300w\" sizes=\"auto, (max-width: 640px) 100vw, 640px\" \/><\/figure>\n\n\n<\/div>\n<\/div>\n\n\n\n<p class=\"has-vivid-red-color has-text-color has-link-color has-medium-font-size wp-elements-b145ab54c480cee1b202f9984bc91693\"><strong>Kegelpartie 2026<\/strong><\/p>\n\n\n\n<p><strong>Kegelnachmittag TLVC PTU u.U<\/strong><\/p>\n\n\n\n<p>Am Samstag, den 3.1 ging die traditionelle Kegelrunde des Traktoroldtimerclub\u2019s \u00fcber die B\u00fchne \u2013 wie immer ein gem\u00fctlicher und lustiger Nachmittag in Gutenstein. Angereist wurde mit dem Zug \u2013 einige kamen auch mit eigenem Auto. Nach einem hervorragenden Mittagessen wurde in 5 Gruppen gekegelt \u2013 gegen 20 Uhr konnten die Sieger ( die Gruppe rund um Obmann Ewald Krumb\u00f6ck ) gek\u00fcrt werden.<\/p>\n\n\n\n<p>Ein gelungener Nachmittag im neuen Jahr, perfekt organisiert von Obmann Ewald Krumb\u00f6ck !<\/p>\n\n\n\n<div class=\"wp-block-columns is-layout-flex wp-container-core-columns-is-layout-9d6595d7 wp-block-columns-is-layout-flex\">\n<div class=\"wp-block-column is-layout-flow wp-block-column-is-layout-flow\" style=\"flex-basis:25%\">\n<figure class=\"wp-block-image size-large\"><img loading=\"lazy\" decoding=\"async\" width=\"1024\" height=\"768\" src=\"https:\/\/traktorverein.at\/wp-content\/uploads\/2026\/01\/ca6e353d-fc56-442d-b9f1-f072e3a09313-1024x768.jpg\" alt=\"\" class=\"wp-image-3245\" srcset=\"https:\/\/traktorverein.at\/wp-content\/uploads\/2026\/01\/ca6e353d-fc56-442d-b9f1-f072e3a09313-1024x768.jpg 1024w, https:\/\/traktorverein.at\/wp-content\/uploads\/2026\/01\/ca6e353d-fc56-442d-b9f1-f072e3a09313-300x225.jpg 300w, https:\/\/traktorverein.at\/wp-content\/uploads\/2026\/01\/ca6e353d-fc56-442d-b9f1-f072e3a09313-768x576.jpg 768w, https:\/\/traktorverein.at\/wp-content\/uploads\/2026\/01\/ca6e353d-fc56-442d-b9f1-f072e3a09313-1536x1152.jpg 1536w, https:\/\/traktorverein.at\/wp-content\/uploads\/2026\/01\/ca6e353d-fc56-442d-b9f1-f072e3a09313.jpg 2040w\" sizes=\"auto, (max-width: 1024px) 100vw, 1024px\" \/><\/figure>\n\n\n\n<figure class=\"wp-block-image size-large\"><img loading=\"lazy\" decoding=\"async\" width=\"1024\" height=\"768\" src=\"https:\/\/traktorverein.at\/wp-content\/uploads\/2026\/01\/2-3.1.2026-Platz-2-Brigitte-Krenn-1024x768.jpg\" alt=\"\" class=\"wp-image-3248\" srcset=\"https:\/\/traktorverein.at\/wp-content\/uploads\/2026\/01\/2-3.1.2026-Platz-2-Brigitte-Krenn-1024x768.jpg 1024w, https:\/\/traktorverein.at\/wp-content\/uploads\/2026\/01\/2-3.1.2026-Platz-2-Brigitte-Krenn-300x225.jpg 300w, https:\/\/traktorverein.at\/wp-content\/uploads\/2026\/01\/2-3.1.2026-Platz-2-Brigitte-Krenn-768x576.jpg 768w, https:\/\/traktorverein.at\/wp-content\/uploads\/2026\/01\/2-3.1.2026-Platz-2-Brigitte-Krenn-1536x1152.jpg 1536w, https:\/\/traktorverein.at\/wp-content\/uploads\/2026\/01\/2-3.1.2026-Platz-2-Brigitte-Krenn.jpg 2000w\" sizes=\"auto, (max-width: 1024px) 100vw, 1024px\" \/><\/figure>\n<\/div>\n\n\n\n<div class=\"wp-block-column is-layout-flow wp-block-column-is-layout-flow\" style=\"flex-basis:50%\">\n<figure class=\"wp-block-image size-large\"><img loading=\"lazy\" decoding=\"async\" width=\"1024\" height=\"768\" src=\"https:\/\/traktorverein.at\/wp-content\/uploads\/2026\/01\/581f13d8-e52d-49e8-9ed5-921a0a833dfc-1024x768.jpg\" alt=\"\" class=\"wp-image-3246\" srcset=\"https:\/\/traktorverein.at\/wp-content\/uploads\/2026\/01\/581f13d8-e52d-49e8-9ed5-921a0a833dfc-1024x768.jpg 1024w, https:\/\/traktorverein.at\/wp-content\/uploads\/2026\/01\/581f13d8-e52d-49e8-9ed5-921a0a833dfc-300x225.jpg 300w, https:\/\/traktorverein.at\/wp-content\/uploads\/2026\/01\/581f13d8-e52d-49e8-9ed5-921a0a833dfc-768x576.jpg 768w, https:\/\/traktorverein.at\/wp-content\/uploads\/2026\/01\/581f13d8-e52d-49e8-9ed5-921a0a833dfc-1536x1152.jpg 1536w, https:\/\/traktorverein.at\/wp-content\/uploads\/2026\/01\/581f13d8-e52d-49e8-9ed5-921a0a833dfc.jpg 2048w\" sizes=\"auto, (max-width: 1024px) 100vw, 1024px\" \/><\/figure>\n<\/div>\n\n\n\n<div class=\"wp-block-column is-layout-flow wp-block-column-is-layout-flow\" style=\"flex-basis:25%\">\n<figure class=\"wp-block-image size-large\"><img loading=\"lazy\" decoding=\"async\" width=\"1024\" height=\"768\" src=\"https:\/\/traktorverein.at\/wp-content\/uploads\/2026\/01\/1-3.1.2026-Platz-1-Brigitte-Krenn-1024x768.jpg\" alt=\"\" class=\"wp-image-3247\" srcset=\"https:\/\/traktorverein.at\/wp-content\/uploads\/2026\/01\/1-3.1.2026-Platz-1-Brigitte-Krenn-1024x768.jpg 1024w, https:\/\/traktorverein.at\/wp-content\/uploads\/2026\/01\/1-3.1.2026-Platz-1-Brigitte-Krenn-300x225.jpg 300w, https:\/\/traktorverein.at\/wp-content\/uploads\/2026\/01\/1-3.1.2026-Platz-1-Brigitte-Krenn-768x576.jpg 768w, https:\/\/traktorverein.at\/wp-content\/uploads\/2026\/01\/1-3.1.2026-Platz-1-Brigitte-Krenn-1536x1152.jpg 1536w, https:\/\/traktorverein.at\/wp-content\/uploads\/2026\/01\/1-3.1.2026-Platz-1-Brigitte-Krenn-2048x1536.jpg 2048w\" sizes=\"auto, (max-width: 1024px) 100vw, 1024px\" \/><\/figure>\n\n\n\n<figure class=\"wp-block-image size-large\"><img loading=\"lazy\" decoding=\"async\" width=\"1024\" height=\"768\" src=\"https:\/\/traktorverein.at\/wp-content\/uploads\/2026\/01\/3-3.1.2026-Platz-3-Brigitte-Krenn-1024x768.jpg\" alt=\"\" class=\"wp-image-3249\" srcset=\"https:\/\/traktorverein.at\/wp-content\/uploads\/2026\/01\/3-3.1.2026-Platz-3-Brigitte-Krenn-1024x768.jpg 1024w, https:\/\/traktorverein.at\/wp-content\/uploads\/2026\/01\/3-3.1.2026-Platz-3-Brigitte-Krenn-300x225.jpg 300w, https:\/\/traktorverein.at\/wp-content\/uploads\/2026\/01\/3-3.1.2026-Platz-3-Brigitte-Krenn-768x576.jpg 768w, https:\/\/traktorverein.at\/wp-content\/uploads\/2026\/01\/3-3.1.2026-Platz-3-Brigitte-Krenn-1536x1152.jpg 1536w, https:\/\/traktorverein.at\/wp-content\/uploads\/2026\/01\/3-3.1.2026-Platz-3-Brigitte-Krenn.jpg 2000w\" sizes=\"auto, (max-width: 1024px) 100vw, 1024px\" \/><\/figure>\n<\/div>\n<\/div>\n\n\n\n<div class=\"wp-block-columns is-layout-flex wp-container-core-columns-is-layout-9d6595d7 wp-block-columns-is-layout-flex\">\n<div class=\"wp-block-column is-layout-flow wp-block-column-is-layout-flow\" style=\"flex-basis:25%\">\n<figure class=\"wp-block-image size-large\"><img loading=\"lazy\" decoding=\"async\" width=\"1024\" height=\"768\" src=\"https:\/\/traktorverein.at\/wp-content\/uploads\/2026\/01\/5-3.1.2026-Platz-5-Brigitte-Krenn-1024x768.jpg\" alt=\"\" class=\"wp-image-3250\" srcset=\"https:\/\/traktorverein.at\/wp-content\/uploads\/2026\/01\/5-3.1.2026-Platz-5-Brigitte-Krenn-1024x768.jpg 1024w, https:\/\/traktorverein.at\/wp-content\/uploads\/2026\/01\/5-3.1.2026-Platz-5-Brigitte-Krenn-300x225.jpg 300w, https:\/\/traktorverein.at\/wp-content\/uploads\/2026\/01\/5-3.1.2026-Platz-5-Brigitte-Krenn-768x576.jpg 768w, https:\/\/traktorverein.at\/wp-content\/uploads\/2026\/01\/5-3.1.2026-Platz-5-Brigitte-Krenn-1536x1152.jpg 1536w, https:\/\/traktorverein.at\/wp-content\/uploads\/2026\/01\/5-3.1.2026-Platz-5-Brigitte-Krenn.jpg 2000w\" sizes=\"auto, (max-width: 1024px) 100vw, 1024px\" \/><\/figure>\n\n\n\n<figure class=\"wp-block-image size-large\"><img loading=\"lazy\" decoding=\"async\" width=\"1024\" height=\"698\" src=\"https:\/\/traktorverein.at\/wp-content\/uploads\/2026\/01\/32cb9901-ba4d-4a24-b203-d1f476fc05f3-1024x698.jpg\" alt=\"\" class=\"wp-image-3253\" srcset=\"https:\/\/traktorverein.at\/wp-content\/uploads\/2026\/01\/32cb9901-ba4d-4a24-b203-d1f476fc05f3-1024x698.jpg 1024w, https:\/\/traktorverein.at\/wp-content\/uploads\/2026\/01\/32cb9901-ba4d-4a24-b203-d1f476fc05f3-300x205.jpg 300w, https:\/\/traktorverein.at\/wp-content\/uploads\/2026\/01\/32cb9901-ba4d-4a24-b203-d1f476fc05f3-768x524.jpg 768w, https:\/\/traktorverein.at\/wp-content\/uploads\/2026\/01\/32cb9901-ba4d-4a24-b203-d1f476fc05f3-1536x1047.jpg 1536w, https:\/\/traktorverein.at\/wp-content\/uploads\/2026\/01\/32cb9901-ba4d-4a24-b203-d1f476fc05f3-2048x1396.jpg 2048w\" sizes=\"auto, (max-width: 1024px) 100vw, 1024px\" \/><\/figure>\n<\/div>\n\n\n\n<div class=\"wp-block-column is-layout-flow wp-block-column-is-layout-flow\" style=\"flex-basis:50%\">\n<figure class=\"wp-block-image size-large\"><img loading=\"lazy\" decoding=\"async\" width=\"1024\" height=\"768\" src=\"https:\/\/traktorverein.at\/wp-content\/uploads\/2026\/01\/4-3.1.2026-Platz-4-Brigitte-Krenn-1024x768.jpg\" alt=\"\" class=\"wp-image-3251\" srcset=\"https:\/\/traktorverein.at\/wp-content\/uploads\/2026\/01\/4-3.1.2026-Platz-4-Brigitte-Krenn-1024x768.jpg 1024w, https:\/\/traktorverein.at\/wp-content\/uploads\/2026\/01\/4-3.1.2026-Platz-4-Brigitte-Krenn-300x225.jpg 300w, https:\/\/traktorverein.at\/wp-content\/uploads\/2026\/01\/4-3.1.2026-Platz-4-Brigitte-Krenn-768x576.jpg 768w, https:\/\/traktorverein.at\/wp-content\/uploads\/2026\/01\/4-3.1.2026-Platz-4-Brigitte-Krenn-1536x1152.jpg 1536w, https:\/\/traktorverein.at\/wp-content\/uploads\/2026\/01\/4-3.1.2026-Platz-4-Brigitte-Krenn.jpg 2000w\" sizes=\"auto, (max-width: 1024px) 100vw, 1024px\" \/><\/figure>\n<\/div>\n\n\n\n<div class=\"wp-block-column is-layout-flow wp-block-column-is-layout-flow\" style=\"flex-basis:25%\">\n<figure class=\"wp-block-image size-large\"><img loading=\"lazy\" decoding=\"async\" width=\"1024\" height=\"768\" src=\"https:\/\/traktorverein.at\/wp-content\/uploads\/2026\/01\/6-3.1.2026-kegeln-in-Gutenstein-Brigitte-Krenn-1024x768.jpg\" alt=\"\" class=\"wp-image-3252\" srcset=\"https:\/\/traktorverein.at\/wp-content\/uploads\/2026\/01\/6-3.1.2026-kegeln-in-Gutenstein-Brigitte-Krenn-1024x768.jpg 1024w, https:\/\/traktorverein.at\/wp-content\/uploads\/2026\/01\/6-3.1.2026-kegeln-in-Gutenstein-Brigitte-Krenn-300x225.jpg 300w, https:\/\/traktorverein.at\/wp-content\/uploads\/2026\/01\/6-3.1.2026-kegeln-in-Gutenstein-Brigitte-Krenn-768x576.jpg 768w, https:\/\/traktorverein.at\/wp-content\/uploads\/2026\/01\/6-3.1.2026-kegeln-in-Gutenstein-Brigitte-Krenn-1536x1152.jpg 1536w, https:\/\/traktorverein.at\/wp-content\/uploads\/2026\/01\/6-3.1.2026-kegeln-in-Gutenstein-Brigitte-Krenn-2048x1536.jpg 2048w\" sizes=\"auto, (max-width: 1024px) 100vw, 1024px\" \/><\/figure>\n<\/div>\n<\/div>\n\n\n\n<p><\/p>\n\n\n\n<div class=\"wp-block-columns is-layout-flex wp-container-core-columns-is-layout-9d6595d7 wp-block-columns-is-layout-flex\">\n<div class=\"wp-block-column is-layout-flow wp-block-column-is-layout-flow\"><\/div>\n\n\n\n<div class=\"wp-block-column is-layout-flow wp-block-column-is-layout-flow\"><\/div>\n\n\n\n<div class=\"wp-block-column is-layout-flow wp-block-column-is-layout-flow\"><\/div>\n<\/div>\n\n\n\n<div class=\"wp-block-columns is-layout-flex wp-container-core-columns-is-layout-9d6595d7 wp-block-columns-is-layout-flex\">\n<div class=\"wp-block-column is-layout-flow wp-block-column-is-layout-flow\" style=\"flex-basis:25%\"><\/div>\n\n\n\n<div class=\"wp-block-column is-layout-flow wp-block-column-is-layout-flow\" style=\"flex-basis:50%\"><\/div>\n\n\n\n<div class=\"wp-block-column is-layout-flow wp-block-column-is-layout-flow\" style=\"flex-basis:25%\"><\/div>\n<\/div>\n\n\n\n<p><\/p>\n\n\n\n<p><\/p>\n\n\n\n<p><\/p>\n\n\n\n<div class=\"wp-block-columns is-layout-flex wp-container-core-columns-is-layout-9d6595d7 wp-block-columns-is-layout-flex\">\n<div class=\"wp-block-column is-layout-flow wp-block-column-is-layout-flow\" style=\"flex-basis:25%\"><\/div>\n\n\n\n<div class=\"wp-block-column is-layout-flow wp-block-column-is-layout-flow\" style=\"flex-basis:50%\"><\/div>\n\n\n\n<div class=\"wp-block-column is-layout-flow wp-block-column-is-layout-flow\" style=\"flex-basis:25%\"><\/div>\n<\/div>\n\n\n\n<p><\/p>\n\n\n\n<p><\/p>\n\n\n\n<div class=\"wp-block-columns is-layout-flex wp-container-core-columns-is-layout-9d6595d7 wp-block-columns-is-layout-flex\">\n<div class=\"wp-block-column is-layout-flow wp-block-column-is-layout-flow\" style=\"flex-basis:25%\"><\/div>\n\n\n\n<div class=\"wp-block-column is-layout-flow wp-block-column-is-layout-flow\" style=\"flex-basis:50%\"><\/div>\n\n\n\n<div class=\"wp-block-column is-layout-flow wp-block-column-is-layout-flow\" style=\"flex-basis:25%\"><\/div>\n<\/div>\n\n\n\n<div class=\"wp-block-columns is-layout-flex wp-container-core-columns-is-layout-9d6595d7 wp-block-columns-is-layout-flex\">\n<div class=\"wp-block-column is-layout-flow wp-block-column-is-layout-flow\" style=\"flex-basis:50%\"><\/div>\n\n\n\n<div class=\"wp-block-column is-layout-flow wp-block-column-is-layout-flow\" style=\"flex-basis:25%\"><\/div>\n<\/div>\n\n\n\n<p><\/p>\n\n\n\n<p><\/p>\n\n\n\n<div class=\"wp-block-columns is-layout-flex wp-container-core-columns-is-layout-9d6595d7 wp-block-columns-is-layout-flex\">\n<div class=\"wp-block-column is-layout-flow wp-block-column-is-layout-flow\" style=\"flex-basis:25%\"><\/div>\n<\/div>\n\n\n\n<p><\/p>\n\n\n\n<div class=\"wp-block-columns is-layout-flex wp-container-core-columns-is-layout-9d6595d7 wp-block-columns-is-layout-flex\">\n<div class=\"wp-block-column is-layout-flow wp-block-column-is-layout-flow\"><\/div>\n\n\n\n<div class=\"wp-block-column is-layout-flow wp-block-column-is-layout-flow\"><\/div>\n\n\n\n<div class=\"wp-block-column is-layout-flow wp-block-column-is-layout-flow\"><\/div>\n<\/div>\n\n\n\n<blockquote class=\"wp-block-quote is-layout-flow wp-block-quote-is-layout-flow\">\n<p>.<\/p>\n<\/blockquote>\n\n\n\n<h2 class=\"wp-block-heading has-luminous-vivid-orange-color has-text-color has-link-color has-medium-font-size wp-elements-2399dfd094cdbb2e9c610c0ee6e676a2\"><\/h2>\n\n\n\n<p><\/p>\n\n\n\n<p><\/p>\n\n\n\n<div class=\"wp-block-columns is-layout-flex wp-container-core-columns-is-layout-9d6595d7 wp-block-columns-is-layout-flex\">\n<div class=\"wp-block-column is-layout-flow wp-block-column-is-layout-flow\"><\/div>\n\n\n\n<div class=\"wp-block-column is-layout-flow wp-block-column-is-layout-flow\"><\/div>\n\n\n\n<div class=\"wp-block-column is-layout-flow wp-block-column-is-layout-flow\"><\/div>\n<\/div>\n\n\n\n<p><\/p>\n\n\n\n<p><\/p>\n\n\n\n<div class=\"wp-block-columns is-layout-flex wp-container-core-columns-is-layout-9d6595d7 wp-block-columns-is-layout-flex\">\n<div class=\"wp-block-column is-layout-flow wp-block-column-is-layout-flow\"><\/div>\n\n\n\n<div class=\"wp-block-column is-layout-flow wp-block-column-is-layout-flow\"><\/div>\n<\/div>\n\n\n\n<p class=\"has-vivid-red-color has-text-color has-medium-font-size\"><\/p>\n\n\n\n<p style=\"font-size:18px\"><\/p>\n\n\n\n<div class=\"wp-block-columns is-layout-flex wp-container-core-columns-is-layout-9d6595d7 wp-block-columns-is-layout-flex\"><\/div>\n\n\n\n<p>&#8212;&#8212;&#8212;&#8212;&#8212;&#8212;&#8212;&#8212;&#8212;&#8212;&#8212;&#8212;&#8212;&#8212;&#8212;&#8212;&#8212;&#8212;&#8212;&#8212;&#8212;&#8212;&#8212;&#8212;&#8212;&#8212;&#8212;&#8212;&#8212;&#8212;&#8212;&#8212;&#8212;&#8212;&#8212;&#8212;&#8212;&#8212;&#8211;<\/p>\n","protected":false},"excerpt":{"rendered":"<p>Jahreshauptversammlung Am Samszag, den 7. 3. 2026 ging im Gasthof Moser \u2013 Stockreiter die Jahreshauptversammlung unseres Trakrotvereins \u00fcber die B\u00fchne. Obmann Ewald Krumb\u00f6ck konnte neben B\u00fcrgermeisterin Katharina Trettler \u2013 Schiefer zahlreiche\u00a0 Mitglieder begr\u00fc\u00dfen und auch neue Mitglieder vorstellen. Nach Abarbeitung der Tagesordnugspunkte pr\u00e4sentierte unser Obmann einen Jahrers\u00fcckblick, Schriftf\u00fchrer Karl Sch\u00f6nthaler gab einen kleinen Ausblick auf [&hellip;]<\/p>\n","protected":false},"author":1,"featured_media":0,"parent":0,"menu_order":0,"comment_status":"closed","ping_status":"closed","template":"","meta":{"footnotes":""},"class_list":["post-24","page","type-page","status-publish","hentry"],"_links":{"self":[{"href":"https:\/\/traktorverein.at\/index.php\/wp-json\/wp\/v2\/pages\/24","targetHints":{"allow":["GET"]}}],"collection":[{"href":"https:\/\/traktorverein.at\/index.php\/wp-json\/wp\/v2\/pages"}],"about":[{"href":"https:\/\/traktorverein.at\/index.php\/wp-json\/wp\/v2\/types\/page"}],"author":[{"embeddable":true,"href":"https:\/\/traktorverein.at\/index.php\/wp-json\/wp\/v2\/users\/1"}],"replies":[{"embeddable":true,"href":"https:\/\/traktorverein.at\/index.php\/wp-json\/wp\/v2\/comments?post=24"}],"version-history":[{"count":102,"href":"https:\/\/traktorverein.at\/index.php\/wp-json\/wp\/v2\/pages\/24\/revisions"}],"predecessor-version":[{"id":3324,"href":"https:\/\/traktorverein.at\/index.php\/wp-json\/wp\/v2\/pages\/24\/revisions\/3324"}],"wp:attachment":[{"href":"https:\/\/traktorverein.at\/index.php\/wp-json\/wp\/v2\/media?parent=24"}],"curies":[{"name":"wp","href":"https:\/\/api.w.org\/{rel}","templated":true}]}}