{"id":18,"date":"2023-02-22T10:09:57","date_gmt":"2023-02-22T09:09:57","guid":{"rendered":"http:\/\/192.168.60.108\/traktorverein.at\/?page_id=18"},"modified":"2026-04-06T10:51:17","modified_gmt":"2026-04-06T08:51:17","slug":"mitglieder","status":"publish","type":"page","link":"https:\/\/traktorverein.at\/index.php\/mitglieder\/","title":{"rendered":"Mitglieder"},"content":{"rendered":"\n<pre class=\"wp-block-preformatted has-black-color has-text-color has-x-large-font-size\"><\/pre>\n\n\n\n<p><strong>Albrechtowitz Herbert<\/strong><\/p>\n\n\n\n<figure class=\"wp-block-image size-full is-resized\"><img loading=\"lazy\" decoding=\"async\" width=\"283\" height=\"190\" src=\"https:\/\/traktorverein.at\/wp-content\/uploads\/2023\/09\/logo-tlvc-3-2.gif\" alt=\"\" class=\"wp-image-1659\" style=\"width:116px;height:auto\"\/><\/figure>\n\n\n\n<p class=\"has-medium-font-size\"><strong>Amcha Bernhard und Brigitte<\/strong><\/p>\n\n\n\n<div class=\"wp-block-group\"><div class=\"wp-block-group__inner-container is-layout-constrained wp-block-group-is-layout-constrained\">\n<div class=\"wp-block-columns is-layout-flex wp-container-core-columns-is-layout-9d6595d7 wp-block-columns-is-layout-flex\">\n<div class=\"wp-block-column is-layout-flow wp-block-column-is-layout-flow\">\n<figure class=\"wp-block-image size-full is-resized\"><img loading=\"lazy\" decoding=\"async\" width=\"640\" height=\"480\" src=\"https:\/\/traktorverein.at\/wp-content\/uploads\/2023\/03\/Bernhard-Amcha-1.jpg\" alt=\"\" class=\"wp-image-841\" style=\"width:393px;height:294px\" srcset=\"https:\/\/traktorverein.at\/wp-content\/uploads\/2023\/03\/Bernhard-Amcha-1.jpg 640w, https:\/\/traktorverein.at\/wp-content\/uploads\/2023\/03\/Bernhard-Amcha-1-300x225.jpg 300w\" sizes=\"auto, (max-width: 640px) 100vw, 640px\" \/><\/figure>\n<\/div>\n\n\n\n<div class=\"wp-block-column is-layout-flow wp-block-column-is-layout-flow\">\n<figure class=\"wp-block-image size-full is-resized\"><img loading=\"lazy\" decoding=\"async\" width=\"635\" height=\"615\" src=\"https:\/\/traktorverein.at\/wp-content\/uploads\/2023\/03\/Amcha-Bernhard-1.jpg\" alt=\"\" class=\"wp-image-842\" style=\"width:336px;height:325px\" srcset=\"https:\/\/traktorverein.at\/wp-content\/uploads\/2023\/03\/Amcha-Bernhard-1.jpg 635w, https:\/\/traktorverein.at\/wp-content\/uploads\/2023\/03\/Amcha-Bernhard-1-300x291.jpg 300w\" sizes=\"auto, (max-width: 635px) 100vw, 635px\" \/><\/figure>\n<\/div>\n<\/div>\n<\/div><\/div>\n\n\n\n<p class=\"has-medium-font-size\"><strong>Amtmann Gabriele<\/strong><\/p>\n\n\n\n<div class=\"wp-block-columns is-layout-flex wp-container-core-columns-is-layout-9d6595d7 wp-block-columns-is-layout-flex\">\n<div class=\"wp-block-column is-layout-flow wp-block-column-is-layout-flow\">\n<figure class=\"wp-block-image size-full is-resized\"><img loading=\"lazy\" decoding=\"async\" width=\"611\" height=\"969\" src=\"https:\/\/traktorverein.at\/wp-content\/uploads\/2023\/09\/Amtmann-Gabi-1.jpg\" alt=\"\" class=\"wp-image-1672\" style=\"width:214px;height:339px\" srcset=\"https:\/\/traktorverein.at\/wp-content\/uploads\/2023\/09\/Amtmann-Gabi-1.jpg 611w, https:\/\/traktorverein.at\/wp-content\/uploads\/2023\/09\/Amtmann-Gabi-1-189x300.jpg 189w\" sizes=\"auto, (max-width: 611px) 100vw, 611px\" \/><\/figure>\n<\/div>\n\n\n\n<div class=\"wp-block-column is-layout-flow wp-block-column-is-layout-flow\"><\/div>\n\n\n\n<div class=\"wp-block-column is-layout-flow wp-block-column-is-layout-flow\"><\/div>\n<\/div>\n\n\n\n<p><strong>Bauer Alfred<\/strong><\/p>\n\n\n\n<figure class=\"wp-block-image size-full is-resized\"><img loading=\"lazy\" decoding=\"async\" width=\"283\" height=\"190\" src=\"https:\/\/traktorverein.at\/wp-content\/uploads\/2023\/09\/logo-tlvc-3-2.gif\" alt=\"\" class=\"wp-image-1659\" style=\"width:109px;height:auto\"\/><\/figure>\n\n\n\n<p class=\"has-medium-font-size\"><strong>Baumgartner Christoph<\/strong><\/p>\n\n\n\n<figure class=\"wp-block-image size-full is-resized\"><img loading=\"lazy\" decoding=\"async\" width=\"295\" height=\"200\" src=\"https:\/\/traktorverein.at\/wp-content\/uploads\/2023\/03\/logo-tlvc-38.jpg\" alt=\"\" class=\"wp-image-1196\" style=\"width:107px;height:73px\"\/><\/figure>\n\n\n\n<p class=\"has-medium-font-size\"><strong>Berger Julia<\/strong><\/p>\n\n\n\n<figure class=\"wp-block-image size-full is-resized\"><img loading=\"lazy\" decoding=\"async\" width=\"760\" height=\"515\" src=\"https:\/\/traktorverein.at\/wp-content\/uploads\/2025\/07\/logo-tlvc-gelb_web.jpg\" alt=\"\" class=\"wp-image-2993\" style=\"width:111px;height:auto\" srcset=\"https:\/\/traktorverein.at\/wp-content\/uploads\/2025\/07\/logo-tlvc-gelb_web.jpg 760w, https:\/\/traktorverein.at\/wp-content\/uploads\/2025\/07\/logo-tlvc-gelb_web-300x203.jpg 300w\" sizes=\"auto, (max-width: 760px) 100vw, 760px\" \/><\/figure>\n\n\n\n<p class=\"has-medium-font-size\"><strong>Berger Leopold<\/strong><\/p>\n\n\n\n<div class=\"wp-block-columns is-layout-flex wp-container-core-columns-is-layout-9d6595d7 wp-block-columns-is-layout-flex\">\n<div class=\"wp-block-column is-layout-flow wp-block-column-is-layout-flow\">\n<figure class=\"wp-block-image size-large is-resized\"><img loading=\"lazy\" decoding=\"async\" width=\"768\" height=\"1024\" src=\"https:\/\/traktorverein.at\/wp-content\/uploads\/2024\/05\/Berger-Leopold-768x1024.jpg\" alt=\"\" class=\"wp-image-2097\" style=\"width:355px;height:auto\" srcset=\"https:\/\/traktorverein.at\/wp-content\/uploads\/2024\/05\/Berger-Leopold-768x1024.jpg 768w, https:\/\/traktorverein.at\/wp-content\/uploads\/2024\/05\/Berger-Leopold-225x300.jpg 225w, https:\/\/traktorverein.at\/wp-content\/uploads\/2024\/05\/Berger-Leopold-1152x1536.jpg 1152w, https:\/\/traktorverein.at\/wp-content\/uploads\/2024\/05\/Berger-Leopold-1536x2048.jpg 1536w, https:\/\/traktorverein.at\/wp-content\/uploads\/2024\/05\/Berger-Leopold-scaled.jpg 1920w\" sizes=\"auto, (max-width: 768px) 100vw, 768px\" \/><\/figure>\n<\/div>\n\n\n\n<div class=\"wp-block-column is-layout-flow wp-block-column-is-layout-flow\"><\/div>\n\n\n\n<div class=\"wp-block-column is-layout-flow wp-block-column-is-layout-flow\"><\/div>\n<\/div>\n\n\n\n<p class=\"has-medium-font-size\"><strong><mark style=\"background-color:rgba(0, 0, 0, 0)\" class=\"has-inline-color has-black-color\">Berger Lukas<\/mark><\/strong><\/p>\n\n\n\n<div class=\"wp-block-columns is-layout-flex wp-container-core-columns-is-layout-9d6595d7 wp-block-columns-is-layout-flex\">\n<div class=\"wp-block-column is-layout-flow wp-block-column-is-layout-flow\">\n<figure class=\"wp-block-image size-large\"><img loading=\"lazy\" decoding=\"async\" width=\"1024\" height=\"707\" src=\"https:\/\/traktorverein.at\/wp-content\/uploads\/2023\/03\/Berger-Lukas-und-Melanie-Haiden-1-1-1024x707.jpg\" alt=\"\" class=\"wp-image-708\" srcset=\"https:\/\/traktorverein.at\/wp-content\/uploads\/2023\/03\/Berger-Lukas-und-Melanie-Haiden-1-1-1024x707.jpg 1024w, https:\/\/traktorverein.at\/wp-content\/uploads\/2023\/03\/Berger-Lukas-und-Melanie-Haiden-1-1-300x207.jpg 300w, https:\/\/traktorverein.at\/wp-content\/uploads\/2023\/03\/Berger-Lukas-und-Melanie-Haiden-1-1-768x530.jpg 768w, https:\/\/traktorverein.at\/wp-content\/uploads\/2023\/03\/Berger-Lukas-und-Melanie-Haiden-1-1-1536x1060.jpg 1536w, https:\/\/traktorverein.at\/wp-content\/uploads\/2023\/03\/Berger-Lukas-und-Melanie-Haiden-1-1-2048x1413.jpg 2048w\" sizes=\"auto, (max-width: 1024px) 100vw, 1024px\" \/><\/figure>\n<\/div>\n\n\n\n<div class=\"wp-block-column is-layout-flow wp-block-column-is-layout-flow\">\n<figure class=\"wp-block-image size-large\"><img loading=\"lazy\" decoding=\"async\" width=\"1024\" height=\"768\" src=\"https:\/\/traktorverein.at\/wp-content\/uploads\/2025\/09\/20250912_065900-1024x768.jpg\" alt=\"\" class=\"wp-image-3135\" srcset=\"https:\/\/traktorverein.at\/wp-content\/uploads\/2025\/09\/20250912_065900-1024x768.jpg 1024w, https:\/\/traktorverein.at\/wp-content\/uploads\/2025\/09\/20250912_065900-300x225.jpg 300w, https:\/\/traktorverein.at\/wp-content\/uploads\/2025\/09\/20250912_065900-768x576.jpg 768w, https:\/\/traktorverein.at\/wp-content\/uploads\/2025\/09\/20250912_065900-1536x1152.jpg 1536w, https:\/\/traktorverein.at\/wp-content\/uploads\/2025\/09\/20250912_065900-2048x1536.jpg 2048w\" sizes=\"auto, (max-width: 1024px) 100vw, 1024px\" \/><\/figure>\n<\/div>\n<\/div>\n\n\n\n<p class=\"has-medium-font-size\"><strong>Bledau Gabi<\/strong><\/p>\n\n\n\n<figure class=\"wp-block-image size-full is-resized\"><img loading=\"lazy\" decoding=\"async\" width=\"738\" height=\"752\" src=\"https:\/\/traktorverein.at\/wp-content\/uploads\/2023\/03\/Spitzer-Gabi-2.jpg\" alt=\"\" class=\"wp-image-1245\" style=\"width:205px;height:209px\" srcset=\"https:\/\/traktorverein.at\/wp-content\/uploads\/2023\/03\/Spitzer-Gabi-2.jpg 738w, https:\/\/traktorverein.at\/wp-content\/uploads\/2023\/03\/Spitzer-Gabi-2-294x300.jpg 294w\" sizes=\"auto, (max-width: 738px) 100vw, 738px\" \/><\/figure>\n\n\n\n<p class=\"has-medium-font-size\"><strong>Bledau J\u00fcrgen<\/strong><\/p>\n\n\n\n<div class=\"wp-block-columns is-layout-flex wp-container-core-columns-is-layout-9d6595d7 wp-block-columns-is-layout-flex\">\n<div class=\"wp-block-column is-layout-flow wp-block-column-is-layout-flow\">\n<figure class=\"wp-block-image size-full is-resized\"><img loading=\"lazy\" decoding=\"async\" width=\"465\" height=\"603\" src=\"https:\/\/traktorverein.at\/wp-content\/uploads\/2023\/09\/Bledau.jpg\" alt=\"\" class=\"wp-image-1684\" style=\"width:209px;height:271px\" srcset=\"https:\/\/traktorverein.at\/wp-content\/uploads\/2023\/09\/Bledau.jpg 465w, https:\/\/traktorverein.at\/wp-content\/uploads\/2023\/09\/Bledau-231x300.jpg 231w\" sizes=\"auto, (max-width: 465px) 100vw, 465px\" \/><\/figure>\n<\/div>\n\n\n\n<div class=\"wp-block-column is-layout-flow wp-block-column-is-layout-flow\"><\/div>\n\n\n\n<div class=\"wp-block-column is-layout-flow wp-block-column-is-layout-flow\"><\/div>\n<\/div>\n\n\n\n<p class=\"has-medium-font-size\"><strong>Bock Wolfgang<\/strong><\/p>\n\n\n\n<figure class=\"wp-block-image size-full is-resized\"><img loading=\"lazy\" decoding=\"async\" width=\"672\" height=\"826\" src=\"https:\/\/traktorverein.at\/wp-content\/uploads\/2023\/03\/Bock-Wolfgang.jpg\" alt=\"\" class=\"wp-image-1187\" style=\"width:204px;height:251px\" srcset=\"https:\/\/traktorverein.at\/wp-content\/uploads\/2023\/03\/Bock-Wolfgang.jpg 672w, https:\/\/traktorverein.at\/wp-content\/uploads\/2023\/03\/Bock-Wolfgang-244x300.jpg 244w\" sizes=\"auto, (max-width: 672px) 100vw, 672px\" \/><\/figure>\n\n\n\n<figure class=\"wp-block-image size-large is-resized\"><img loading=\"lazy\" decoding=\"async\" width=\"1845\" height=\"1230\" src=\"https:\/\/traktorverein.at\/wp-content\/uploads\/2025\/07\/ADS0433-edited.jpg\" alt=\"\" class=\"wp-image-3017\" style=\"width:498px;height:auto\" srcset=\"https:\/\/traktorverein.at\/wp-content\/uploads\/2025\/07\/ADS0433-edited.jpg 1845w, https:\/\/traktorverein.at\/wp-content\/uploads\/2025\/07\/ADS0433-edited-300x200.jpg 300w, https:\/\/traktorverein.at\/wp-content\/uploads\/2025\/07\/ADS0433-edited-1024x683.jpg 1024w, https:\/\/traktorverein.at\/wp-content\/uploads\/2025\/07\/ADS0433-edited-768x512.jpg 768w, https:\/\/traktorverein.at\/wp-content\/uploads\/2025\/07\/ADS0433-edited-1536x1024.jpg 1536w\" sizes=\"auto, (max-width: 1845px) 100vw, 1845px\" \/><\/figure>\n\n\n\n<p class=\"has-medium-font-size\"><strong>Brandst\u00e4tter Peter und Michaela<\/strong><\/p>\n\n\n\n<div class=\"wp-block-columns is-layout-flex wp-container-core-columns-is-layout-9d6595d7 wp-block-columns-is-layout-flex\">\n<div class=\"wp-block-column is-layout-flow wp-block-column-is-layout-flow\">\n<figure class=\"wp-block-image size-full is-resized\"><img loading=\"lazy\" decoding=\"async\" width=\"480\" height=\"561\" src=\"https:\/\/traktorverein.at\/wp-content\/uploads\/2023\/03\/Brandstaetter-Peter-1.jpg\" alt=\"\" class=\"wp-image-954\" style=\"width:384px;height:449px\" srcset=\"https:\/\/traktorverein.at\/wp-content\/uploads\/2023\/03\/Brandstaetter-Peter-1.jpg 480w, https:\/\/traktorverein.at\/wp-content\/uploads\/2023\/03\/Brandstaetter-Peter-1-257x300.jpg 257w\" sizes=\"auto, (max-width: 480px) 100vw, 480px\" \/><\/figure>\n<\/div>\n\n\n\n<div class=\"wp-block-column is-layout-flow wp-block-column-is-layout-flow\">\n<figure class=\"wp-block-image size-large is-resized\"><img loading=\"lazy\" decoding=\"async\" width=\"551\" height=\"1024\" src=\"https:\/\/traktorverein.at\/wp-content\/uploads\/2023\/03\/Brandstaetter-Peter-und-Michi-551x1024.jpg\" alt=\"\" class=\"wp-image-955\" style=\"width:241px;height:448px\" srcset=\"https:\/\/traktorverein.at\/wp-content\/uploads\/2023\/03\/Brandstaetter-Peter-und-Michi-551x1024.jpg 551w, https:\/\/traktorverein.at\/wp-content\/uploads\/2023\/03\/Brandstaetter-Peter-und-Michi-162x300.jpg 162w, https:\/\/traktorverein.at\/wp-content\/uploads\/2023\/03\/Brandstaetter-Peter-und-Michi.jpg 716w\" sizes=\"auto, (max-width: 551px) 100vw, 551px\" \/><\/figure>\n<\/div>\n<\/div>\n\n\n\n<p class=\"has-medium-font-size\"><strong>Braunsdorfer Heinz<\/strong><\/p>\n\n\n\n<figure class=\"wp-block-image size-full is-resized\"><img loading=\"lazy\" decoding=\"async\" width=\"768\" height=\"653\" src=\"https:\/\/traktorverein.at\/wp-content\/uploads\/2023\/03\/Brausdorfer-Heinz-Podolsky-Petra.jpg\" alt=\"\" class=\"wp-image-777\" style=\"width:427px;height:363px\" srcset=\"https:\/\/traktorverein.at\/wp-content\/uploads\/2023\/03\/Brausdorfer-Heinz-Podolsky-Petra.jpg 768w, https:\/\/traktorverein.at\/wp-content\/uploads\/2023\/03\/Brausdorfer-Heinz-Podolsky-Petra-300x255.jpg 300w\" sizes=\"auto, (max-width: 768px) 100vw, 768px\" \/><\/figure>\n\n\n\n<p class=\"has-medium-font-size\"><strong>Brunner Ronald<\/strong><\/p>\n\n\n\n<div class=\"wp-block-columns is-layout-flex wp-container-core-columns-is-layout-9d6595d7 wp-block-columns-is-layout-flex\">\n<div class=\"wp-block-column is-layout-flow wp-block-column-is-layout-flow\">\n<figure class=\"wp-block-image size-large is-resized\"><img loading=\"lazy\" decoding=\"async\" width=\"768\" height=\"1024\" src=\"https:\/\/traktorverein.at\/wp-content\/uploads\/2024\/05\/Brunner-Ronald-768x1024.jpg\" alt=\"\" class=\"wp-image-2092\" style=\"width:411px;height:auto\" srcset=\"https:\/\/traktorverein.at\/wp-content\/uploads\/2024\/05\/Brunner-Ronald-768x1024.jpg 768w, https:\/\/traktorverein.at\/wp-content\/uploads\/2024\/05\/Brunner-Ronald-225x300.jpg 225w, https:\/\/traktorverein.at\/wp-content\/uploads\/2024\/05\/Brunner-Ronald-1152x1536.jpg 1152w, https:\/\/traktorverein.at\/wp-content\/uploads\/2024\/05\/Brunner-Ronald-1536x2048.jpg 1536w, https:\/\/traktorverein.at\/wp-content\/uploads\/2024\/05\/Brunner-Ronald-scaled.jpg 1920w\" sizes=\"auto, (max-width: 768px) 100vw, 768px\" \/><\/figure>\n<\/div>\n\n\n\n<div class=\"wp-block-column is-layout-flow wp-block-column-is-layout-flow\">\n<figure class=\"wp-block-image size-large\"><img loading=\"lazy\" decoding=\"async\" width=\"1721\" height=\"1147\" src=\"https:\/\/traktorverein.at\/wp-content\/uploads\/2025\/09\/20250912_064604-edited-3.jpg\" alt=\"\" class=\"wp-image-3192\" srcset=\"https:\/\/traktorverein.at\/wp-content\/uploads\/2025\/09\/20250912_064604-edited-3.jpg 1721w, https:\/\/traktorverein.at\/wp-content\/uploads\/2025\/09\/20250912_064604-edited-3-300x200.jpg 300w, https:\/\/traktorverein.at\/wp-content\/uploads\/2025\/09\/20250912_064604-edited-3-1024x682.jpg 1024w, https:\/\/traktorverein.at\/wp-content\/uploads\/2025\/09\/20250912_064604-edited-3-768x512.jpg 768w, https:\/\/traktorverein.at\/wp-content\/uploads\/2025\/09\/20250912_064604-edited-3-1536x1024.jpg 1536w\" sizes=\"auto, (max-width: 1721px) 100vw, 1721px\" \/><\/figure>\n<\/div>\n\n\n\n<div class=\"wp-block-column is-layout-flow wp-block-column-is-layout-flow\"><\/div>\n<\/div>\n\n\n\n<p class=\"has-medium-font-size\"><strong>B\u00fcchinger Silvia<\/strong><\/p>\n\n\n\n<figure class=\"wp-block-image size-full is-resized\"><img loading=\"lazy\" decoding=\"async\" width=\"283\" height=\"190\" src=\"https:\/\/traktorverein.at\/wp-content\/uploads\/2023\/02\/logo-tlvc-5.gif\" alt=\"\" class=\"wp-image-381\" style=\"width:141px;height:auto\"\/><\/figure>\n\n\n\n<p class=\"has-medium-font-size\"><strong>Curic Branko<\/strong><\/p>\n\n\n\n<figure class=\"wp-block-image size-full is-resized\"><img loading=\"lazy\" decoding=\"async\" width=\"680\" height=\"911\" src=\"https:\/\/traktorverein.at\/wp-content\/uploads\/2023\/03\/Curic-Branko.jpg\" alt=\"\" class=\"wp-image-1155\" style=\"width:216px;height:289px\" srcset=\"https:\/\/traktorverein.at\/wp-content\/uploads\/2023\/03\/Curic-Branko.jpg 680w, https:\/\/traktorverein.at\/wp-content\/uploads\/2023\/03\/Curic-Branko-224x300.jpg 224w\" sizes=\"auto, (max-width: 680px) 100vw, 680px\" \/><\/figure>\n\n\n\n<p class=\"has-medium-font-size\"><strong>Curic Isabella<\/strong><\/p>\n\n\n\n<figure class=\"wp-block-image size-full is-resized\"><img loading=\"lazy\" decoding=\"async\" width=\"572\" height=\"741\" src=\"https:\/\/traktorverein.at\/wp-content\/uploads\/2023\/03\/Curic-Isabella.jpg\" alt=\"\" class=\"wp-image-1156\" style=\"width:210px;height:272px\" srcset=\"https:\/\/traktorverein.at\/wp-content\/uploads\/2023\/03\/Curic-Isabella.jpg 572w, https:\/\/traktorverein.at\/wp-content\/uploads\/2023\/03\/Curic-Isabella-232x300.jpg 232w\" sizes=\"auto, (max-width: 572px) 100vw, 572px\" \/><\/figure>\n\n\n\n<p class=\"has-medium-font-size\"><strong>Dan Alina<\/strong><\/p>\n\n\n\n<div class=\"wp-block-columns is-layout-flex wp-container-core-columns-is-layout-9d6595d7 wp-block-columns-is-layout-flex\">\n<div class=\"wp-block-column is-layout-flow wp-block-column-is-layout-flow\">\n<figure class=\"wp-block-image size-full is-resized\"><img loading=\"lazy\" decoding=\"async\" width=\"413\" height=\"534\" src=\"https:\/\/traktorverein.at\/wp-content\/uploads\/2023\/10\/Alina-Dan-1.jpg\" alt=\"\" class=\"wp-image-1724\" style=\"width:223px;height:287px\" srcset=\"https:\/\/traktorverein.at\/wp-content\/uploads\/2023\/10\/Alina-Dan-1.jpg 413w, https:\/\/traktorverein.at\/wp-content\/uploads\/2023\/10\/Alina-Dan-1-232x300.jpg 232w\" sizes=\"auto, (max-width: 413px) 100vw, 413px\" \/><\/figure>\n<\/div>\n\n\n\n<div class=\"wp-block-column is-layout-flow wp-block-column-is-layout-flow\"><\/div>\n\n\n\n<div class=\"wp-block-column is-layout-flow wp-block-column-is-layout-flow\"><\/div>\n<\/div>\n\n\n\n<p class=\"has-medium-font-size\"><strong>Deibl Harald<\/strong><\/p>\n\n\n\n<div class=\"wp-block-columns is-layout-flex wp-container-core-columns-is-layout-9d6595d7 wp-block-columns-is-layout-flex\">\n<div class=\"wp-block-column is-layout-flow wp-block-column-is-layout-flow\">\n<figure class=\"wp-block-image size-full is-resized\"><img loading=\"lazy\" decoding=\"async\" width=\"521\" height=\"573\" src=\"https:\/\/traktorverein.at\/wp-content\/uploads\/2023\/10\/Deibl-harald.jpg\" alt=\"\" class=\"wp-image-1717\" style=\"width:210px;height:231px\" srcset=\"https:\/\/traktorverein.at\/wp-content\/uploads\/2023\/10\/Deibl-harald.jpg 521w, https:\/\/traktorverein.at\/wp-content\/uploads\/2023\/10\/Deibl-harald-273x300.jpg 273w\" sizes=\"auto, (max-width: 521px) 100vw, 521px\" \/><\/figure>\n<\/div>\n\n\n\n<div class=\"wp-block-column is-layout-flow wp-block-column-is-layout-flow\">\n<figure class=\"wp-block-image size-large\"><img loading=\"lazy\" decoding=\"async\" width=\"2295\" height=\"1530\" src=\"https:\/\/traktorverein.at\/wp-content\/uploads\/2025\/09\/20250912_064544-edited-2.jpg\" alt=\"\" class=\"wp-image-3211\" srcset=\"https:\/\/traktorverein.at\/wp-content\/uploads\/2025\/09\/20250912_064544-edited-2.jpg 2295w, https:\/\/traktorverein.at\/wp-content\/uploads\/2025\/09\/20250912_064544-edited-2-300x200.jpg 300w, https:\/\/traktorverein.at\/wp-content\/uploads\/2025\/09\/20250912_064544-edited-2-1024x683.jpg 1024w, https:\/\/traktorverein.at\/wp-content\/uploads\/2025\/09\/20250912_064544-edited-2-768x512.jpg 768w, https:\/\/traktorverein.at\/wp-content\/uploads\/2025\/09\/20250912_064544-edited-2-1536x1024.jpg 1536w, https:\/\/traktorverein.at\/wp-content\/uploads\/2025\/09\/20250912_064544-edited-2-2048x1365.jpg 2048w\" sizes=\"auto, (max-width: 2295px) 100vw, 2295px\" \/><figcaption class=\"wp-element-caption\"><strong>Traktor von Leopold Stockreiter<\/strong><\/figcaption><\/figure>\n<\/div>\n\n\n\n<div class=\"wp-block-column is-layout-flow wp-block-column-is-layout-flow\"><\/div>\n<\/div>\n\n\n\n<p class=\"has-medium-font-size\"><strong>Deibl Natascha<\/strong><\/p>\n\n\n\n<figure class=\"wp-block-image size-full is-resized\"><img loading=\"lazy\" decoding=\"async\" width=\"1805\" height=\"2560\" src=\"https:\/\/traktorverein.at\/wp-content\/uploads\/2025\/09\/IMG-20250915-WA00461-scaled.jpg\" alt=\"\" class=\"wp-image-3137\" style=\"width:210px;height:auto\" srcset=\"https:\/\/traktorverein.at\/wp-content\/uploads\/2025\/09\/IMG-20250915-WA00461-scaled.jpg 1805w, https:\/\/traktorverein.at\/wp-content\/uploads\/2025\/09\/IMG-20250915-WA00461-211x300.jpg 211w, https:\/\/traktorverein.at\/wp-content\/uploads\/2025\/09\/IMG-20250915-WA00461-722x1024.jpg 722w, https:\/\/traktorverein.at\/wp-content\/uploads\/2025\/09\/IMG-20250915-WA00461-768x1089.jpg 768w, https:\/\/traktorverein.at\/wp-content\/uploads\/2025\/09\/IMG-20250915-WA00461-1083x1536.jpg 1083w, https:\/\/traktorverein.at\/wp-content\/uploads\/2025\/09\/IMG-20250915-WA00461-1444x2048.jpg 1444w\" sizes=\"auto, (max-width: 1805px) 100vw, 1805px\" \/><\/figure>\n\n\n\n<p><strong>Eberl Eveline<\/strong><\/p>\n\n\n\n<figure class=\"wp-block-image size-full is-resized\"><img loading=\"lazy\" decoding=\"async\" width=\"283\" height=\"190\" src=\"https:\/\/traktorverein.at\/wp-content\/uploads\/2023\/02\/logo-tlvc-5.gif\" alt=\"\" class=\"wp-image-381\" style=\"aspect-ratio:1.4894366597306334;width:179px;height:auto\"\/><\/figure>\n\n\n\n<p><strong>Eberl Georg<\/strong><\/p>\n\n\n\n<figure class=\"wp-block-image size-full is-resized\"><img loading=\"lazy\" decoding=\"async\" width=\"283\" height=\"190\" src=\"https:\/\/traktorverein.at\/wp-content\/uploads\/2023\/02\/logo-tlvc-5.gif\" alt=\"\" class=\"wp-image-381\" style=\"aspect-ratio:1.4894366597306334;width:186px;height:auto\"\/><\/figure>\n\n\n\n<p class=\"has-medium-font-size\"><strong>Eckenfellner Ulli<\/strong><\/p>\n\n\n\n<figure class=\"wp-block-image size-full is-resized\"><img loading=\"lazy\" decoding=\"async\" width=\"516\" height=\"662\" src=\"https:\/\/traktorverein.at\/wp-content\/uploads\/2023\/03\/Eckenfellner-Ulli.jpg\" alt=\"\" class=\"wp-image-1151\" style=\"width:209px;height:268px\" srcset=\"https:\/\/traktorverein.at\/wp-content\/uploads\/2023\/03\/Eckenfellner-Ulli.jpg 516w, https:\/\/traktorverein.at\/wp-content\/uploads\/2023\/03\/Eckenfellner-Ulli-234x300.jpg 234w\" sizes=\"auto, (max-width: 516px) 100vw, 516px\" \/><\/figure>\n\n\n\n<p class=\"has-medium-font-size\"><strong>Edelhofer Yvonne<\/strong><\/p>\n\n\n\n<figure class=\"wp-block-image size-full is-resized\"><img loading=\"lazy\" decoding=\"async\" width=\"612\" height=\"963\" src=\"https:\/\/traktorverein.at\/wp-content\/uploads\/2024\/06\/Edelhofer-Yvonne.jpg\" alt=\"\" class=\"wp-image-2312\" style=\"width:207px;height:auto\" srcset=\"https:\/\/traktorverein.at\/wp-content\/uploads\/2024\/06\/Edelhofer-Yvonne.jpg 612w, https:\/\/traktorverein.at\/wp-content\/uploads\/2024\/06\/Edelhofer-Yvonne-191x300.jpg 191w\" sizes=\"auto, (max-width: 612px) 100vw, 612px\" \/><\/figure>\n\n\n\n<p class=\"has-medium-font-size\"><strong>Freyer-Hitsch Helga<\/strong><\/p>\n\n\n\n<figure class=\"wp-block-image size-full is-resized\"><img loading=\"lazy\" decoding=\"async\" width=\"720\" height=\"715\" src=\"https:\/\/traktorverein.at\/wp-content\/uploads\/2023\/03\/Freyer-Helga-2.jpg\" alt=\"\" class=\"wp-image-1251\" style=\"width:210px;height:209px\" srcset=\"https:\/\/traktorverein.at\/wp-content\/uploads\/2023\/03\/Freyer-Helga-2.jpg 720w, https:\/\/traktorverein.at\/wp-content\/uploads\/2023\/03\/Freyer-Helga-2-300x298.jpg 300w, https:\/\/traktorverein.at\/wp-content\/uploads\/2023\/03\/Freyer-Helga-2-150x150.jpg 150w\" sizes=\"auto, (max-width: 720px) 100vw, 720px\" \/><\/figure>\n\n\n\n<p class=\"has-medium-font-size\"><strong>Fuksa Markus und Marion<\/strong><\/p>\n\n\n\n<div class=\"wp-block-columns is-layout-flex wp-container-core-columns-is-layout-9d6595d7 wp-block-columns-is-layout-flex\">\n<div class=\"wp-block-column is-layout-flow wp-block-column-is-layout-flow\">\n<figure class=\"wp-block-image size-large\"><img loading=\"lazy\" decoding=\"async\" width=\"1024\" height=\"786\" src=\"https:\/\/traktorverein.at\/wp-content\/uploads\/2023\/03\/Fuksa-Markus-1-1024x786.jpg\" alt=\"\" class=\"wp-image-692\" srcset=\"https:\/\/traktorverein.at\/wp-content\/uploads\/2023\/03\/Fuksa-Markus-1-1024x786.jpg 1024w, https:\/\/traktorverein.at\/wp-content\/uploads\/2023\/03\/Fuksa-Markus-1-300x230.jpg 300w, https:\/\/traktorverein.at\/wp-content\/uploads\/2023\/03\/Fuksa-Markus-1-768x589.jpg 768w, https:\/\/traktorverein.at\/wp-content\/uploads\/2023\/03\/Fuksa-Markus-1-1536x1179.jpg 1536w, https:\/\/traktorverein.at\/wp-content\/uploads\/2023\/03\/Fuksa-Markus-1-2048x1571.jpg 2048w\" sizes=\"auto, (max-width: 1024px) 100vw, 1024px\" \/><\/figure>\n<\/div>\n\n\n\n<div class=\"wp-block-column is-layout-flow wp-block-column-is-layout-flow\"><\/div>\n<\/div>\n\n\n\n<p class=\"has-medium-font-size\"><strong>Fuksa Tobias<\/strong><\/p>\n\n\n\n<div class=\"wp-block-columns is-layout-flex wp-container-core-columns-is-layout-9d6595d7 wp-block-columns-is-layout-flex\">\n<div class=\"wp-block-column is-layout-flow wp-block-column-is-layout-flow\">\n<figure class=\"wp-block-image size-large is-resized\"><img loading=\"lazy\" decoding=\"async\" width=\"811\" height=\"1024\" src=\"https:\/\/traktorverein.at\/wp-content\/uploads\/2023\/03\/Fuksa-Tobias-2-811x1024.jpg\" alt=\"\" class=\"wp-image-703\" style=\"width:365px;height:461px\" srcset=\"https:\/\/traktorverein.at\/wp-content\/uploads\/2023\/03\/Fuksa-Tobias-2-811x1024.jpg 811w, https:\/\/traktorverein.at\/wp-content\/uploads\/2023\/03\/Fuksa-Tobias-2-238x300.jpg 238w, https:\/\/traktorverein.at\/wp-content\/uploads\/2023\/03\/Fuksa-Tobias-2-768x969.jpg 768w, https:\/\/traktorverein.at\/wp-content\/uploads\/2023\/03\/Fuksa-Tobias-2-1217x1536.jpg 1217w, https:\/\/traktorverein.at\/wp-content\/uploads\/2023\/03\/Fuksa-Tobias-2-1623x2048.jpg 1623w, https:\/\/traktorverein.at\/wp-content\/uploads\/2023\/03\/Fuksa-Tobias-2.jpg 1800w\" sizes=\"auto, (max-width: 811px) 100vw, 811px\" \/><\/figure>\n<\/div>\n\n\n\n<div class=\"wp-block-column is-layout-flow wp-block-column-is-layout-flow\">\n<figure class=\"wp-block-image size-full is-resized\"><img loading=\"lazy\" decoding=\"async\" width=\"805\" height=\"732\" src=\"https:\/\/traktorverein.at\/wp-content\/uploads\/2023\/03\/Fuksa-Tobias.jpg\" alt=\"\" class=\"wp-image-704\" style=\"width:409px;height:371px\" srcset=\"https:\/\/traktorverein.at\/wp-content\/uploads\/2023\/03\/Fuksa-Tobias.jpg 805w, https:\/\/traktorverein.at\/wp-content\/uploads\/2023\/03\/Fuksa-Tobias-300x273.jpg 300w, https:\/\/traktorverein.at\/wp-content\/uploads\/2023\/03\/Fuksa-Tobias-768x698.jpg 768w\" sizes=\"auto, (max-width: 805px) 100vw, 805px\" \/><\/figure>\n<\/div>\n<\/div>\n\n\n\n<p><strong>Goriupp Yannis<\/strong><\/p>\n\n\n\n<figure class=\"wp-block-image size-full is-resized\"><img loading=\"lazy\" decoding=\"async\" width=\"760\" height=\"515\" src=\"https:\/\/traktorverein.at\/wp-content\/uploads\/2025\/07\/logo-tlvc-gelb_web-1.jpg\" alt=\"\" class=\"wp-image-2994\" style=\"width:207px;height:auto\" srcset=\"https:\/\/traktorverein.at\/wp-content\/uploads\/2025\/07\/logo-tlvc-gelb_web-1.jpg 760w, https:\/\/traktorverein.at\/wp-content\/uploads\/2025\/07\/logo-tlvc-gelb_web-1-300x203.jpg 300w\" sizes=\"auto, (max-width: 760px) 100vw, 760px\" \/><\/figure>\n\n\n\n<p class=\"has-medium-font-size\"><strong>Gra\u00dfl Andreas<\/strong><\/p>\n\n\n\n<div class=\"wp-block-columns is-layout-flex wp-container-core-columns-is-layout-9d6595d7 wp-block-columns-is-layout-flex\">\n<div class=\"wp-block-column is-layout-flow wp-block-column-is-layout-flow\">\n<figure class=\"wp-block-image size-large is-resized\"><img loading=\"lazy\" decoding=\"async\" width=\"1024\" height=\"950\" src=\"https:\/\/traktorverein.at\/wp-content\/uploads\/2023\/09\/Grasl-Andreas-1024x950.jpg\" alt=\"\" class=\"wp-image-1702\" style=\"width:351px;height:326px\" srcset=\"https:\/\/traktorverein.at\/wp-content\/uploads\/2023\/09\/Grasl-Andreas-1024x950.jpg 1024w, https:\/\/traktorverein.at\/wp-content\/uploads\/2023\/09\/Grasl-Andreas-300x278.jpg 300w, https:\/\/traktorverein.at\/wp-content\/uploads\/2023\/09\/Grasl-Andreas-768x712.jpg 768w, https:\/\/traktorverein.at\/wp-content\/uploads\/2023\/09\/Grasl-Andreas.jpg 1091w\" sizes=\"auto, (max-width: 1024px) 100vw, 1024px\" \/><\/figure>\n<\/div>\n\n\n\n<div class=\"wp-block-column is-layout-flow wp-block-column-is-layout-flow\"><\/div>\n<\/div>\n\n\n\n<p class=\"has-medium-font-size\"><strong>Gra\u00dfl Franz <\/strong><\/p>\n\n\n\n<div class=\"wp-block-columns is-layout-flex wp-container-core-columns-is-layout-9d6595d7 wp-block-columns-is-layout-flex\">\n<div class=\"wp-block-column is-layout-flow wp-block-column-is-layout-flow\">\n<div class=\"wp-block-columns is-layout-flex wp-container-core-columns-is-layout-9d6595d7 wp-block-columns-is-layout-flex\">\n<div class=\"wp-block-column is-layout-flow wp-block-column-is-layout-flow\">\n<figure class=\"wp-block-image size-large is-resized\"><img loading=\"lazy\" decoding=\"async\" width=\"656\" height=\"1024\" src=\"https:\/\/traktorverein.at\/wp-content\/uploads\/2023\/04\/Grasl-Franz-656x1024.jpg\" alt=\"\" class=\"wp-image-1280\" style=\"width:335px;height:523px\" srcset=\"https:\/\/traktorverein.at\/wp-content\/uploads\/2023\/04\/Grasl-Franz-656x1024.jpg 656w, https:\/\/traktorverein.at\/wp-content\/uploads\/2023\/04\/Grasl-Franz-192x300.jpg 192w, https:\/\/traktorverein.at\/wp-content\/uploads\/2023\/04\/Grasl-Franz-768x1199.jpg 768w, https:\/\/traktorverein.at\/wp-content\/uploads\/2023\/04\/Grasl-Franz-984x1536.jpg 984w, https:\/\/traktorverein.at\/wp-content\/uploads\/2023\/04\/Grasl-Franz-1312x2048.jpg 1312w, https:\/\/traktorverein.at\/wp-content\/uploads\/2023\/04\/Grasl-Franz-scaled.jpg 1640w\" sizes=\"auto, (max-width: 656px) 100vw, 656px\" \/><\/figure>\n<\/div>\n\n\n\n<div class=\"wp-block-column is-layout-flow wp-block-column-is-layout-flow\">\n<figure class=\"wp-block-image size-large is-resized\"><img loading=\"lazy\" decoding=\"async\" width=\"1920\" height=\"2560\" src=\"https:\/\/traktorverein.at\/wp-content\/uploads\/2025\/09\/20250912_064528-edited-scaled.jpg\" alt=\"\" class=\"wp-image-3154\" style=\"width:391px;height:auto\" srcset=\"https:\/\/traktorverein.at\/wp-content\/uploads\/2025\/09\/20250912_064528-edited-scaled.jpg 1920w, https:\/\/traktorverein.at\/wp-content\/uploads\/2025\/09\/20250912_064528-edited-225x300.jpg 225w, https:\/\/traktorverein.at\/wp-content\/uploads\/2025\/09\/20250912_064528-edited-768x1024.jpg 768w, https:\/\/traktorverein.at\/wp-content\/uploads\/2025\/09\/20250912_064528-edited-1152x1536.jpg 1152w, https:\/\/traktorverein.at\/wp-content\/uploads\/2025\/09\/20250912_064528-edited-1536x2048.jpg 1536w\" sizes=\"auto, (max-width: 1920px) 100vw, 1920px\" \/><\/figure>\n<\/div>\n<\/div>\n<\/div>\n<\/div>\n\n\n\n<p class=\"has-medium-font-size\"><strong>Grill Franz<\/strong><\/p>\n\n\n\n<figure class=\"wp-block-image size-full is-resized\"><img loading=\"lazy\" decoding=\"async\" width=\"295\" height=\"200\" src=\"https:\/\/traktorverein.at\/wp-content\/uploads\/2023\/03\/logo-tlvc-8.jpg\" alt=\"\" class=\"wp-image-999\" style=\"width:103px;height:70px\"\/><\/figure>\n\n\n\n<p class=\"has-medium-font-size\"><strong>Haiden Manuel<\/strong><\/p>\n\n\n\n<div class=\"wp-block-columns is-layout-flex wp-container-core-columns-is-layout-9d6595d7 wp-block-columns-is-layout-flex\">\n<div class=\"wp-block-column is-layout-flow wp-block-column-is-layout-flow\">\n<figure class=\"wp-block-image size-full is-resized\"><img loading=\"lazy\" decoding=\"async\" width=\"932\" height=\"924\" src=\"https:\/\/traktorverein.at\/wp-content\/uploads\/2023\/03\/Haiden-Manuel-1.jpg\" alt=\"\" class=\"wp-image-721\" style=\"width:360px;height:354px\" srcset=\"https:\/\/traktorverein.at\/wp-content\/uploads\/2023\/03\/Haiden-Manuel-1.jpg 932w, https:\/\/traktorverein.at\/wp-content\/uploads\/2023\/03\/Haiden-Manuel-1-300x297.jpg 300w, https:\/\/traktorverein.at\/wp-content\/uploads\/2023\/03\/Haiden-Manuel-1-150x150.jpg 150w, https:\/\/traktorverein.at\/wp-content\/uploads\/2023\/03\/Haiden-Manuel-1-768x761.jpg 768w\" sizes=\"auto, (max-width: 932px) 100vw, 932px\" \/><\/figure>\n<\/div>\n<\/div>\n\n\n\n<p class=\"has-medium-font-size\"><strong>Haiden Melanie<\/strong><\/p>\n\n\n\n<figure class=\"wp-block-image size-full is-resized\"><img loading=\"lazy\" decoding=\"async\" width=\"308\" height=\"427\" src=\"https:\/\/traktorverein.at\/wp-content\/uploads\/2023\/03\/Haiden-Melanie.jpg\" alt=\"\" class=\"wp-image-1126\" style=\"width:225px;height:312px\" srcset=\"https:\/\/traktorverein.at\/wp-content\/uploads\/2023\/03\/Haiden-Melanie.jpg 308w, https:\/\/traktorverein.at\/wp-content\/uploads\/2023\/03\/Haiden-Melanie-216x300.jpg 216w\" sizes=\"auto, (max-width: 308px) 100vw, 308px\" \/><\/figure>\n\n\n\n<p class=\"has-medium-font-size\"><strong>Haiden Tanja<\/strong><\/p>\n\n\n\n<figure class=\"wp-block-image size-full is-resized\"><img loading=\"lazy\" decoding=\"async\" width=\"427\" height=\"605\" src=\"https:\/\/traktorverein.at\/wp-content\/uploads\/2023\/03\/Haiden-Tanja.jpg\" alt=\"\" class=\"wp-image-1054\" style=\"width:228px;height:324px\" srcset=\"https:\/\/traktorverein.at\/wp-content\/uploads\/2023\/03\/Haiden-Tanja.jpg 427w, https:\/\/traktorverein.at\/wp-content\/uploads\/2023\/03\/Haiden-Tanja-212x300.jpg 212w\" sizes=\"auto, (max-width: 427px) 100vw, 427px\" \/><\/figure>\n\n\n\n<p class=\"has-medium-font-size\"><strong>Haidl Armin<\/strong><\/p>\n\n\n\n<figure class=\"wp-block-image size-full is-resized\"><img loading=\"lazy\" decoding=\"async\" width=\"768\" height=\"1024\" src=\"https:\/\/traktorverein.at\/wp-content\/uploads\/2023\/09\/Haidl.jpg\" alt=\"\" class=\"wp-image-1642\" style=\"width:355px;height:473px\" srcset=\"https:\/\/traktorverein.at\/wp-content\/uploads\/2023\/09\/Haidl.jpg 768w, https:\/\/traktorverein.at\/wp-content\/uploads\/2023\/09\/Haidl-225x300.jpg 225w\" sizes=\"auto, (max-width: 768px) 100vw, 768px\" \/><\/figure>\n\n\n\n<p><strong>Haidl Bernhard<\/strong><\/p>\n\n\n\n<figure class=\"wp-block-image size-full is-resized\"><img loading=\"lazy\" decoding=\"async\" width=\"240\" height=\"161\" src=\"https:\/\/traktorverein.at\/wp-content\/uploads\/2023\/02\/cropped-logo-tlvc-5.gif\" alt=\"\" class=\"wp-image-410\" style=\"width:112px;height:auto\"\/><\/figure>\n\n\n\n<p class=\"has-medium-font-size\"><strong>Haidl G\u00fcnter<\/strong><\/p>\n\n\n\n<figure class=\"wp-block-image size-full is-resized\"><img loading=\"lazy\" decoding=\"async\" width=\"283\" height=\"190\" src=\"https:\/\/traktorverein.at\/wp-content\/uploads\/2023\/09\/logo-tlvc-3-1.gif\" alt=\"\" class=\"wp-image-1641\" style=\"width:113px;height:auto\"\/><\/figure>\n\n\n\n<p><strong>Haidl Marion<\/strong><\/p>\n\n\n\n<figure class=\"wp-block-image size-full is-resized\"><img loading=\"lazy\" decoding=\"async\" width=\"701\" height=\"467\" src=\"https:\/\/traktorverein.at\/wp-content\/uploads\/2025\/07\/ADS0568-edited.jpg\" alt=\"\" class=\"wp-image-3022\" style=\"width:318px;height:auto\" srcset=\"https:\/\/traktorverein.at\/wp-content\/uploads\/2025\/07\/ADS0568-edited.jpg 701w, https:\/\/traktorverein.at\/wp-content\/uploads\/2025\/07\/ADS0568-edited-300x200.jpg 300w\" sizes=\"auto, (max-width: 701px) 100vw, 701px\" \/><\/figure>\n\n\n\n<p class=\"has-medium-font-size\"><strong>Haidl Roland<\/strong><\/p>\n\n\n\n<figure class=\"wp-block-image size-full is-resized\"><img loading=\"lazy\" decoding=\"async\" width=\"295\" height=\"200\" src=\"https:\/\/traktorverein.at\/wp-content\/uploads\/2023\/03\/logo-tlvc-9.jpg\" alt=\"\" class=\"wp-image-1000\" style=\"aspect-ratio:1.4788732394366197;width:128px;height:auto\"\/><\/figure>\n\n\n\n<p class=\"has-medium-font-size\"><strong>Hanny Tanja<\/strong><\/p>\n\n\n\n<figure class=\"wp-block-image size-full is-resized\"><img loading=\"lazy\" decoding=\"async\" width=\"283\" height=\"190\" src=\"https:\/\/traktorverein.at\/wp-content\/uploads\/2023\/09\/logo-tlvc-3-2.gif\" alt=\"\" class=\"wp-image-1659\" style=\"width:117px;height:auto\"\/><\/figure>\n\n\n\n<p class=\"has-medium-font-size\"><strong>Hauer Benedikt<\/strong><\/p>\n\n\n\n<div class=\"wp-block-columns is-layout-flex wp-container-core-columns-is-layout-9d6595d7 wp-block-columns-is-layout-flex\">\n<div class=\"wp-block-column is-layout-flow wp-block-column-is-layout-flow\">\n<figure class=\"wp-block-image size-large is-resized\"><img loading=\"lazy\" decoding=\"async\" width=\"768\" height=\"1024\" src=\"https:\/\/traktorverein.at\/wp-content\/uploads\/2024\/05\/Hauer-Benedikt-768x1024.jpg\" alt=\"\" class=\"wp-image-2088\" style=\"width:368px;height:auto\" srcset=\"https:\/\/traktorverein.at\/wp-content\/uploads\/2024\/05\/Hauer-Benedikt-768x1024.jpg 768w, https:\/\/traktorverein.at\/wp-content\/uploads\/2024\/05\/Hauer-Benedikt-225x300.jpg 225w, https:\/\/traktorverein.at\/wp-content\/uploads\/2024\/05\/Hauer-Benedikt-1152x1536.jpg 1152w, https:\/\/traktorverein.at\/wp-content\/uploads\/2024\/05\/Hauer-Benedikt-1536x2048.jpg 1536w, https:\/\/traktorverein.at\/wp-content\/uploads\/2024\/05\/Hauer-Benedikt-scaled.jpg 1920w\" sizes=\"auto, (max-width: 768px) 100vw, 768px\" \/><\/figure>\n<\/div>\n\n\n\n<div class=\"wp-block-column is-layout-flow wp-block-column-is-layout-flow\"><\/div>\n\n\n\n<div class=\"wp-block-column is-layout-flow wp-block-column-is-layout-flow\"><\/div>\n<\/div>\n\n\n\n<p class=\"has-medium-font-size\"><strong>Hauer Ines<\/strong><\/p>\n\n\n\n<figure class=\"wp-block-image size-full is-resized\"><img loading=\"lazy\" decoding=\"async\" width=\"1551\" height=\"2560\" src=\"https:\/\/traktorverein.at\/wp-content\/uploads\/2025\/09\/20250702_2127211-scaled.jpg\" alt=\"\" class=\"wp-image-3139\" style=\"width:213px;height:auto\" srcset=\"https:\/\/traktorverein.at\/wp-content\/uploads\/2025\/09\/20250702_2127211-scaled.jpg 1551w, https:\/\/traktorverein.at\/wp-content\/uploads\/2025\/09\/20250702_2127211-182x300.jpg 182w, https:\/\/traktorverein.at\/wp-content\/uploads\/2025\/09\/20250702_2127211-620x1024.jpg 620w, https:\/\/traktorverein.at\/wp-content\/uploads\/2025\/09\/20250702_2127211-768x1267.jpg 768w, https:\/\/traktorverein.at\/wp-content\/uploads\/2025\/09\/20250702_2127211-931x1536.jpg 931w, https:\/\/traktorverein.at\/wp-content\/uploads\/2025\/09\/20250702_2127211-1241x2048.jpg 1241w\" sizes=\"auto, (max-width: 1551px) 100vw, 1551px\" \/><\/figure>\n\n\n\n<p class=\"has-medium-font-size\"><strong>Hauer Martin<\/strong><\/p>\n\n\n\n<figure class=\"wp-block-image size-full is-resized\"><img loading=\"lazy\" decoding=\"async\" width=\"1643\" height=\"2560\" src=\"https:\/\/traktorverein.at\/wp-content\/uploads\/2025\/09\/20250702_2127212-scaled.jpg\" alt=\"\" class=\"wp-image-3140\" style=\"width:220px;height:auto\" srcset=\"https:\/\/traktorverein.at\/wp-content\/uploads\/2025\/09\/20250702_2127212-scaled.jpg 1643w, https:\/\/traktorverein.at\/wp-content\/uploads\/2025\/09\/20250702_2127212-193x300.jpg 193w, https:\/\/traktorverein.at\/wp-content\/uploads\/2025\/09\/20250702_2127212-657x1024.jpg 657w, https:\/\/traktorverein.at\/wp-content\/uploads\/2025\/09\/20250702_2127212-768x1197.jpg 768w, https:\/\/traktorverein.at\/wp-content\/uploads\/2025\/09\/20250702_2127212-986x1536.jpg 986w, https:\/\/traktorverein.at\/wp-content\/uploads\/2025\/09\/20250702_2127212-1314x2048.jpg 1314w\" sizes=\"auto, (max-width: 1643px) 100vw, 1643px\" \/><\/figure>\n\n\n\n<p class=\"has-medium-font-size\"><strong>Hauer Stefan<\/strong><\/p>\n\n\n\n<figure class=\"wp-block-image size-full is-resized\"><img loading=\"lazy\" decoding=\"async\" width=\"295\" height=\"200\" src=\"https:\/\/traktorverein.at\/wp-content\/uploads\/2023\/03\/logo-tlvc-37.jpg\" alt=\"\" class=\"wp-image-1178\" style=\"aspect-ratio:1.4657534246575343;width:107px;height:auto\"\/><\/figure>\n\n\n\n<p class=\"has-medium-font-size\"><strong>Hauer Timon<\/strong><\/p>\n\n\n\n<div class=\"wp-block-columns is-layout-flex wp-container-core-columns-is-layout-9d6595d7 wp-block-columns-is-layout-flex\">\n<div class=\"wp-block-column is-layout-flow wp-block-column-is-layout-flow\">\n<figure class=\"wp-block-image size-large is-resized\"><img loading=\"lazy\" decoding=\"async\" width=\"712\" height=\"1024\" src=\"https:\/\/traktorverein.at\/wp-content\/uploads\/2023\/09\/Hauer-Timon-1-712x1024.jpg\" alt=\"\" class=\"wp-image-1649\" style=\"width:377px;height:542px\" srcset=\"https:\/\/traktorverein.at\/wp-content\/uploads\/2023\/09\/Hauer-Timon-1-712x1024.jpg 712w, https:\/\/traktorverein.at\/wp-content\/uploads\/2023\/09\/Hauer-Timon-1-209x300.jpg 209w, https:\/\/traktorverein.at\/wp-content\/uploads\/2023\/09\/Hauer-Timon-1-768x1104.jpg 768w, https:\/\/traktorverein.at\/wp-content\/uploads\/2023\/09\/Hauer-Timon-1-1069x1536.jpg 1069w, https:\/\/traktorverein.at\/wp-content\/uploads\/2023\/09\/Hauer-Timon-1-1425x2048.jpg 1425w, https:\/\/traktorverein.at\/wp-content\/uploads\/2023\/09\/Hauer-Timon-1-scaled.jpg 1781w\" sizes=\"auto, (max-width: 712px) 100vw, 712px\" \/><\/figure>\n<\/div>\n\n\n\n<div class=\"wp-block-column is-layout-flow wp-block-column-is-layout-flow\"><\/div>\n\n\n\n<div class=\"wp-block-column is-layout-flow wp-block-column-is-layout-flow\"><\/div>\n<\/div>\n\n\n\n<div class=\"wp-block-columns is-layout-flex wp-container-core-columns-is-layout-9d6595d7 wp-block-columns-is-layout-flex\">\n<div class=\"wp-block-column is-layout-flow wp-block-column-is-layout-flow\"><\/div>\n\n\n\n<div class=\"wp-block-column is-layout-flow wp-block-column-is-layout-flow\"><\/div>\n\n\n\n<div class=\"wp-block-column is-layout-flow wp-block-column-is-layout-flow\"><\/div>\n<\/div>\n\n\n\n<p class=\"has-medium-font-size\"><strong>Heigl Andreas<\/strong><\/p>\n\n\n\n<figure class=\"wp-block-image size-full is-resized\"><img loading=\"lazy\" decoding=\"async\" width=\"1707\" height=\"2560\" src=\"https:\/\/traktorverein.at\/wp-content\/uploads\/2025\/09\/20250906_215514-edited-scaled.jpg\" alt=\"\" class=\"wp-image-3182\" style=\"width:224px;height:auto\" srcset=\"https:\/\/traktorverein.at\/wp-content\/uploads\/2025\/09\/20250906_215514-edited-scaled.jpg 1707w, https:\/\/traktorverein.at\/wp-content\/uploads\/2025\/09\/20250906_215514-edited-200x300.jpg 200w, https:\/\/traktorverein.at\/wp-content\/uploads\/2025\/09\/20250906_215514-edited-683x1024.jpg 683w, https:\/\/traktorverein.at\/wp-content\/uploads\/2025\/09\/20250906_215514-edited-768x1152.jpg 768w, https:\/\/traktorverein.at\/wp-content\/uploads\/2025\/09\/20250906_215514-edited-1024x1536.jpg 1024w, https:\/\/traktorverein.at\/wp-content\/uploads\/2025\/09\/20250906_215514-edited-1365x2048.jpg 1365w\" sizes=\"auto, (max-width: 1707px) 100vw, 1707px\" \/><\/figure>\n\n\n\n<p class=\"has-medium-font-size\"><strong>Hofer Roland<\/strong><\/p>\n\n\n\n<div class=\"wp-block-columns is-layout-flex wp-container-core-columns-is-layout-9d6595d7 wp-block-columns-is-layout-flex\">\n<div class=\"wp-block-column is-layout-flow wp-block-column-is-layout-flow\">\n<figure class=\"wp-block-image size-large\"><img loading=\"lazy\" decoding=\"async\" width=\"768\" height=\"1024\" src=\"https:\/\/traktorverein.at\/wp-content\/uploads\/2024\/05\/Hofer-Roland-768x1024.jpg\" alt=\"\" class=\"wp-image-2091\" srcset=\"https:\/\/traktorverein.at\/wp-content\/uploads\/2024\/05\/Hofer-Roland-768x1024.jpg 768w, https:\/\/traktorverein.at\/wp-content\/uploads\/2024\/05\/Hofer-Roland-225x300.jpg 225w, https:\/\/traktorverein.at\/wp-content\/uploads\/2024\/05\/Hofer-Roland-1152x1536.jpg 1152w, https:\/\/traktorverein.at\/wp-content\/uploads\/2024\/05\/Hofer-Roland-1536x2048.jpg 1536w, https:\/\/traktorverein.at\/wp-content\/uploads\/2024\/05\/Hofer-Roland-scaled.jpg 1920w\" sizes=\"auto, (max-width: 768px) 100vw, 768px\" \/><\/figure>\n<\/div>\n\n\n\n<div class=\"wp-block-column is-layout-flow wp-block-column-is-layout-flow\"><\/div>\n\n\n\n<div class=\"wp-block-column is-layout-flow wp-block-column-is-layout-flow\"><\/div>\n<\/div>\n\n\n\n<p class=\"has-medium-font-size\"><strong>Kaltenegger Maxl<\/strong><\/p>\n\n\n\n<figure class=\"wp-block-image size-large is-resized\"><img loading=\"lazy\" decoding=\"async\" width=\"926\" height=\"1024\" src=\"https:\/\/traktorverein.at\/wp-content\/uploads\/2023\/03\/Kaltenegger-Maximilian-1-926x1024.jpg\" alt=\"\" class=\"wp-image-743\" style=\"width:373px;height:411px\" srcset=\"https:\/\/traktorverein.at\/wp-content\/uploads\/2023\/03\/Kaltenegger-Maximilian-1-926x1024.jpg 926w, https:\/\/traktorverein.at\/wp-content\/uploads\/2023\/03\/Kaltenegger-Maximilian-1-271x300.jpg 271w, https:\/\/traktorverein.at\/wp-content\/uploads\/2023\/03\/Kaltenegger-Maximilian-1-768x849.jpg 768w, https:\/\/traktorverein.at\/wp-content\/uploads\/2023\/03\/Kaltenegger-Maximilian-1-1389x1536.jpg 1389w, https:\/\/traktorverein.at\/wp-content\/uploads\/2023\/03\/Kaltenegger-Maximilian-1.jpg 1800w\" sizes=\"auto, (max-width: 926px) 100vw, 926px\" \/><\/figure>\n\n\n\n<p class=\"has-medium-font-size\"><strong>Kessler Andrea<\/strong><\/p>\n\n\n\n<figure class=\"wp-block-image size-full is-resized\"><img loading=\"lazy\" decoding=\"async\" width=\"324\" height=\"356\" src=\"https:\/\/traktorverein.at\/wp-content\/uploads\/2024\/12\/Kessler.jpg\" alt=\"\" class=\"wp-image-2631\" style=\"width:222px;height:auto\" srcset=\"https:\/\/traktorverein.at\/wp-content\/uploads\/2024\/12\/Kessler.jpg 324w, https:\/\/traktorverein.at\/wp-content\/uploads\/2024\/12\/Kessler-273x300.jpg 273w\" sizes=\"auto, (max-width: 324px) 100vw, 324px\" \/><\/figure>\n\n\n\n<p><strong>Kraus Christoph<\/strong><\/p>\n\n\n\n<figure class=\"wp-block-image size-full is-resized\"><img loading=\"lazy\" decoding=\"async\" width=\"760\" height=\"515\" src=\"https:\/\/traktorverein.at\/wp-content\/uploads\/2025\/07\/logo-tlvc-gelb_web-1.jpg\" alt=\"\" class=\"wp-image-2994\" style=\"aspect-ratio:1.475741300587669;width:193px;height:auto\" srcset=\"https:\/\/traktorverein.at\/wp-content\/uploads\/2025\/07\/logo-tlvc-gelb_web-1.jpg 760w, https:\/\/traktorverein.at\/wp-content\/uploads\/2025\/07\/logo-tlvc-gelb_web-1-300x203.jpg 300w\" sizes=\"auto, (max-width: 760px) 100vw, 760px\" \/><\/figure>\n\n\n\n<p><strong>Kraus Eva<\/strong><\/p>\n\n\n\n<figure class=\"wp-block-image size-full is-resized\"><img loading=\"lazy\" decoding=\"async\" width=\"760\" height=\"515\" src=\"https:\/\/traktorverein.at\/wp-content\/uploads\/2025\/07\/logo-tlvc-gelb_web-1.jpg\" alt=\"\" class=\"wp-image-2994\" style=\"aspect-ratio:1.475741300587669;width:193px;height:auto\" srcset=\"https:\/\/traktorverein.at\/wp-content\/uploads\/2025\/07\/logo-tlvc-gelb_web-1.jpg 760w, https:\/\/traktorverein.at\/wp-content\/uploads\/2025\/07\/logo-tlvc-gelb_web-1-300x203.jpg 300w\" sizes=\"auto, (max-width: 760px) 100vw, 760px\" \/><\/figure>\n\n\n\n<p class=\"has-medium-font-size\"><strong>Kraus Jacqueline<\/strong><\/p>\n\n\n\n<figure class=\"wp-block-image size-full is-resized\"><img loading=\"lazy\" decoding=\"async\" width=\"360\" height=\"475\" src=\"https:\/\/traktorverein.at\/wp-content\/uploads\/2023\/03\/Kraus-Jaqueline.jpg\" alt=\"\" class=\"wp-image-1050\" style=\"width:218px;height:288px\" srcset=\"https:\/\/traktorverein.at\/wp-content\/uploads\/2023\/03\/Kraus-Jaqueline.jpg 360w, https:\/\/traktorverein.at\/wp-content\/uploads\/2023\/03\/Kraus-Jaqueline-227x300.jpg 227w\" sizes=\"auto, (max-width: 360px) 100vw, 360px\" \/><\/figure>\n\n\n\n<p class=\"has-medium-font-size\"><strong>Krenn Brigitte<\/strong><\/p>\n\n\n\n<figure class=\"wp-block-image size-full is-resized\"><img loading=\"lazy\" decoding=\"async\" width=\"1707\" height=\"2560\" src=\"https:\/\/traktorverein.at\/wp-content\/uploads\/2024\/10\/Brigitte-Krenn-scaled.jpg\" alt=\"\" class=\"wp-image-2617\" style=\"width:231px;height:285px\" srcset=\"https:\/\/traktorverein.at\/wp-content\/uploads\/2024\/10\/Brigitte-Krenn-scaled.jpg 1707w, https:\/\/traktorverein.at\/wp-content\/uploads\/2024\/10\/Brigitte-Krenn-200x300.jpg 200w, https:\/\/traktorverein.at\/wp-content\/uploads\/2024\/10\/Brigitte-Krenn-683x1024.jpg 683w, https:\/\/traktorverein.at\/wp-content\/uploads\/2024\/10\/Brigitte-Krenn-768x1152.jpg 768w, https:\/\/traktorverein.at\/wp-content\/uploads\/2024\/10\/Brigitte-Krenn-1024x1536.jpg 1024w, https:\/\/traktorverein.at\/wp-content\/uploads\/2024\/10\/Brigitte-Krenn-1365x2048.jpg 1365w\" sizes=\"auto, (max-width: 1707px) 100vw, 1707px\" \/><\/figure>\n\n\n\n<p class=\"has-medium-font-size\"><strong>Krumb\u00f6ck Ewald<\/strong><\/p>\n\n\n\n<figure class=\"wp-block-image size-full is-resized\"><img loading=\"lazy\" decoding=\"async\" width=\"2048\" height=\"2560\" src=\"https:\/\/traktorverein.at\/wp-content\/uploads\/2025\/09\/20250921_105127-scaled.jpg\" alt=\"\" class=\"wp-image-3206\" style=\"width:243px;height:auto\" srcset=\"https:\/\/traktorverein.at\/wp-content\/uploads\/2025\/09\/20250921_105127-scaled.jpg 2048w, https:\/\/traktorverein.at\/wp-content\/uploads\/2025\/09\/20250921_105127-240x300.jpg 240w, https:\/\/traktorverein.at\/wp-content\/uploads\/2025\/09\/20250921_105127-819x1024.jpg 819w, https:\/\/traktorverein.at\/wp-content\/uploads\/2025\/09\/20250921_105127-768x960.jpg 768w, https:\/\/traktorverein.at\/wp-content\/uploads\/2025\/09\/20250921_105127-1229x1536.jpg 1229w, https:\/\/traktorverein.at\/wp-content\/uploads\/2025\/09\/20250921_105127-1638x2048.jpg 1638w\" sizes=\"auto, (max-width: 2048px) 100vw, 2048px\" \/><\/figure>\n\n\n\n<div class=\"wp-block-columns is-layout-flex wp-container-core-columns-is-layout-9d6595d7 wp-block-columns-is-layout-flex\">\n<div class=\"wp-block-column is-layout-flow wp-block-column-is-layout-flow\">\n<div class=\"wp-block-group alignwide\"><div class=\"wp-block-group__inner-container is-layout-constrained wp-block-group-is-layout-constrained\">\n<figure class=\"wp-block-image size-large is-resized\"><img loading=\"lazy\" decoding=\"async\" width=\"798\" height=\"1064\" src=\"https:\/\/traktorverein.at\/wp-content\/uploads\/2025\/09\/IMG-20250830-WA0015-edited.jpg\" alt=\"\" class=\"wp-image-3200\" style=\"width:378px;height:auto\" srcset=\"https:\/\/traktorverein.at\/wp-content\/uploads\/2025\/09\/IMG-20250830-WA0015-edited.jpg 798w, https:\/\/traktorverein.at\/wp-content\/uploads\/2025\/09\/IMG-20250830-WA0015-edited-225x300.jpg 225w, https:\/\/traktorverein.at\/wp-content\/uploads\/2025\/09\/IMG-20250830-WA0015-edited-768x1024.jpg 768w\" sizes=\"auto, (max-width: 798px) 100vw, 798px\" \/><figcaption class=\"wp-element-caption\"><strong>Lindner HLR9 Junior BJ 1958, 11PS<\/strong><\/figcaption><\/figure>\n<\/div><\/div>\n<\/div>\n\n\n\n<div class=\"wp-block-column is-layout-flow wp-block-column-is-layout-flow\">\n<figure class=\"wp-block-image size-large is-resized\"><img loading=\"lazy\" decoding=\"async\" width=\"1920\" height=\"2560\" src=\"https:\/\/traktorverein.at\/wp-content\/uploads\/2025\/09\/20250912_062348-edited-scaled.jpg\" alt=\"\" class=\"wp-image-3145\" style=\"width:387px;height:auto\" srcset=\"https:\/\/traktorverein.at\/wp-content\/uploads\/2025\/09\/20250912_062348-edited-scaled.jpg 1920w, https:\/\/traktorverein.at\/wp-content\/uploads\/2025\/09\/20250912_062348-edited-225x300.jpg 225w, https:\/\/traktorverein.at\/wp-content\/uploads\/2025\/09\/20250912_062348-edited-768x1024.jpg 768w, https:\/\/traktorverein.at\/wp-content\/uploads\/2025\/09\/20250912_062348-edited-1152x1536.jpg 1152w, https:\/\/traktorverein.at\/wp-content\/uploads\/2025\/09\/20250912_062348-edited-1536x2048.jpg 1536w\" sizes=\"auto, (max-width: 1920px) 100vw, 1920px\" \/><figcaption class=\"wp-element-caption\"><strong>B\u00fchrer UPM 4\/10 Spezial BJ 1958,  25 PS<\/strong><\/figcaption><\/figure>\n<\/div>\n<\/div>\n\n\n\n<p class=\"has-medium-font-size\"><strong>Kwich Petra<\/strong><\/p>\n\n\n\n<figure class=\"wp-block-image size-full is-resized\"><img loading=\"lazy\" decoding=\"async\" width=\"281\" height=\"210\" src=\"https:\/\/traktorverein.at\/wp-content\/uploads\/2025\/07\/a195d8e1-3c57-44f6-aecf-1184163d7ebd-2-edited-1.jpg\" alt=\"\" class=\"wp-image-2997\" style=\"width:240px;height:auto\"\/><\/figure>\n\n\n\n<p class=\"has-medium-font-size\"><strong>Kwich Robert<\/strong><\/p>\n\n\n\n<div class=\"wp-block-group\"><div class=\"wp-block-group__inner-container is-layout-constrained wp-block-group-is-layout-constrained\">\n<figure class=\"wp-block-image size-full is-resized\"><img loading=\"lazy\" decoding=\"async\" width=\"1375\" height=\"1873\" src=\"https:\/\/traktorverein.at\/wp-content\/uploads\/2025\/07\/20250609_102450-edited.jpg\" alt=\"\" class=\"wp-image-2998\" style=\"width:343px;height:auto\" srcset=\"https:\/\/traktorverein.at\/wp-content\/uploads\/2025\/07\/20250609_102450-edited.jpg 1375w, https:\/\/traktorverein.at\/wp-content\/uploads\/2025\/07\/20250609_102450-edited-220x300.jpg 220w, https:\/\/traktorverein.at\/wp-content\/uploads\/2025\/07\/20250609_102450-edited-752x1024.jpg 752w, https:\/\/traktorverein.at\/wp-content\/uploads\/2025\/07\/20250609_102450-edited-768x1046.jpg 768w, https:\/\/traktorverein.at\/wp-content\/uploads\/2025\/07\/20250609_102450-edited-1128x1536.jpg 1128w\" sizes=\"auto, (max-width: 1375px) 100vw, 1375px\" \/><\/figure>\n<\/div><\/div>\n\n\n\n<div class=\"wp-block-group\"><div class=\"wp-block-group__inner-container is-layout-constrained wp-block-group-is-layout-constrained\">\n<figure class=\"wp-block-image size-full is-resized\"><img loading=\"lazy\" decoding=\"async\" width=\"2295\" height=\"1291\" src=\"https:\/\/traktorverein.at\/wp-content\/uploads\/2025\/09\/20250912_064554-edited-1.jpg\" alt=\"\" class=\"wp-image-3148\" style=\"width:405px;height:auto\" srcset=\"https:\/\/traktorverein.at\/wp-content\/uploads\/2025\/09\/20250912_064554-edited-1.jpg 2295w, https:\/\/traktorverein.at\/wp-content\/uploads\/2025\/09\/20250912_064554-edited-1-300x169.jpg 300w, https:\/\/traktorverein.at\/wp-content\/uploads\/2025\/09\/20250912_064554-edited-1-1024x576.jpg 1024w, https:\/\/traktorverein.at\/wp-content\/uploads\/2025\/09\/20250912_064554-edited-1-768x432.jpg 768w, https:\/\/traktorverein.at\/wp-content\/uploads\/2025\/09\/20250912_064554-edited-1-1536x864.jpg 1536w, https:\/\/traktorverein.at\/wp-content\/uploads\/2025\/09\/20250912_064554-edited-1-2048x1152.jpg 2048w\" sizes=\"auto, (max-width: 2295px) 100vw, 2295px\" \/><\/figure>\n<\/div><\/div>\n\n\n\n<p><strong>Langer Otto<\/strong><\/p>\n\n\n\n<figure class=\"wp-block-image size-full is-resized\"><img loading=\"lazy\" decoding=\"async\" width=\"295\" height=\"200\" src=\"https:\/\/traktorverein.at\/wp-content\/uploads\/2023\/03\/logo-tlvc-41.jpg\" alt=\"\" class=\"wp-image-1201\" style=\"width:102px;height:69px\"\/><\/figure>\n\n\n\n<p class=\"has-medium-font-size\"><strong>Langhansl Cordula<\/strong><\/p>\n\n\n\n<figure class=\"wp-block-image size-full is-resized\"><img loading=\"lazy\" decoding=\"async\" width=\"723\" height=\"906\" src=\"https:\/\/traktorverein.at\/wp-content\/uploads\/2023\/03\/Langhansl-Cordula.jpg\" alt=\"\" class=\"wp-image-1160\" style=\"width:196px;height:245px\" srcset=\"https:\/\/traktorverein.at\/wp-content\/uploads\/2023\/03\/Langhansl-Cordula.jpg 723w, https:\/\/traktorverein.at\/wp-content\/uploads\/2023\/03\/Langhansl-Cordula-239x300.jpg 239w\" sizes=\"auto, (max-width: 723px) 100vw, 723px\" \/><\/figure>\n\n\n\n<p class=\"has-medium-font-size\"><strong>Langhansl Richard<\/strong><\/p>\n\n\n\n<figure class=\"wp-block-image size-large is-resized\"><img loading=\"lazy\" decoding=\"async\" width=\"745\" height=\"1024\" src=\"https:\/\/traktorverein.at\/wp-content\/uploads\/2023\/03\/Langhansl-Richard-745x1024.jpg\" alt=\"\" class=\"wp-image-1248\" style=\"width:203px;height:279px\" srcset=\"https:\/\/traktorverein.at\/wp-content\/uploads\/2023\/03\/Langhansl-Richard-745x1024.jpg 745w, https:\/\/traktorverein.at\/wp-content\/uploads\/2023\/03\/Langhansl-Richard-218x300.jpg 218w, https:\/\/traktorverein.at\/wp-content\/uploads\/2023\/03\/Langhansl-Richard-768x1055.jpg 768w, https:\/\/traktorverein.at\/wp-content\/uploads\/2023\/03\/Langhansl-Richard-1118x1536.jpg 1118w, https:\/\/traktorverein.at\/wp-content\/uploads\/2023\/03\/Langhansl-Richard.jpg 1132w\" sizes=\"auto, (max-width: 745px) 100vw, 745px\" \/><\/figure>\n\n\n\n<p class=\"has-medium-font-size\"><strong>Leithner Daniela<\/strong><\/p>\n\n\n\n<figure class=\"wp-block-image size-full is-resized\"><img loading=\"lazy\" decoding=\"async\" width=\"287\" height=\"388\" src=\"https:\/\/traktorverein.at\/wp-content\/uploads\/2023\/03\/Leithner-Daniela.jpg\" alt=\"\" class=\"wp-image-1071\" style=\"width:213px;height:288px\" srcset=\"https:\/\/traktorverein.at\/wp-content\/uploads\/2023\/03\/Leithner-Daniela.jpg 287w, https:\/\/traktorverein.at\/wp-content\/uploads\/2023\/03\/Leithner-Daniela-222x300.jpg 222w\" sizes=\"auto, (max-width: 287px) 100vw, 287px\" \/><\/figure>\n\n\n\n<p class=\"has-medium-font-size\"><strong>L\u00f6bl Andrea<\/strong><\/p>\n\n\n\n<figure class=\"wp-block-image size-full is-resized\"><img loading=\"lazy\" decoding=\"async\" width=\"466\" height=\"576\" src=\"https:\/\/traktorverein.at\/wp-content\/uploads\/2023\/03\/Loebl-Andrea.jpg\" alt=\"\" class=\"wp-image-1046\" style=\"width:212px;height:262px\" srcset=\"https:\/\/traktorverein.at\/wp-content\/uploads\/2023\/03\/Loebl-Andrea.jpg 466w, https:\/\/traktorverein.at\/wp-content\/uploads\/2023\/03\/Loebl-Andrea-243x300.jpg 243w\" sizes=\"auto, (max-width: 466px) 100vw, 466px\" \/><\/figure>\n\n\n\n<p class=\"has-medium-font-size\"><strong>Machacek Daniel<\/strong><\/p>\n\n\n\n<div class=\"wp-block-columns is-layout-flex wp-container-core-columns-is-layout-9d6595d7 wp-block-columns-is-layout-flex\">\n<div class=\"wp-block-column is-layout-flow wp-block-column-is-layout-flow\">\n<figure class=\"wp-block-image size-large is-resized\"><img loading=\"lazy\" decoding=\"async\" width=\"791\" height=\"1024\" src=\"https:\/\/traktorverein.at\/wp-content\/uploads\/2023\/03\/Machaceck-Daniel-alleine-791x1024.jpg\" alt=\"\" class=\"wp-image-759\" style=\"width:344px;height:445px\" srcset=\"https:\/\/traktorverein.at\/wp-content\/uploads\/2023\/03\/Machaceck-Daniel-alleine-791x1024.jpg 791w, https:\/\/traktorverein.at\/wp-content\/uploads\/2023\/03\/Machaceck-Daniel-alleine-232x300.jpg 232w, https:\/\/traktorverein.at\/wp-content\/uploads\/2023\/03\/Machaceck-Daniel-alleine-768x995.jpg 768w, https:\/\/traktorverein.at\/wp-content\/uploads\/2023\/03\/Machaceck-Daniel-alleine-1186x1536.jpg 1186w, https:\/\/traktorverein.at\/wp-content\/uploads\/2023\/03\/Machaceck-Daniel-alleine-1581x2048.jpg 1581w, https:\/\/traktorverein.at\/wp-content\/uploads\/2023\/03\/Machaceck-Daniel-alleine.jpg 1800w\" sizes=\"auto, (max-width: 791px) 100vw, 791px\" \/><\/figure>\n<\/div>\n\n\n\n<div class=\"wp-block-column is-layout-flow wp-block-column-is-layout-flow\"><\/div>\n<\/div>\n\n\n\n<p class=\"has-medium-font-size\"><strong>Marsteurer Reinhold<\/strong><\/p>\n\n\n\n<figure class=\"wp-block-image size-full is-resized\"><img loading=\"lazy\" decoding=\"async\" width=\"283\" height=\"190\" src=\"https:\/\/traktorverein.at\/wp-content\/uploads\/2023\/02\/logo-tlvc-5.gif\" alt=\"\" class=\"wp-image-381\" style=\"width:143px;height:auto\"\/><\/figure>\n\n\n\n<p class=\"has-medium-font-size\"><strong>Moser-Stockreiter Leopold und Beate<\/strong><\/p>\n\n\n\n<div class=\"wp-block-columns is-layout-flex wp-container-core-columns-is-layout-9d6595d7 wp-block-columns-is-layout-flex\">\n<div class=\"wp-block-column is-layout-flow wp-block-column-is-layout-flow\">\n<figure class=\"wp-block-image size-large\"><img loading=\"lazy\" decoding=\"async\" width=\"1024\" height=\"576\" src=\"https:\/\/traktorverein.at\/wp-content\/uploads\/2023\/03\/PD_21_File_008-1024x576.jpg\" alt=\"\" class=\"wp-image-769\" srcset=\"https:\/\/traktorverein.at\/wp-content\/uploads\/2023\/03\/PD_21_File_008-1024x576.jpg 1024w, https:\/\/traktorverein.at\/wp-content\/uploads\/2023\/03\/PD_21_File_008-300x169.jpg 300w, https:\/\/traktorverein.at\/wp-content\/uploads\/2023\/03\/PD_21_File_008-768x432.jpg 768w, https:\/\/traktorverein.at\/wp-content\/uploads\/2023\/03\/PD_21_File_008-1536x864.jpg 1536w, https:\/\/traktorverein.at\/wp-content\/uploads\/2023\/03\/PD_21_File_008-2048x1152.jpg 2048w\" sizes=\"auto, (max-width: 1024px) 100vw, 1024px\" \/><\/figure>\n<\/div>\n\n\n\n<div class=\"wp-block-column is-layout-flow wp-block-column-is-layout-flow\">\n<figure class=\"wp-block-image size-full is-resized\"><img loading=\"lazy\" decoding=\"async\" width=\"663\" height=\"922\" src=\"https:\/\/traktorverein.at\/wp-content\/uploads\/2023\/04\/Moser-Beate.jpg\" alt=\"\" class=\"wp-image-1283\" style=\"width:220px;height:306px\" srcset=\"https:\/\/traktorverein.at\/wp-content\/uploads\/2023\/04\/Moser-Beate.jpg 663w, https:\/\/traktorverein.at\/wp-content\/uploads\/2023\/04\/Moser-Beate-216x300.jpg 216w\" sizes=\"auto, (max-width: 663px) 100vw, 663px\" \/><\/figure>\n<\/div>\n<\/div>\n\n\n\n<figure class=\"wp-block-image size-large is-resized\"><img loading=\"lazy\" decoding=\"async\" width=\"1024\" height=\"768\" src=\"https:\/\/traktorverein.at\/wp-content\/uploads\/2025\/09\/20250912_065845-2-1024x768.jpg\" alt=\"\" class=\"wp-image-3161\" style=\"width:764px;height:auto\" srcset=\"https:\/\/traktorverein.at\/wp-content\/uploads\/2025\/09\/20250912_065845-2-1024x768.jpg 1024w, https:\/\/traktorverein.at\/wp-content\/uploads\/2025\/09\/20250912_065845-2-300x225.jpg 300w, https:\/\/traktorverein.at\/wp-content\/uploads\/2025\/09\/20250912_065845-2-768x576.jpg 768w, https:\/\/traktorverein.at\/wp-content\/uploads\/2025\/09\/20250912_065845-2-1536x1152.jpg 1536w, https:\/\/traktorverein.at\/wp-content\/uploads\/2025\/09\/20250912_065845-2-2048x1536.jpg 2048w\" sizes=\"auto, (max-width: 1024px) 100vw, 1024px\" \/><\/figure>\n\n\n\n<p class=\"has-medium-font-size\"><strong>M\u00fcnster Renata<\/strong><\/p>\n\n\n\n<p class=\"has-medium-font-size\"><\/p>\n\n\n\n<div class=\"wp-block-columns is-layout-flex wp-container-core-columns-is-layout-9d6595d7 wp-block-columns-is-layout-flex\">\n<div class=\"wp-block-column is-layout-flow wp-block-column-is-layout-flow\">\n<figure class=\"wp-block-image size-large is-resized\"><img loading=\"lazy\" decoding=\"async\" width=\"768\" height=\"1024\" src=\"https:\/\/traktorverein.at\/wp-content\/uploads\/2023\/10\/Renata-768x1024.jpg\" alt=\"\" class=\"wp-image-1731\" style=\"width:233px;height:311px\" srcset=\"https:\/\/traktorverein.at\/wp-content\/uploads\/2023\/10\/Renata-768x1024.jpg 768w, https:\/\/traktorverein.at\/wp-content\/uploads\/2023\/10\/Renata-225x300.jpg 225w, https:\/\/traktorverein.at\/wp-content\/uploads\/2023\/10\/Renata.jpg 990w\" sizes=\"auto, (max-width: 768px) 100vw, 768px\" \/><\/figure>\n<\/div>\n\n\n\n<div class=\"wp-block-column is-layout-flow wp-block-column-is-layout-flow\"><\/div>\n<\/div>\n\n\n\n<p class=\"has-medium-font-size\"><strong>Ofner Lisa<\/strong><\/p>\n\n\n\n<figure class=\"wp-block-image size-full is-resized\"><img loading=\"lazy\" decoding=\"async\" width=\"281\" height=\"411\" src=\"https:\/\/traktorverein.at\/wp-content\/uploads\/2023\/03\/Ofner-Lisa.jpg\" alt=\"\" class=\"wp-image-1072\" style=\"width:203px;height:297px\" srcset=\"https:\/\/traktorverein.at\/wp-content\/uploads\/2023\/03\/Ofner-Lisa.jpg 281w, https:\/\/traktorverein.at\/wp-content\/uploads\/2023\/03\/Ofner-Lisa-205x300.jpg 205w\" sizes=\"auto, (max-width: 281px) 100vw, 281px\" \/><\/figure>\n\n\n\n<p class=\"has-medium-font-size\"><strong>Ottino Christina<\/strong><\/p>\n\n\n\n<figure class=\"wp-block-image size-full is-resized\"><img loading=\"lazy\" decoding=\"async\" width=\"760\" height=\"515\" src=\"https:\/\/traktorverein.at\/wp-content\/uploads\/2025\/07\/logo-tlvc-gelb_web.jpg\" alt=\"\" class=\"wp-image-2993\" style=\"width:156px;height:auto\" srcset=\"https:\/\/traktorverein.at\/wp-content\/uploads\/2025\/07\/logo-tlvc-gelb_web.jpg 760w, https:\/\/traktorverein.at\/wp-content\/uploads\/2025\/07\/logo-tlvc-gelb_web-300x203.jpg 300w\" sizes=\"auto, (max-width: 760px) 100vw, 760px\" \/><\/figure>\n\n\n\n<p class=\"has-medium-font-size\"><strong>Pauker Regina und Manfred<\/strong><\/p>\n\n\n\n<figure class=\"wp-block-image size-full is-resized\"><img loading=\"lazy\" decoding=\"async\" width=\"480\" height=\"640\" src=\"https:\/\/traktorverein.at\/wp-content\/uploads\/2023\/03\/Pauker-Manfred.jpg\" alt=\"\" class=\"wp-image-947\" style=\"width:305px;height:407px\" srcset=\"https:\/\/traktorverein.at\/wp-content\/uploads\/2023\/03\/Pauker-Manfred.jpg 480w, https:\/\/traktorverein.at\/wp-content\/uploads\/2023\/03\/Pauker-Manfred-225x300.jpg 225w\" sizes=\"auto, (max-width: 480px) 100vw, 480px\" \/><\/figure>\n\n\n\n<figure class=\"wp-block-image size-large is-resized\"><img loading=\"lazy\" decoding=\"async\" width=\"768\" height=\"1024\" src=\"https:\/\/traktorverein.at\/wp-content\/uploads\/2026\/04\/20260307_192211-768x1024.jpg\" alt=\"\" class=\"wp-image-3332\" style=\"width:227px;height:auto\" srcset=\"https:\/\/traktorverein.at\/wp-content\/uploads\/2026\/04\/20260307_192211-768x1024.jpg 768w, https:\/\/traktorverein.at\/wp-content\/uploads\/2026\/04\/20260307_192211-225x300.jpg 225w, https:\/\/traktorverein.at\/wp-content\/uploads\/2026\/04\/20260307_192211-1152x1536.jpg 1152w, https:\/\/traktorverein.at\/wp-content\/uploads\/2026\/04\/20260307_192211-1536x2048.jpg 1536w, https:\/\/traktorverein.at\/wp-content\/uploads\/2026\/04\/20260307_192211-scaled.jpg 1920w\" sizes=\"auto, (max-width: 768px) 100vw, 768px\" \/><\/figure>\n\n\n\n<p class=\"has-medium-font-size\"><\/p>\n\n\n\n<p><strong>Perger Bernhard<\/strong><\/p>\n\n\n\n<figure class=\"wp-block-image size-full is-resized\"><img loading=\"lazy\" decoding=\"async\" width=\"1920\" height=\"2560\" src=\"https:\/\/traktorverein.at\/wp-content\/uploads\/2026\/04\/20260307_192427-scaled.jpg\" alt=\"\" class=\"wp-image-3333\" style=\"aspect-ratio:0.7500000197311932;width:239px;height:auto\" srcset=\"https:\/\/traktorverein.at\/wp-content\/uploads\/2026\/04\/20260307_192427-scaled.jpg 1920w, https:\/\/traktorverein.at\/wp-content\/uploads\/2026\/04\/20260307_192427-225x300.jpg 225w, https:\/\/traktorverein.at\/wp-content\/uploads\/2026\/04\/20260307_192427-768x1024.jpg 768w, https:\/\/traktorverein.at\/wp-content\/uploads\/2026\/04\/20260307_192427-1152x1536.jpg 1152w, https:\/\/traktorverein.at\/wp-content\/uploads\/2026\/04\/20260307_192427-1536x2048.jpg 1536w\" sizes=\"auto, (max-width: 1920px) 100vw, 1920px\" \/><\/figure>\n\n\n\n<p><strong>Perger Bj\u00f6rn<\/strong><\/p>\n\n\n\n<figure class=\"wp-block-image size-full is-resized\"><img loading=\"lazy\" decoding=\"async\" width=\"240\" height=\"161\" src=\"https:\/\/traktorverein.at\/wp-content\/uploads\/2023\/02\/cropped-logo-tlvc-5.gif\" alt=\"\" class=\"wp-image-410\" style=\"width:145px;height:auto\"\/><\/figure>\n\n\n\n<p class=\"has-medium-font-size\"><strong>Perger Jennifer<\/strong><\/p>\n\n\n\n<figure class=\"wp-block-image size-large is-resized\"><img loading=\"lazy\" decoding=\"async\" width=\"759\" height=\"1024\" src=\"https:\/\/traktorverein.at\/wp-content\/uploads\/2023\/03\/Perger-Jenny-759x1024.jpg\" alt=\"\" class=\"wp-image-1061\" style=\"width:195px;height:263px\" srcset=\"https:\/\/traktorverein.at\/wp-content\/uploads\/2023\/03\/Perger-Jenny-759x1024.jpg 759w, https:\/\/traktorverein.at\/wp-content\/uploads\/2023\/03\/Perger-Jenny-222x300.jpg 222w, https:\/\/traktorverein.at\/wp-content\/uploads\/2023\/03\/Perger-Jenny-768x1036.jpg 768w, https:\/\/traktorverein.at\/wp-content\/uploads\/2023\/03\/Perger-Jenny.jpg 945w\" sizes=\"auto, (max-width: 759px) 100vw, 759px\" \/><\/figure>\n\n\n\n<p><strong>Perger Thomas<\/strong><\/p>\n\n\n\n<figure class=\"wp-block-image size-full is-resized\"><img loading=\"lazy\" decoding=\"async\" width=\"295\" height=\"200\" src=\"https:\/\/traktorverein.at\/wp-content\/uploads\/2023\/03\/logo-tlvc-42.jpg\" alt=\"\" class=\"wp-image-1203\" style=\"width:103px;height:70px\"\/><\/figure>\n\n\n\n<p class=\"has-medium-font-size\"><strong>Perger Hannes<\/strong><\/p>\n\n\n\n<div class=\"wp-block-columns is-layout-flex wp-container-core-columns-is-layout-9d6595d7 wp-block-columns-is-layout-flex\">\n<div class=\"wp-block-column is-layout-flow wp-block-column-is-layout-flow\">\n<figure class=\"wp-block-image size-large\"><img loading=\"lazy\" decoding=\"async\" width=\"768\" height=\"1024\" src=\"https:\/\/traktorverein.at\/wp-content\/uploads\/2024\/05\/Perger-Bjoern-768x1024.jpg\" alt=\"\" class=\"wp-image-2094\" srcset=\"https:\/\/traktorverein.at\/wp-content\/uploads\/2024\/05\/Perger-Bjoern-768x1024.jpg 768w, https:\/\/traktorverein.at\/wp-content\/uploads\/2024\/05\/Perger-Bjoern-225x300.jpg 225w, https:\/\/traktorverein.at\/wp-content\/uploads\/2024\/05\/Perger-Bjoern-1152x1536.jpg 1152w, https:\/\/traktorverein.at\/wp-content\/uploads\/2024\/05\/Perger-Bjoern-1536x2048.jpg 1536w, https:\/\/traktorverein.at\/wp-content\/uploads\/2024\/05\/Perger-Bjoern-scaled.jpg 1920w\" sizes=\"auto, (max-width: 768px) 100vw, 768px\" \/><\/figure>\n<\/div>\n\n\n\n<div class=\"wp-block-column is-layout-flow wp-block-column-is-layout-flow\"><\/div>\n\n\n\n<div class=\"wp-block-column is-layout-flow wp-block-column-is-layout-flow\"><\/div>\n<\/div>\n\n\n\n<p class=\"has-medium-font-size\"><strong>Podolsky Erwin<\/strong><\/p>\n\n\n\n<p><strong>Traktor Steyr T 80 ( &#8220;15 er &#8221; ) Baujahr 1957<\/strong><\/p>\n\n\n\n<p><strong>Restauriert : 2010<\/strong><\/p>\n\n\n\n<figure class=\"wp-block-image size-full\"><img loading=\"lazy\" decoding=\"async\" width=\"360\" height=\"480\" src=\"https:\/\/traktorverein.at\/wp-content\/uploads\/2023\/02\/CIMG2766.jpg\" alt=\"\" class=\"wp-image-172\" srcset=\"https:\/\/traktorverein.at\/wp-content\/uploads\/2023\/02\/CIMG2766.jpg 360w, https:\/\/traktorverein.at\/wp-content\/uploads\/2023\/02\/CIMG2766-225x300.jpg 225w\" sizes=\"auto, (max-width: 360px) 100vw, 360px\" \/><\/figure>\n\n\n\n<p class=\"has-medium-font-size\"><strong>Podolsky Petra<\/strong><\/p>\n\n\n\n<figure class=\"wp-block-image size-full is-resized\"><img loading=\"lazy\" decoding=\"async\" width=\"281\" height=\"500\" src=\"https:\/\/traktorverein.at\/wp-content\/uploads\/2023\/03\/Podolsky-Petra.jpg\" alt=\"\" class=\"wp-image-1124\" style=\"width:221px;height:393px\" srcset=\"https:\/\/traktorverein.at\/wp-content\/uploads\/2023\/03\/Podolsky-Petra.jpg 281w, https:\/\/traktorverein.at\/wp-content\/uploads\/2023\/03\/Podolsky-Petra-169x300.jpg 169w\" sizes=\"auto, (max-width: 281px) 100vw, 281px\" \/><\/figure>\n\n\n\n<p><strong>Postl Johannes (Woidi)<\/strong><\/p>\n\n\n\n<figure class=\"wp-block-image size-full is-resized\"><img loading=\"lazy\" decoding=\"async\" width=\"760\" height=\"515\" src=\"https:\/\/traktorverein.at\/wp-content\/uploads\/2025\/07\/logo-tlvc-gelb_web.jpg\" alt=\"\" class=\"wp-image-2993\" style=\"width:205px;height:auto\" srcset=\"https:\/\/traktorverein.at\/wp-content\/uploads\/2025\/07\/logo-tlvc-gelb_web.jpg 760w, https:\/\/traktorverein.at\/wp-content\/uploads\/2025\/07\/logo-tlvc-gelb_web-300x203.jpg 300w\" sizes=\"auto, (max-width: 760px) 100vw, 760px\" \/><\/figure>\n\n\n\n<p class=\"has-medium-font-size\"><\/p>\n\n\n\n<p class=\"has-medium-font-size\"><strong>Postl Lena<\/strong><\/p>\n\n\n\n<figure class=\"wp-block-image size-full is-resized\"><img loading=\"lazy\" decoding=\"async\" width=\"361\" height=\"393\" src=\"https:\/\/traktorverein.at\/wp-content\/uploads\/2023\/03\/Postl-lena-1.jpg\" alt=\"\" class=\"wp-image-1270\" style=\"width:208px;height:226px\" srcset=\"https:\/\/traktorverein.at\/wp-content\/uploads\/2023\/03\/Postl-lena-1.jpg 361w, https:\/\/traktorverein.at\/wp-content\/uploads\/2023\/03\/Postl-lena-1-276x300.jpg 276w\" sizes=\"auto, (max-width: 361px) 100vw, 361px\" \/><\/figure>\n\n\n\n<p class=\"has-medium-font-size\"><strong>P\u00f6ssl Josef<\/strong><\/p>\n\n\n\n<figure class=\"wp-block-image size-full is-resized\"><img loading=\"lazy\" decoding=\"async\" width=\"417\" height=\"557\" src=\"https:\/\/traktorverein.at\/wp-content\/uploads\/2025\/07\/Jubilare-2-edited.jpg\" alt=\"\" class=\"wp-image-2995\" style=\"width:209px;height:auto\" srcset=\"https:\/\/traktorverein.at\/wp-content\/uploads\/2025\/07\/Jubilare-2-edited.jpg 417w, https:\/\/traktorverein.at\/wp-content\/uploads\/2025\/07\/Jubilare-2-edited-225x300.jpg 225w\" sizes=\"auto, (max-width: 417px) 100vw, 417px\" \/><\/figure>\n\n\n\n<p class=\"has-medium-font-size\"><strong>Reinecker Helmut und Irene<\/strong><\/p>\n\n\n\n<div class=\"wp-block-columns is-layout-flex wp-container-core-columns-is-layout-9d6595d7 wp-block-columns-is-layout-flex\">\n<div class=\"wp-block-column is-layout-flow wp-block-column-is-layout-flow\">\n<figure class=\"wp-block-image size-full is-resized\"><img loading=\"lazy\" decoding=\"async\" width=\"876\" height=\"693\" src=\"https:\/\/traktorverein.at\/wp-content\/uploads\/2023\/03\/Reinecker-Helmut-2.jpg\" alt=\"\" class=\"wp-image-782\" style=\"width:380px;height:300px\" srcset=\"https:\/\/traktorverein.at\/wp-content\/uploads\/2023\/03\/Reinecker-Helmut-2.jpg 876w, https:\/\/traktorverein.at\/wp-content\/uploads\/2023\/03\/Reinecker-Helmut-2-300x237.jpg 300w, https:\/\/traktorverein.at\/wp-content\/uploads\/2023\/03\/Reinecker-Helmut-2-768x608.jpg 768w\" sizes=\"auto, (max-width: 876px) 100vw, 876px\" \/><\/figure>\n<\/div>\n\n\n\n<div class=\"wp-block-column is-layout-flow wp-block-column-is-layout-flow\">\n<figure class=\"wp-block-image size-full is-resized\"><img loading=\"lazy\" decoding=\"async\" width=\"703\" height=\"900\" src=\"https:\/\/traktorverein.at\/wp-content\/uploads\/2023\/09\/irene.jpg\" alt=\"\" class=\"wp-image-1692\" style=\"width:237px;height:304px\" srcset=\"https:\/\/traktorverein.at\/wp-content\/uploads\/2023\/09\/irene.jpg 703w, https:\/\/traktorverein.at\/wp-content\/uploads\/2023\/09\/irene-234x300.jpg 234w\" sizes=\"auto, (max-width: 703px) 100vw, 703px\" \/><\/figure>\n<\/div>\n<\/div>\n\n\n\n<p class=\"has-medium-font-size\"><strong>Reinhard Helmut<\/strong><\/p>\n\n\n\n<figure class=\"wp-block-image size-full is-resized\"><img loading=\"lazy\" decoding=\"async\" width=\"400\" height=\"550\" src=\"https:\/\/traktorverein.at\/wp-content\/uploads\/2023\/03\/Reinhard-Helmut.jpg\" alt=\"\" class=\"wp-image-1148\" style=\"width:245px;height:337px\" srcset=\"https:\/\/traktorverein.at\/wp-content\/uploads\/2023\/03\/Reinhard-Helmut.jpg 400w, https:\/\/traktorverein.at\/wp-content\/uploads\/2023\/03\/Reinhard-Helmut-218x300.jpg 218w\" sizes=\"auto, (max-width: 400px) 100vw, 400px\" \/><\/figure>\n\n\n\n<p><strong>Reinhard Judit<\/strong><\/p>\n\n\n\n<figure class=\"wp-block-image size-full is-resized\"><img loading=\"lazy\" decoding=\"async\" width=\"272\" height=\"204\" src=\"https:\/\/traktorverein.at\/wp-content\/uploads\/2025\/07\/2025_1.-Platz-\u00a9Brigitte-Krenn-3-1-edited-3.jpg\" alt=\"\" class=\"wp-image-3024\" style=\"aspect-ratio:1.4657534246575343;width:253px;height:auto\"\/><\/figure>\n\n\n\n<p><strong>Reischer Lena<\/strong><\/p>\n\n\n\n<figure class=\"wp-block-image size-full is-resized\"><img loading=\"lazy\" decoding=\"async\" width=\"760\" height=\"515\" src=\"https:\/\/traktorverein.at\/wp-content\/uploads\/2025\/07\/logo-tlvc-gelb_web-1.jpg\" alt=\"\" class=\"wp-image-2994\" style=\"width:226px;height:auto\" srcset=\"https:\/\/traktorverein.at\/wp-content\/uploads\/2025\/07\/logo-tlvc-gelb_web-1.jpg 760w, https:\/\/traktorverein.at\/wp-content\/uploads\/2025\/07\/logo-tlvc-gelb_web-1-300x203.jpg 300w\" sizes=\"auto, (max-width: 760px) 100vw, 760px\" \/><\/figure>\n\n\n\n<p class=\"has-medium-font-size\"><strong>Richter Michele<\/strong><\/p>\n\n\n\n<figure class=\"wp-block-image size-full is-resized\"><img loading=\"lazy\" decoding=\"async\" width=\"709\" height=\"472\" src=\"https:\/\/traktorverein.at\/wp-content\/uploads\/2025\/07\/ADS0291-edited.jpg\" alt=\"\" class=\"wp-image-3000\" style=\"width:249px;height:auto\" srcset=\"https:\/\/traktorverein.at\/wp-content\/uploads\/2025\/07\/ADS0291-edited.jpg 709w, https:\/\/traktorverein.at\/wp-content\/uploads\/2025\/07\/ADS0291-edited-300x200.jpg 300w\" sizes=\"auto, (max-width: 709px) 100vw, 709px\" \/><\/figure>\n\n\n\n<p class=\"has-medium-font-size\"><strong>Richter Manuel<\/strong><\/p>\n\n\n\n<figure class=\"wp-block-image size-full is-resized\"><img loading=\"lazy\" decoding=\"async\" width=\"797\" height=\"531\" src=\"https:\/\/traktorverein.at\/wp-content\/uploads\/2025\/07\/ADS0291-edited-1.jpg\" alt=\"\" class=\"wp-image-3001\" style=\"width:250px;height:auto\" srcset=\"https:\/\/traktorverein.at\/wp-content\/uploads\/2025\/07\/ADS0291-edited-1.jpg 797w, https:\/\/traktorverein.at\/wp-content\/uploads\/2025\/07\/ADS0291-edited-1-300x200.jpg 300w, https:\/\/traktorverein.at\/wp-content\/uploads\/2025\/07\/ADS0291-edited-1-768x512.jpg 768w\" sizes=\"auto, (max-width: 797px) 100vw, 797px\" \/><\/figure>\n\n\n\n<p class=\"has-medium-font-size\"><strong>Sattler Karl<\/strong><\/p>\n\n\n\n<div class=\"wp-block-columns is-layout-flex wp-container-core-columns-is-layout-9d6595d7 wp-block-columns-is-layout-flex\">\n<div class=\"wp-block-column is-layout-flow wp-block-column-is-layout-flow\">\n<figure class=\"wp-block-image size-large\"><img loading=\"lazy\" decoding=\"async\" width=\"1024\" height=\"723\" src=\"https:\/\/traktorverein.at\/wp-content\/uploads\/2023\/03\/Sattler-Karl-Zrost-Melanie-1024x723.jpg\" alt=\"\" class=\"wp-image-790\" srcset=\"https:\/\/traktorverein.at\/wp-content\/uploads\/2023\/03\/Sattler-Karl-Zrost-Melanie-1024x723.jpg 1024w, https:\/\/traktorverein.at\/wp-content\/uploads\/2023\/03\/Sattler-Karl-Zrost-Melanie-300x212.jpg 300w, https:\/\/traktorverein.at\/wp-content\/uploads\/2023\/03\/Sattler-Karl-Zrost-Melanie-768x542.jpg 768w, https:\/\/traktorverein.at\/wp-content\/uploads\/2023\/03\/Sattler-Karl-Zrost-Melanie-1536x1084.jpg 1536w, https:\/\/traktorverein.at\/wp-content\/uploads\/2023\/03\/Sattler-Karl-Zrost-Melanie-2048x1446.jpg 2048w\" sizes=\"auto, (max-width: 1024px) 100vw, 1024px\" \/><\/figure>\n<\/div>\n\n\n\n<div class=\"wp-block-column is-layout-flow wp-block-column-is-layout-flow\"><\/div>\n<\/div>\n\n\n\n<p><strong>Schiefer Gabriel<\/strong><\/p>\n\n\n\n<figure class=\"wp-block-image size-full is-resized\"><img loading=\"lazy\" decoding=\"async\" width=\"760\" height=\"515\" src=\"https:\/\/traktorverein.at\/wp-content\/uploads\/2025\/07\/logo-tlvc-gelb_web.jpg\" alt=\"\" class=\"wp-image-2993\" style=\"width:252px;height:auto\" srcset=\"https:\/\/traktorverein.at\/wp-content\/uploads\/2025\/07\/logo-tlvc-gelb_web.jpg 760w, https:\/\/traktorverein.at\/wp-content\/uploads\/2025\/07\/logo-tlvc-gelb_web-300x203.jpg 300w\" sizes=\"auto, (max-width: 760px) 100vw, 760px\" \/><\/figure>\n\n\n\n<p class=\"has-medium-font-size\"><strong>Schiefer Paul<\/strong><\/p>\n\n\n\n<figure class=\"wp-block-image size-full is-resized\"><img loading=\"lazy\" decoding=\"async\" width=\"2048\" height=\"1365\" src=\"https:\/\/traktorverein.at\/wp-content\/uploads\/2025\/07\/ADS0124.jpg\" alt=\"\" class=\"wp-image-3002\" style=\"width:376px;height:auto\" srcset=\"https:\/\/traktorverein.at\/wp-content\/uploads\/2025\/07\/ADS0124.jpg 2048w, https:\/\/traktorverein.at\/wp-content\/uploads\/2025\/07\/ADS0124-300x200.jpg 300w, https:\/\/traktorverein.at\/wp-content\/uploads\/2025\/07\/ADS0124-1024x683.jpg 1024w, https:\/\/traktorverein.at\/wp-content\/uploads\/2025\/07\/ADS0124-768x512.jpg 768w, https:\/\/traktorverein.at\/wp-content\/uploads\/2025\/07\/ADS0124-1536x1024.jpg 1536w\" sizes=\"auto, (max-width: 2048px) 100vw, 2048px\" \/><\/figure>\n\n\n\n<p class=\"has-medium-font-size\"><strong>Schneidhofer Claudia (Pinkiii)<\/strong><\/p>\n\n\n\n<figure class=\"wp-block-image size-large is-resized\"><img loading=\"lazy\" decoding=\"async\" width=\"935\" height=\"623\" src=\"https:\/\/traktorverein.at\/wp-content\/uploads\/2025\/07\/ADS0532-edited.jpg\" alt=\"\" class=\"wp-image-3026\" style=\"width:298px;height:auto\" srcset=\"https:\/\/traktorverein.at\/wp-content\/uploads\/2025\/07\/ADS0532-edited.jpg 935w, https:\/\/traktorverein.at\/wp-content\/uploads\/2025\/07\/ADS0532-edited-300x200.jpg 300w, https:\/\/traktorverein.at\/wp-content\/uploads\/2025\/07\/ADS0532-edited-768x512.jpg 768w\" sizes=\"auto, (max-width: 935px) 100vw, 935px\" \/><\/figure>\n\n\n\n<p class=\"has-medium-font-size\"><strong>Schneidhofer Lena<\/strong><\/p>\n\n\n\n<figure class=\"wp-block-image size-large is-resized\"><img loading=\"lazy\" decoding=\"async\" width=\"414\" height=\"276\" src=\"https:\/\/traktorverein.at\/wp-content\/uploads\/2025\/07\/ADS0653-edited-1.jpg\" alt=\"\" class=\"wp-image-3029\" style=\"width:398px;height:auto\" srcset=\"https:\/\/traktorverein.at\/wp-content\/uploads\/2025\/07\/ADS0653-edited-1.jpg 414w, https:\/\/traktorverein.at\/wp-content\/uploads\/2025\/07\/ADS0653-edited-1-300x200.jpg 300w\" sizes=\"auto, (max-width: 414px) 100vw, 414px\" \/><\/figure>\n\n\n\n<p class=\"has-medium-font-size\"><strong>Schramb\u00f6ck Rupert<\/strong><\/p>\n\n\n\n<figure class=\"wp-block-image size-full is-resized\"><img loading=\"lazy\" decoding=\"async\" width=\"760\" height=\"515\" src=\"https:\/\/traktorverein.at\/wp-content\/uploads\/2025\/07\/logo-tlvc-gelb_web-1.jpg\" alt=\"\" class=\"wp-image-2994\" style=\"width:153px;height:auto\" srcset=\"https:\/\/traktorverein.at\/wp-content\/uploads\/2025\/07\/logo-tlvc-gelb_web-1.jpg 760w, https:\/\/traktorverein.at\/wp-content\/uploads\/2025\/07\/logo-tlvc-gelb_web-1-300x203.jpg 300w\" sizes=\"auto, (max-width: 760px) 100vw, 760px\" \/><\/figure>\n\n\n\n<p class=\"has-medium-font-size\"><strong>Schreiner Susanne<\/strong><\/p>\n\n\n\n<figure class=\"wp-block-image size-full is-resized\"><img loading=\"lazy\" decoding=\"async\" width=\"240\" height=\"161\" src=\"https:\/\/traktorverein.at\/wp-content\/uploads\/2023\/02\/cropped-logo-tlvc-5.gif\" alt=\"\" class=\"wp-image-410\" style=\"width:152px;height:auto\"\/><\/figure>\n\n\n\n<p class=\"has-medium-font-size\"><strong>Schruf Sandra<\/strong><\/p>\n\n\n\n<figure class=\"wp-block-image size-full is-resized\"><img loading=\"lazy\" decoding=\"async\" width=\"760\" height=\"515\" src=\"https:\/\/traktorverein.at\/wp-content\/uploads\/2025\/07\/logo-tlvc-gelb_web.jpg\" alt=\"\" class=\"wp-image-2993\" style=\"width:163px;height:auto\" srcset=\"https:\/\/traktorverein.at\/wp-content\/uploads\/2025\/07\/logo-tlvc-gelb_web.jpg 760w, https:\/\/traktorverein.at\/wp-content\/uploads\/2025\/07\/logo-tlvc-gelb_web-300x203.jpg 300w\" sizes=\"auto, (max-width: 760px) 100vw, 760px\" \/><\/figure>\n\n\n\n<p class=\"has-medium-font-size\"><strong>Sch\u00f6nthaler Karl und Christine<\/strong><\/p>\n\n\n\n<p><strong>Steyr Traktor T 84 ( &#8220;18er&#8221; ) Baujahr&nbsp; 1957<\/strong><\/p>\n\n\n\n<div class=\"wp-block-columns is-layout-flex wp-container-core-columns-is-layout-9d6595d7 wp-block-columns-is-layout-flex\">\n<div class=\"wp-block-column is-layout-flow wp-block-column-is-layout-flow\">\n<figure class=\"wp-block-image size-full is-resized\"><img loading=\"lazy\" decoding=\"async\" width=\"364\" height=\"439\" src=\"https:\/\/traktorverein.at\/wp-content\/uploads\/2023\/03\/Schoenthaler-Karl-4.jpg\" alt=\"\" class=\"wp-image-831\" style=\"width:319px;height:385px\" srcset=\"https:\/\/traktorverein.at\/wp-content\/uploads\/2023\/03\/Schoenthaler-Karl-4.jpg 364w, https:\/\/traktorverein.at\/wp-content\/uploads\/2023\/03\/Schoenthaler-Karl-4-249x300.jpg 249w\" sizes=\"auto, (max-width: 364px) 100vw, 364px\" \/><\/figure>\n<\/div>\n\n\n\n<div class=\"wp-block-column is-layout-flow wp-block-column-is-layout-flow\">\n<figure class=\"wp-block-image size-full is-resized\"><img loading=\"lazy\" decoding=\"async\" width=\"360\" height=\"480\" src=\"https:\/\/traktorverein.at\/wp-content\/uploads\/2023\/03\/Schoenthaler-Karl-und-Christine-1.jpg\" alt=\"\" class=\"wp-image-815\" style=\"width:299px;height:397px\" srcset=\"https:\/\/traktorverein.at\/wp-content\/uploads\/2023\/03\/Schoenthaler-Karl-und-Christine-1.jpg 360w, https:\/\/traktorverein.at\/wp-content\/uploads\/2023\/03\/Schoenthaler-Karl-und-Christine-1-225x300.jpg 225w\" sizes=\"auto, (max-width: 360px) 100vw, 360px\" \/><\/figure>\n<\/div>\n\n\n\n<div class=\"wp-block-column is-layout-flow wp-block-column-is-layout-flow\">\n<figure class=\"wp-block-image size-large is-resized\"><img loading=\"lazy\" decoding=\"async\" width=\"1010\" height=\"1024\" src=\"https:\/\/traktorverein.at\/wp-content\/uploads\/2023\/03\/Schoenthaler-Karl-und-Christine-Spitzer-Gabi-1-1010x1024.jpg\" alt=\"\" class=\"wp-image-817\" style=\"width:360px;height:364px\" srcset=\"https:\/\/traktorverein.at\/wp-content\/uploads\/2023\/03\/Schoenthaler-Karl-und-Christine-Spitzer-Gabi-1-1010x1024.jpg 1010w, https:\/\/traktorverein.at\/wp-content\/uploads\/2023\/03\/Schoenthaler-Karl-und-Christine-Spitzer-Gabi-1-296x300.jpg 296w, https:\/\/traktorverein.at\/wp-content\/uploads\/2023\/03\/Schoenthaler-Karl-und-Christine-Spitzer-Gabi-1-768x778.jpg 768w, https:\/\/traktorverein.at\/wp-content\/uploads\/2023\/03\/Schoenthaler-Karl-und-Christine-Spitzer-Gabi-1.jpg 1102w\" sizes=\"auto, (max-width: 1010px) 100vw, 1010px\" \/><\/figure>\n<\/div>\n<\/div>\n\n\n\n<p class=\"has-medium-font-size\"><strong>Schr\u00f6ck Johann und Hannerl<\/strong><\/p>\n\n\n\n<div class=\"wp-block-columns is-layout-flex wp-container-core-columns-is-layout-9d6595d7 wp-block-columns-is-layout-flex\">\n<div class=\"wp-block-column is-layout-flow wp-block-column-is-layout-flow\">\n<figure class=\"wp-block-image size-full\"><img loading=\"lazy\" decoding=\"async\" width=\"837\" height=\"808\" src=\"https:\/\/traktorverein.at\/wp-content\/uploads\/2023\/03\/Schroeck-Johann-und-Hannerl.jpg\" alt=\"\" class=\"wp-image-847\" srcset=\"https:\/\/traktorverein.at\/wp-content\/uploads\/2023\/03\/Schroeck-Johann-und-Hannerl.jpg 837w, https:\/\/traktorverein.at\/wp-content\/uploads\/2023\/03\/Schroeck-Johann-und-Hannerl-300x290.jpg 300w, https:\/\/traktorverein.at\/wp-content\/uploads\/2023\/03\/Schroeck-Johann-und-Hannerl-768x741.jpg 768w\" sizes=\"auto, (max-width: 837px) 100vw, 837px\" \/><\/figure>\n<\/div>\n\n\n\n<div class=\"wp-block-column is-layout-flow wp-block-column-is-layout-flow\">\n<figure class=\"wp-block-image size-full\"><img loading=\"lazy\" decoding=\"async\" width=\"378\" height=\"460\" src=\"https:\/\/traktorverein.at\/wp-content\/uploads\/2023\/03\/Schroeck-alt.jpg\" alt=\"\" class=\"wp-image-849\" srcset=\"https:\/\/traktorverein.at\/wp-content\/uploads\/2023\/03\/Schroeck-alt.jpg 378w, https:\/\/traktorverein.at\/wp-content\/uploads\/2023\/03\/Schroeck-alt-247x300.jpg 247w\" sizes=\"auto, (max-width: 378px) 100vw, 378px\" \/><\/figure>\n<\/div>\n\n\n\n<div class=\"wp-block-column is-layout-flow wp-block-column-is-layout-flow\">\n<figure class=\"wp-block-image size-large is-resized\"><img loading=\"lazy\" decoding=\"async\" width=\"736\" height=\"1024\" src=\"https:\/\/traktorverein.at\/wp-content\/uploads\/2023\/03\/20220806_114703-736x1024.jpg\" alt=\"\" class=\"wp-image-850\" style=\"width:327px;height:454px\" srcset=\"https:\/\/traktorverein.at\/wp-content\/uploads\/2023\/03\/20220806_114703-736x1024.jpg 736w, https:\/\/traktorverein.at\/wp-content\/uploads\/2023\/03\/20220806_114703-216x300.jpg 216w, https:\/\/traktorverein.at\/wp-content\/uploads\/2023\/03\/20220806_114703-768x1068.jpg 768w, https:\/\/traktorverein.at\/wp-content\/uploads\/2023\/03\/20220806_114703-1105x1536.jpg 1105w, https:\/\/traktorverein.at\/wp-content\/uploads\/2023\/03\/20220806_114703-1473x2048.jpg 1473w, https:\/\/traktorverein.at\/wp-content\/uploads\/2023\/03\/20220806_114703.jpg 1800w\" sizes=\"auto, (max-width: 736px) 100vw, 736px\" \/><\/figure>\n<\/div>\n<\/div>\n\n\n\n<p class=\"has-medium-font-size\"><strong>Schwarzinger Petra<\/strong><\/p>\n\n\n\n<figure class=\"wp-block-image size-full is-resized\"><img loading=\"lazy\" decoding=\"async\" width=\"728\" height=\"848\" src=\"https:\/\/traktorverein.at\/wp-content\/uploads\/2023\/03\/Schwarzinger-Petra-1.jpg\" alt=\"\" class=\"wp-image-1162\" style=\"width:221px;height:257px\" srcset=\"https:\/\/traktorverein.at\/wp-content\/uploads\/2023\/03\/Schwarzinger-Petra-1.jpg 728w, https:\/\/traktorverein.at\/wp-content\/uploads\/2023\/03\/Schwarzinger-Petra-1-258x300.jpg 258w\" sizes=\"auto, (max-width: 728px) 100vw, 728px\" \/><\/figure>\n\n\n\n<p class=\"has-medium-font-size\"><strong>Schweiger Franz<\/strong><\/p>\n\n\n\n<figure class=\"wp-block-image size-full is-resized\"><img loading=\"lazy\" decoding=\"async\" width=\"803\" height=\"535\" src=\"https:\/\/traktorverein.at\/wp-content\/uploads\/2025\/07\/ADS0329-edited.jpg\" alt=\"\" class=\"wp-image-3004\" style=\"aspect-ratio:1.4722222222222223;width:208px;height:auto\" srcset=\"https:\/\/traktorverein.at\/wp-content\/uploads\/2025\/07\/ADS0329-edited.jpg 803w, https:\/\/traktorverein.at\/wp-content\/uploads\/2025\/07\/ADS0329-edited-300x200.jpg 300w, https:\/\/traktorverein.at\/wp-content\/uploads\/2025\/07\/ADS0329-edited-768x512.jpg 768w\" sizes=\"auto, (max-width: 803px) 100vw, 803px\" \/><\/figure>\n\n\n\n<p class=\"has-medium-font-size\"><strong>Schwinghammer Joachim<\/strong><\/p>\n\n\n\n<figure class=\"wp-block-image size-large is-resized\"><img loading=\"lazy\" decoding=\"async\" width=\"808\" height=\"1024\" src=\"https:\/\/traktorverein.at\/wp-content\/uploads\/2023\/03\/schwinghammer-Joachim-808x1024.jpg\" alt=\"\" class=\"wp-image-1192\" style=\"width:218px;height:276px\" srcset=\"https:\/\/traktorverein.at\/wp-content\/uploads\/2023\/03\/schwinghammer-Joachim-808x1024.jpg 808w, https:\/\/traktorverein.at\/wp-content\/uploads\/2023\/03\/schwinghammer-Joachim-237x300.jpg 237w, https:\/\/traktorverein.at\/wp-content\/uploads\/2023\/03\/schwinghammer-Joachim-768x973.jpg 768w, https:\/\/traktorverein.at\/wp-content\/uploads\/2023\/03\/schwinghammer-Joachim.jpg 985w\" sizes=\"auto, (max-width: 808px) 100vw, 808px\" \/><\/figure>\n\n\n\n<p class=\"has-medium-font-size\"><strong>Schwinghammer Phillip<\/strong><\/p>\n\n\n\n<figure class=\"wp-block-image size-full is-resized\"><img loading=\"lazy\" decoding=\"async\" width=\"1920\" height=\"2560\" src=\"https:\/\/traktorverein.at\/wp-content\/uploads\/2025\/03\/Stix-Rene-scaled.jpg\" alt=\"\" class=\"wp-image-2699\" style=\"width:270px;height:auto\" srcset=\"https:\/\/traktorverein.at\/wp-content\/uploads\/2025\/03\/Stix-Rene-scaled.jpg 1920w, https:\/\/traktorverein.at\/wp-content\/uploads\/2025\/03\/Stix-Rene-225x300.jpg 225w, https:\/\/traktorverein.at\/wp-content\/uploads\/2025\/03\/Stix-Rene-768x1024.jpg 768w, https:\/\/traktorverein.at\/wp-content\/uploads\/2025\/03\/Stix-Rene-1152x1536.jpg 1152w, https:\/\/traktorverein.at\/wp-content\/uploads\/2025\/03\/Stix-Rene-1536x2048.jpg 1536w\" sizes=\"auto, (max-width: 1920px) 100vw, 1920px\" \/><\/figure>\n\n\n\n<p class=\"has-medium-font-size\"><strong>Stampf Andreas<\/strong><\/p>\n\n\n\n<figure class=\"wp-block-image size-full is-resized\"><img loading=\"lazy\" decoding=\"async\" width=\"410\" height=\"546\" src=\"https:\/\/traktorverein.at\/wp-content\/uploads\/2023\/03\/Stampf-Andi.jpg\" alt=\"\" class=\"wp-image-1146\" style=\"width:218px;height:291px\" srcset=\"https:\/\/traktorverein.at\/wp-content\/uploads\/2023\/03\/Stampf-Andi.jpg 410w, https:\/\/traktorverein.at\/wp-content\/uploads\/2023\/03\/Stampf-Andi-225x300.jpg 225w\" sizes=\"auto, (max-width: 410px) 100vw, 410px\" \/><\/figure>\n\n\n\n<p class=\"has-medium-font-size\"><strong>Stix Rene<\/strong><\/p>\n\n\n\n<figure class=\"wp-block-image size-large is-resized\"><img loading=\"lazy\" decoding=\"async\" width=\"789\" height=\"1024\" src=\"https:\/\/traktorverein.at\/wp-content\/uploads\/2023\/03\/Stix-Rene-1-789x1024.jpg\" alt=\"\" class=\"wp-image-1190\" style=\"width:218px;height:283px\" srcset=\"https:\/\/traktorverein.at\/wp-content\/uploads\/2023\/03\/Stix-Rene-1-789x1024.jpg 789w, https:\/\/traktorverein.at\/wp-content\/uploads\/2023\/03\/Stix-Rene-1-231x300.jpg 231w, https:\/\/traktorverein.at\/wp-content\/uploads\/2023\/03\/Stix-Rene-1-768x997.jpg 768w, https:\/\/traktorverein.at\/wp-content\/uploads\/2023\/03\/Stix-Rene-1.jpg 885w\" sizes=\"auto, (max-width: 789px) 100vw, 789px\" \/><\/figure>\n\n\n\n<figure class=\"wp-block-image size-large is-resized\"><img loading=\"lazy\" decoding=\"async\" width=\"768\" height=\"1024\" src=\"https:\/\/traktorverein.at\/wp-content\/uploads\/2025\/09\/20250906_102501-768x1024.jpg\" alt=\"\" class=\"wp-image-3166\" style=\"width:506px;height:auto\" srcset=\"https:\/\/traktorverein.at\/wp-content\/uploads\/2025\/09\/20250906_102501-768x1024.jpg 768w, https:\/\/traktorverein.at\/wp-content\/uploads\/2025\/09\/20250906_102501-225x300.jpg 225w, https:\/\/traktorverein.at\/wp-content\/uploads\/2025\/09\/20250906_102501-1152x1536.jpg 1152w, https:\/\/traktorverein.at\/wp-content\/uploads\/2025\/09\/20250906_102501-1536x2048.jpg 1536w, https:\/\/traktorverein.at\/wp-content\/uploads\/2025\/09\/20250906_102501-scaled.jpg 1920w\" sizes=\"auto, (max-width: 768px) 100vw, 768px\" \/><\/figure>\n\n\n\n<p class=\"has-medium-font-size\"><strong>Stix Sebastian <\/strong><\/p>\n\n\n\n<div class=\"wp-block-columns is-layout-flex wp-container-core-columns-is-layout-9d6595d7 wp-block-columns-is-layout-flex\">\n<div class=\"wp-block-column is-layout-flow wp-block-column-is-layout-flow\">\n<figure class=\"wp-block-image size-large\"><img loading=\"lazy\" decoding=\"async\" width=\"968\" height=\"1024\" src=\"https:\/\/traktorverein.at\/wp-content\/uploads\/2023\/03\/Stix-Sebastian-2-968x1024.jpg\" alt=\"\" class=\"wp-image-856\" srcset=\"https:\/\/traktorverein.at\/wp-content\/uploads\/2023\/03\/Stix-Sebastian-2-968x1024.jpg 968w, https:\/\/traktorverein.at\/wp-content\/uploads\/2023\/03\/Stix-Sebastian-2-284x300.jpg 284w, https:\/\/traktorverein.at\/wp-content\/uploads\/2023\/03\/Stix-Sebastian-2-768x813.jpg 768w, https:\/\/traktorverein.at\/wp-content\/uploads\/2023\/03\/Stix-Sebastian-2-1452x1536.jpg 1452w, https:\/\/traktorverein.at\/wp-content\/uploads\/2023\/03\/Stix-Sebastian-2.jpg 1512w\" sizes=\"auto, (max-width: 968px) 100vw, 968px\" \/><\/figure>\n<\/div>\n\n\n\n<div class=\"wp-block-column is-layout-flow wp-block-column-is-layout-flow\"><\/div>\n\n\n\n<div class=\"wp-block-column is-layout-flow wp-block-column-is-layout-flow\"><\/div>\n<\/div>\n\n\n\n<p class=\"has-medium-font-size\"><strong>Stockreiter Sandro und Natalie<\/strong><\/p>\n\n\n\n<div class=\"wp-block-columns is-layout-flex wp-container-core-columns-is-layout-9d6595d7 wp-block-columns-is-layout-flex\">\n<div class=\"wp-block-column is-layout-flow wp-block-column-is-layout-flow\">\n<figure class=\"wp-block-image size-large is-resized\"><img loading=\"lazy\" decoding=\"async\" width=\"1024\" height=\"794\" src=\"https:\/\/traktorverein.at\/wp-content\/uploads\/2023\/03\/Stockreiter-Sandro-alleine-1024x794.jpg\" alt=\"\" class=\"wp-image-869\" style=\"width:405px;height:314px\" srcset=\"https:\/\/traktorverein.at\/wp-content\/uploads\/2023\/03\/Stockreiter-Sandro-alleine-1024x794.jpg 1024w, https:\/\/traktorverein.at\/wp-content\/uploads\/2023\/03\/Stockreiter-Sandro-alleine-300x233.jpg 300w, https:\/\/traktorverein.at\/wp-content\/uploads\/2023\/03\/Stockreiter-Sandro-alleine-768x595.jpg 768w, https:\/\/traktorverein.at\/wp-content\/uploads\/2023\/03\/Stockreiter-Sandro-alleine.jpg 1526w\" sizes=\"auto, (max-width: 1024px) 100vw, 1024px\" \/><\/figure>\n<\/div>\n\n\n\n<div class=\"wp-block-column is-layout-flow wp-block-column-is-layout-flow\">\n<figure class=\"wp-block-image size-large is-resized\"><img loading=\"lazy\" decoding=\"async\" width=\"785\" height=\"1024\" src=\"https:\/\/traktorverein.at\/wp-content\/uploads\/2023\/03\/Stockreiter-Sandro-und-Nathalie-2-785x1024.jpg\" alt=\"\" class=\"wp-image-867\" style=\"width:318px;height:414px\" srcset=\"https:\/\/traktorverein.at\/wp-content\/uploads\/2023\/03\/Stockreiter-Sandro-und-Nathalie-2-785x1024.jpg 785w, https:\/\/traktorverein.at\/wp-content\/uploads\/2023\/03\/Stockreiter-Sandro-und-Nathalie-2-230x300.jpg 230w, https:\/\/traktorverein.at\/wp-content\/uploads\/2023\/03\/Stockreiter-Sandro-und-Nathalie-2-768x1002.jpg 768w, https:\/\/traktorverein.at\/wp-content\/uploads\/2023\/03\/Stockreiter-Sandro-und-Nathalie-2-1177x1536.jpg 1177w, https:\/\/traktorverein.at\/wp-content\/uploads\/2023\/03\/Stockreiter-Sandro-und-Nathalie-2-1569x2048.jpg 1569w, https:\/\/traktorverein.at\/wp-content\/uploads\/2023\/03\/Stockreiter-Sandro-und-Nathalie-2-scaled.jpg 1962w\" sizes=\"auto, (max-width: 785px) 100vw, 785px\" \/><\/figure>\n<\/div>\n<\/div>\n\n\n\n<p class=\"has-medium-font-size\"><strong>Stockreiter Thomas<\/strong><\/p>\n\n\n\n<div class=\"wp-block-columns is-layout-flex wp-container-core-columns-is-layout-9d6595d7 wp-block-columns-is-layout-flex\">\n<div class=\"wp-block-column is-layout-flow wp-block-column-is-layout-flow\">\n<figure class=\"wp-block-image size-large is-resized\"><img loading=\"lazy\" decoding=\"async\" width=\"736\" height=\"1024\" src=\"https:\/\/traktorverein.at\/wp-content\/uploads\/2023\/03\/Stockreiter-Thomas-1-736x1024.jpg\" alt=\"\" class=\"wp-image-881\" style=\"width:291px;height:405px\" srcset=\"https:\/\/traktorverein.at\/wp-content\/uploads\/2023\/03\/Stockreiter-Thomas-1-736x1024.jpg 736w, https:\/\/traktorverein.at\/wp-content\/uploads\/2023\/03\/Stockreiter-Thomas-1-216x300.jpg 216w, https:\/\/traktorverein.at\/wp-content\/uploads\/2023\/03\/Stockreiter-Thomas-1-768x1068.jpg 768w, https:\/\/traktorverein.at\/wp-content\/uploads\/2023\/03\/Stockreiter-Thomas-1-1104x1536.jpg 1104w, https:\/\/traktorverein.at\/wp-content\/uploads\/2023\/03\/Stockreiter-Thomas-1-1472x2048.jpg 1472w, https:\/\/traktorverein.at\/wp-content\/uploads\/2023\/03\/Stockreiter-Thomas-1-scaled.jpg 1840w\" sizes=\"auto, (max-width: 736px) 100vw, 736px\" \/><\/figure>\n<\/div>\n\n\n\n<div class=\"wp-block-column is-layout-flow wp-block-column-is-layout-flow\">\n<figure class=\"wp-block-image size-large is-resized\"><img loading=\"lazy\" decoding=\"async\" width=\"1024\" height=\"640\" src=\"https:\/\/traktorverein.at\/wp-content\/uploads\/2023\/03\/Stockreiter-Thomas-Weidner-Stefan-1024x640.jpg\" alt=\"\" class=\"wp-image-882\" style=\"width:416px;height:260px\" srcset=\"https:\/\/traktorverein.at\/wp-content\/uploads\/2023\/03\/Stockreiter-Thomas-Weidner-Stefan-1024x640.jpg 1024w, https:\/\/traktorverein.at\/wp-content\/uploads\/2023\/03\/Stockreiter-Thomas-Weidner-Stefan-300x187.jpg 300w, https:\/\/traktorverein.at\/wp-content\/uploads\/2023\/03\/Stockreiter-Thomas-Weidner-Stefan-768x480.jpg 768w, https:\/\/traktorverein.at\/wp-content\/uploads\/2023\/03\/Stockreiter-Thomas-Weidner-Stefan-1536x960.jpg 1536w, https:\/\/traktorverein.at\/wp-content\/uploads\/2023\/03\/Stockreiter-Thomas-Weidner-Stefan-2048x1280.jpg 2048w\" sizes=\"auto, (max-width: 1024px) 100vw, 1024px\" \/><\/figure>\n<\/div>\n<\/div>\n\n\n\n<p class=\"has-medium-font-size\"><strong>Stockreiter Sarah<\/strong><\/p>\n\n\n\n<div class=\"wp-block-columns is-layout-flex wp-container-core-columns-is-layout-9d6595d7 wp-block-columns-is-layout-flex\">\n<div class=\"wp-block-column is-layout-flow wp-block-column-is-layout-flow\">\n<figure class=\"wp-block-image size-large is-resized\"><img loading=\"lazy\" decoding=\"async\" width=\"995\" height=\"1024\" src=\"https:\/\/traktorverein.at\/wp-content\/uploads\/2023\/10\/Stockreiter-Sarah-995x1024.jpg\" alt=\"\" class=\"wp-image-1715\" style=\"width:297px;height:306px\" srcset=\"https:\/\/traktorverein.at\/wp-content\/uploads\/2023\/10\/Stockreiter-Sarah-995x1024.jpg 995w, https:\/\/traktorverein.at\/wp-content\/uploads\/2023\/10\/Stockreiter-Sarah-292x300.jpg 292w, https:\/\/traktorverein.at\/wp-content\/uploads\/2023\/10\/Stockreiter-Sarah-768x790.jpg 768w, https:\/\/traktorverein.at\/wp-content\/uploads\/2023\/10\/Stockreiter-Sarah.jpg 1281w\" sizes=\"auto, (max-width: 995px) 100vw, 995px\" \/><\/figure>\n<\/div>\n\n\n\n<div class=\"wp-block-column is-layout-flow wp-block-column-is-layout-flow\"><\/div>\n\n\n\n<div class=\"wp-block-column is-layout-flow wp-block-column-is-layout-flow\"><\/div>\n<\/div>\n\n\n\n<p class=\"has-medium-font-size\"><strong>Stockreiter Josef<\/strong><\/p>\n\n\n\n<div class=\"wp-block-columns is-layout-flex wp-container-core-columns-is-layout-9d6595d7 wp-block-columns-is-layout-flex\">\n<div class=\"wp-block-column is-layout-flow wp-block-column-is-layout-flow\">\n<figure class=\"wp-block-image size-large is-resized\"><img loading=\"lazy\" decoding=\"async\" width=\"1024\" height=\"807\" src=\"https:\/\/traktorverein.at\/wp-content\/uploads\/2023\/03\/Stockreiter-Josef-1024x807.jpg\" alt=\"\" class=\"wp-image-896\" style=\"width:417px;height:328px\" srcset=\"https:\/\/traktorverein.at\/wp-content\/uploads\/2023\/03\/Stockreiter-Josef-1024x807.jpg 1024w, https:\/\/traktorverein.at\/wp-content\/uploads\/2023\/03\/Stockreiter-Josef-300x236.jpg 300w, https:\/\/traktorverein.at\/wp-content\/uploads\/2023\/03\/Stockreiter-Josef-768x605.jpg 768w, https:\/\/traktorverein.at\/wp-content\/uploads\/2023\/03\/Stockreiter-Josef-1536x1210.jpg 1536w, https:\/\/traktorverein.at\/wp-content\/uploads\/2023\/03\/Stockreiter-Josef-2048x1614.jpg 2048w\" sizes=\"auto, (max-width: 1024px) 100vw, 1024px\" \/><\/figure>\n<\/div>\n\n\n\n<div class=\"wp-block-column is-layout-flow wp-block-column-is-layout-flow\"><\/div>\n<\/div>\n\n\n\n<p class=\"has-medium-font-size\"><strong>Stockreiter Martin<\/strong><\/p>\n\n\n\n<div class=\"wp-block-columns is-layout-flex wp-container-core-columns-is-layout-9d6595d7 wp-block-columns-is-layout-flex\">\n<div class=\"wp-block-column is-layout-flow wp-block-column-is-layout-flow\">\n<figure class=\"wp-block-image size-large is-resized\"><img loading=\"lazy\" decoding=\"async\" width=\"1024\" height=\"783\" src=\"https:\/\/traktorverein.at\/wp-content\/uploads\/2023\/03\/Stockreiter-Martin-Papa-2-1024x783.jpg\" alt=\"\" class=\"wp-image-902\" style=\"width:417px;height:318px\" srcset=\"https:\/\/traktorverein.at\/wp-content\/uploads\/2023\/03\/Stockreiter-Martin-Papa-2-1024x783.jpg 1024w, https:\/\/traktorverein.at\/wp-content\/uploads\/2023\/03\/Stockreiter-Martin-Papa-2-300x230.jpg 300w, https:\/\/traktorverein.at\/wp-content\/uploads\/2023\/03\/Stockreiter-Martin-Papa-2-768x588.jpg 768w, https:\/\/traktorverein.at\/wp-content\/uploads\/2023\/03\/Stockreiter-Martin-Papa-2-1536x1175.jpg 1536w, https:\/\/traktorverein.at\/wp-content\/uploads\/2023\/03\/Stockreiter-Martin-Papa-2-2048x1567.jpg 2048w\" sizes=\"auto, (max-width: 1024px) 100vw, 1024px\" \/><\/figure>\n<\/div>\n\n\n\n<div class=\"wp-block-column is-layout-flow wp-block-column-is-layout-flow\">\n<figure class=\"wp-block-image size-large is-resized\"><img loading=\"lazy\" decoding=\"async\" width=\"1024\" height=\"857\" src=\"https:\/\/traktorverein.at\/wp-content\/uploads\/2023\/03\/Stockreiter-Martin-Papa-1024x857.jpg\" alt=\"\" class=\"wp-image-903\" style=\"width:414px;height:346px\" srcset=\"https:\/\/traktorverein.at\/wp-content\/uploads\/2023\/03\/Stockreiter-Martin-Papa-1024x857.jpg 1024w, https:\/\/traktorverein.at\/wp-content\/uploads\/2023\/03\/Stockreiter-Martin-Papa-300x251.jpg 300w, https:\/\/traktorverein.at\/wp-content\/uploads\/2023\/03\/Stockreiter-Martin-Papa-768x642.jpg 768w, https:\/\/traktorverein.at\/wp-content\/uploads\/2023\/03\/Stockreiter-Martin-Papa-1536x1285.jpg 1536w, https:\/\/traktorverein.at\/wp-content\/uploads\/2023\/03\/Stockreiter-Martin-Papa-2048x1713.jpg 2048w\" sizes=\"auto, (max-width: 1024px) 100vw, 1024px\" \/><\/figure>\n<\/div>\n<\/div>\n\n\n\n<p class=\"has-medium-font-size\"><strong>Stockreiter Martin Jun.<\/strong><\/p>\n\n\n\n<div class=\"wp-block-columns is-layout-flex wp-container-core-columns-is-layout-9d6595d7 wp-block-columns-is-layout-flex\">\n<div class=\"wp-block-column is-layout-flow wp-block-column-is-layout-flow\">\n<figure class=\"wp-block-image size-large is-resized\"><img loading=\"lazy\" decoding=\"async\" width=\"1024\" height=\"630\" src=\"https:\/\/traktorverein.at\/wp-content\/uploads\/2023\/03\/Stockreiter-Martin-1-1024x630.jpg\" alt=\"\" class=\"wp-image-908\" style=\"width:447px;height:275px\" srcset=\"https:\/\/traktorverein.at\/wp-content\/uploads\/2023\/03\/Stockreiter-Martin-1-1024x630.jpg 1024w, https:\/\/traktorverein.at\/wp-content\/uploads\/2023\/03\/Stockreiter-Martin-1-300x184.jpg 300w, https:\/\/traktorverein.at\/wp-content\/uploads\/2023\/03\/Stockreiter-Martin-1-768x472.jpg 768w, https:\/\/traktorverein.at\/wp-content\/uploads\/2023\/03\/Stockreiter-Martin-1-1536x944.jpg 1536w, https:\/\/traktorverein.at\/wp-content\/uploads\/2023\/03\/Stockreiter-Martin-1-2048x1259.jpg 2048w\" sizes=\"auto, (max-width: 1024px) 100vw, 1024px\" \/><\/figure>\n<\/div>\n\n\n\n<div class=\"wp-block-column is-layout-flow wp-block-column-is-layout-flow\">\n<figure class=\"wp-block-image size-large is-resized\"><img loading=\"lazy\" decoding=\"async\" width=\"1024\" height=\"576\" src=\"https:\/\/traktorverein.at\/wp-content\/uploads\/2023\/03\/PD_17_File_005-1024x576.jpg\" alt=\"\" class=\"wp-image-909\" style=\"width:492px;height:276px\" srcset=\"https:\/\/traktorverein.at\/wp-content\/uploads\/2023\/03\/PD_17_File_005-1024x576.jpg 1024w, https:\/\/traktorverein.at\/wp-content\/uploads\/2023\/03\/PD_17_File_005-300x169.jpg 300w, https:\/\/traktorverein.at\/wp-content\/uploads\/2023\/03\/PD_17_File_005-768x432.jpg 768w, https:\/\/traktorverein.at\/wp-content\/uploads\/2023\/03\/PD_17_File_005-1536x864.jpg 1536w, https:\/\/traktorverein.at\/wp-content\/uploads\/2023\/03\/PD_17_File_005-2048x1152.jpg 2048w\" sizes=\"auto, (max-width: 1024px) 100vw, 1024px\" \/><\/figure>\n<\/div>\n<\/div>\n\n\n\n<figure class=\"wp-block-image size-large is-resized\"><img loading=\"lazy\" decoding=\"async\" width=\"1721\" height=\"1148\" src=\"https:\/\/traktorverein.at\/wp-content\/uploads\/2025\/09\/20250912_064612-edited-2.jpg\" alt=\"\" class=\"wp-image-3172\" style=\"width:577px;height:auto\" srcset=\"https:\/\/traktorverein.at\/wp-content\/uploads\/2025\/09\/20250912_064612-edited-2.jpg 1721w, https:\/\/traktorverein.at\/wp-content\/uploads\/2025\/09\/20250912_064612-edited-2-300x200.jpg 300w, https:\/\/traktorverein.at\/wp-content\/uploads\/2025\/09\/20250912_064612-edited-2-1024x683.jpg 1024w, https:\/\/traktorverein.at\/wp-content\/uploads\/2025\/09\/20250912_064612-edited-2-768x512.jpg 768w, https:\/\/traktorverein.at\/wp-content\/uploads\/2025\/09\/20250912_064612-edited-2-1536x1025.jpg 1536w\" sizes=\"auto, (max-width: 1721px) 100vw, 1721px\" \/><\/figure>\n\n\n\n<p><strong>Stockreiter Hermann<\/strong><\/p>\n\n\n\n<figure class=\"wp-block-image size-full is-resized\"><img loading=\"lazy\" decoding=\"async\" width=\"1920\" height=\"2560\" src=\"https:\/\/traktorverein.at\/wp-content\/uploads\/2026\/04\/20260307_192039-scaled.jpg\" alt=\"\" class=\"wp-image-3334\" style=\"width:240px;height:auto\" srcset=\"https:\/\/traktorverein.at\/wp-content\/uploads\/2026\/04\/20260307_192039-scaled.jpg 1920w, https:\/\/traktorverein.at\/wp-content\/uploads\/2026\/04\/20260307_192039-225x300.jpg 225w, https:\/\/traktorverein.at\/wp-content\/uploads\/2026\/04\/20260307_192039-768x1024.jpg 768w, https:\/\/traktorverein.at\/wp-content\/uploads\/2026\/04\/20260307_192039-1152x1536.jpg 1152w, https:\/\/traktorverein.at\/wp-content\/uploads\/2026\/04\/20260307_192039-1536x2048.jpg 1536w\" sizes=\"auto, (max-width: 1920px) 100vw, 1920px\" \/><\/figure>\n\n\n\n<p><strong>Stockreiter Ulli<\/strong><\/p>\n\n\n\n<figure class=\"wp-block-image size-full is-resized\"><img loading=\"lazy\" decoding=\"async\" width=\"1920\" height=\"2560\" src=\"https:\/\/traktorverein.at\/wp-content\/uploads\/2026\/04\/20260307_192048-scaled.jpg\" alt=\"\" class=\"wp-image-3335\" style=\"width:245px;height:auto\" srcset=\"https:\/\/traktorverein.at\/wp-content\/uploads\/2026\/04\/20260307_192048-scaled.jpg 1920w, https:\/\/traktorverein.at\/wp-content\/uploads\/2026\/04\/20260307_192048-225x300.jpg 225w, https:\/\/traktorverein.at\/wp-content\/uploads\/2026\/04\/20260307_192048-768x1024.jpg 768w, https:\/\/traktorverein.at\/wp-content\/uploads\/2026\/04\/20260307_192048-1152x1536.jpg 1152w, https:\/\/traktorverein.at\/wp-content\/uploads\/2026\/04\/20260307_192048-1536x2048.jpg 1536w\" sizes=\"auto, (max-width: 1920px) 100vw, 1920px\" \/><\/figure>\n\n\n\n<p><strong>Strebl Karl<\/strong><\/p>\n\n\n\n<figure class=\"wp-block-image size-full is-resized\"><img loading=\"lazy\" decoding=\"async\" width=\"1920\" height=\"2560\" src=\"https:\/\/traktorverein.at\/wp-content\/uploads\/2026\/04\/20260307_192012-scaled.jpg\" alt=\"\" class=\"wp-image-3336\" style=\"width:239px;height:auto\" srcset=\"https:\/\/traktorverein.at\/wp-content\/uploads\/2026\/04\/20260307_192012-scaled.jpg 1920w, https:\/\/traktorverein.at\/wp-content\/uploads\/2026\/04\/20260307_192012-225x300.jpg 225w, https:\/\/traktorverein.at\/wp-content\/uploads\/2026\/04\/20260307_192012-768x1024.jpg 768w, https:\/\/traktorverein.at\/wp-content\/uploads\/2026\/04\/20260307_192012-1152x1536.jpg 1152w, https:\/\/traktorverein.at\/wp-content\/uploads\/2026\/04\/20260307_192012-1536x2048.jpg 1536w\" sizes=\"auto, (max-width: 1920px) 100vw, 1920px\" \/><\/figure>\n\n\n\n<p class=\"has-medium-font-size\"><strong>Sturm Josef, Pepi (Ehrenmitglied)<\/strong><\/p>\n\n\n\n<figure class=\"wp-block-image size-full is-resized\"><img loading=\"lazy\" decoding=\"async\" width=\"690\" height=\"690\" src=\"https:\/\/traktorverein.at\/wp-content\/uploads\/2025\/07\/IMG-20230910-WA0028-edited.jpg\" alt=\"\" class=\"wp-image-3006\" style=\"width:219px;height:auto\" srcset=\"https:\/\/traktorverein.at\/wp-content\/uploads\/2025\/07\/IMG-20230910-WA0028-edited.jpg 690w, https:\/\/traktorverein.at\/wp-content\/uploads\/2025\/07\/IMG-20230910-WA0028-edited-300x300.jpg 300w, https:\/\/traktorverein.at\/wp-content\/uploads\/2025\/07\/IMG-20230910-WA0028-edited-150x150.jpg 150w\" sizes=\"auto, (max-width: 690px) 100vw, 690px\" \/><\/figure>\n\n\n\n<p class=\"has-medium-font-size\"><strong>Susnjak Simon<\/strong><\/p>\n\n\n\n<figure class=\"wp-block-image size-full is-resized\"><img loading=\"lazy\" decoding=\"async\" width=\"319\" height=\"473\" src=\"https:\/\/traktorverein.at\/wp-content\/uploads\/2023\/03\/Susnijak-Simon.jpg\" alt=\"\" class=\"wp-image-1065\" style=\"width:215px;height:319px\" srcset=\"https:\/\/traktorverein.at\/wp-content\/uploads\/2023\/03\/Susnijak-Simon.jpg 319w, https:\/\/traktorverein.at\/wp-content\/uploads\/2023\/03\/Susnijak-Simon-202x300.jpg 202w\" sizes=\"auto, (max-width: 319px) 100vw, 319px\" \/><\/figure>\n\n\n\n<p class=\"has-medium-font-size\"><strong>Szymonik Karl<\/strong><\/p>\n\n\n\n<div class=\"wp-block-columns is-layout-flex wp-container-core-columns-is-layout-9d6595d7 wp-block-columns-is-layout-flex\">\n<div class=\"wp-block-column is-layout-flow wp-block-column-is-layout-flow\">\n<figure class=\"wp-block-image size-large is-resized\"><img loading=\"lazy\" decoding=\"async\" width=\"960\" height=\"1024\" src=\"https:\/\/traktorverein.at\/wp-content\/uploads\/2023\/03\/szymonik-karl-1-2-960x1024.jpg\" alt=\"\" class=\"wp-image-1077\" style=\"width:400px;height:426px\" srcset=\"https:\/\/traktorverein.at\/wp-content\/uploads\/2023\/03\/szymonik-karl-1-2-960x1024.jpg 960w, https:\/\/traktorverein.at\/wp-content\/uploads\/2023\/03\/szymonik-karl-1-2-281x300.jpg 281w, https:\/\/traktorverein.at\/wp-content\/uploads\/2023\/03\/szymonik-karl-1-2-768x820.jpg 768w, https:\/\/traktorverein.at\/wp-content\/uploads\/2023\/03\/szymonik-karl-1-2.jpg 1148w\" sizes=\"auto, (max-width: 960px) 100vw, 960px\" \/><\/figure>\n<\/div>\n\n\n\n<div class=\"wp-block-column is-layout-flow wp-block-column-is-layout-flow\"><\/div>\n<\/div>\n\n\n\n<p class=\"has-medium-font-size\"><strong>Tauscher Carina<\/strong><\/p>\n\n\n\n<figure class=\"wp-block-image size-full is-resized\"><img loading=\"lazy\" decoding=\"async\" width=\"1478\" height=\"2048\" src=\"https:\/\/traktorverein.at\/wp-content\/uploads\/2024\/04\/Tauscher-Carina.jpg\" alt=\"\" class=\"wp-image-2070\" style=\"width:248px;height:auto\" srcset=\"https:\/\/traktorverein.at\/wp-content\/uploads\/2024\/04\/Tauscher-Carina.jpg 1478w, https:\/\/traktorverein.at\/wp-content\/uploads\/2024\/04\/Tauscher-Carina-217x300.jpg 217w, https:\/\/traktorverein.at\/wp-content\/uploads\/2024\/04\/Tauscher-Carina-739x1024.jpg 739w, https:\/\/traktorverein.at\/wp-content\/uploads\/2024\/04\/Tauscher-Carina-768x1064.jpg 768w, https:\/\/traktorverein.at\/wp-content\/uploads\/2024\/04\/Tauscher-Carina-1109x1536.jpg 1109w\" sizes=\"auto, (max-width: 1478px) 100vw, 1478px\" \/><\/figure>\n\n\n\n<p class=\"has-medium-font-size\"><strong>Tauscher Michael<\/strong><\/p>\n\n\n\n<figure class=\"wp-block-image size-full is-resized\"><img loading=\"lazy\" decoding=\"async\" width=\"358\" height=\"592\" src=\"https:\/\/traktorverein.at\/wp-content\/uploads\/2024\/04\/Tauscher-Michael.jpg\" alt=\"\" class=\"wp-image-2071\" style=\"width:240px;height:auto\" srcset=\"https:\/\/traktorverein.at\/wp-content\/uploads\/2024\/04\/Tauscher-Michael.jpg 358w, https:\/\/traktorverein.at\/wp-content\/uploads\/2024\/04\/Tauscher-Michael-181x300.jpg 181w\" sizes=\"auto, (max-width: 358px) 100vw, 358px\" \/><\/figure>\n\n\n\n<div class=\"wp-block-columns is-layout-flex wp-container-core-columns-is-layout-9d6595d7 wp-block-columns-is-layout-flex\">\n<div class=\"wp-block-column is-layout-flow wp-block-column-is-layout-flow\"><\/div>\n\n\n\n<div class=\"wp-block-column is-layout-flow wp-block-column-is-layout-flow\"><\/div>\n\n\n\n<div class=\"wp-block-column is-layout-flow wp-block-column-is-layout-flow\"><\/div>\n<\/div>\n\n\n\n<p class=\"has-medium-font-size\"><strong>Treiber Dietmar<\/strong><\/p>\n\n\n\n<figure class=\"wp-block-image size-full is-resized\"><img loading=\"lazy\" decoding=\"async\" width=\"295\" height=\"200\" src=\"https:\/\/traktorverein.at\/wp-content\/uploads\/2023\/03\/logo-tlvc-47.jpg\" alt=\"\" class=\"wp-image-1209\" style=\"width:106px;height:72px\"\/><\/figure>\n\n\n\n<p class=\"has-medium-font-size\"><strong>Trettler-Schiefer Katharina<\/strong><\/p>\n\n\n\n<figure class=\"wp-block-image size-full is-resized\"><img loading=\"lazy\" decoding=\"async\" width=\"661\" height=\"949\" src=\"https:\/\/traktorverein.at\/wp-content\/uploads\/2023\/03\/Trettler-Katharina-1.jpg\" alt=\"\" class=\"wp-image-1122\" style=\"width:260px;height:373px\" srcset=\"https:\/\/traktorverein.at\/wp-content\/uploads\/2023\/03\/Trettler-Katharina-1.jpg 661w, https:\/\/traktorverein.at\/wp-content\/uploads\/2023\/03\/Trettler-Katharina-1-209x300.jpg 209w\" sizes=\"auto, (max-width: 661px) 100vw, 661px\" \/><\/figure>\n\n\n\n<figure class=\"wp-block-image size-large is-resized\"><img loading=\"lazy\" decoding=\"async\" width=\"1845\" height=\"1649\" src=\"https:\/\/traktorverein.at\/wp-content\/uploads\/2025\/07\/20250609_1025040-1-edited.jpg\" alt=\"\" class=\"wp-image-3007\" style=\"width:425px;height:auto\" srcset=\"https:\/\/traktorverein.at\/wp-content\/uploads\/2025\/07\/20250609_1025040-1-edited.jpg 1845w, https:\/\/traktorverein.at\/wp-content\/uploads\/2025\/07\/20250609_1025040-1-edited-300x268.jpg 300w, https:\/\/traktorverein.at\/wp-content\/uploads\/2025\/07\/20250609_1025040-1-edited-1024x915.jpg 1024w, https:\/\/traktorverein.at\/wp-content\/uploads\/2025\/07\/20250609_1025040-1-edited-768x686.jpg 768w, https:\/\/traktorverein.at\/wp-content\/uploads\/2025\/07\/20250609_1025040-1-edited-1536x1373.jpg 1536w\" sizes=\"auto, (max-width: 1845px) 100vw, 1845px\" \/><\/figure>\n\n\n\n<p class=\"has-medium-font-size\"><strong>Trettler Leopold und Christine<\/strong><\/p>\n\n\n\n<div class=\"wp-block-columns is-layout-flex wp-container-core-columns-is-layout-9d6595d7 wp-block-columns-is-layout-flex\">\n<div class=\"wp-block-column is-layout-flow wp-block-column-is-layout-flow\">\n<figure class=\"wp-block-image size-large is-resized\"><img loading=\"lazy\" decoding=\"async\" width=\"738\" height=\"1024\" src=\"https:\/\/traktorverein.at\/wp-content\/uploads\/2023\/04\/Trettler-Leopold-738x1024.jpg\" alt=\"\" class=\"wp-image-1277\" style=\"width:401px;height:555px\" srcset=\"https:\/\/traktorverein.at\/wp-content\/uploads\/2023\/04\/Trettler-Leopold-738x1024.jpg 738w, https:\/\/traktorverein.at\/wp-content\/uploads\/2023\/04\/Trettler-Leopold-216x300.jpg 216w, https:\/\/traktorverein.at\/wp-content\/uploads\/2023\/04\/Trettler-Leopold-768x1065.jpg 768w, https:\/\/traktorverein.at\/wp-content\/uploads\/2023\/04\/Trettler-Leopold-1107x1536.jpg 1107w, https:\/\/traktorverein.at\/wp-content\/uploads\/2023\/04\/Trettler-Leopold-1476x2048.jpg 1476w, https:\/\/traktorverein.at\/wp-content\/uploads\/2023\/04\/Trettler-Leopold.jpg 1800w\" sizes=\"auto, (max-width: 738px) 100vw, 738px\" \/><\/figure>\n<\/div>\n\n\n\n<div class=\"wp-block-column is-layout-flow wp-block-column-is-layout-flow\">\n<figure class=\"wp-block-image size-large is-resized\"><img loading=\"lazy\" decoding=\"async\" width=\"606\" height=\"1024\" src=\"https:\/\/traktorverein.at\/wp-content\/uploads\/2023\/04\/Trettler-christine-606x1024.jpg\" alt=\"\" class=\"wp-image-1278\" style=\"width:202px;height:341px\" srcset=\"https:\/\/traktorverein.at\/wp-content\/uploads\/2023\/04\/Trettler-christine-606x1024.jpg 606w, https:\/\/traktorverein.at\/wp-content\/uploads\/2023\/04\/Trettler-christine-177x300.jpg 177w, https:\/\/traktorverein.at\/wp-content\/uploads\/2023\/04\/Trettler-christine-768x1299.jpg 768w, https:\/\/traktorverein.at\/wp-content\/uploads\/2023\/04\/Trettler-christine-908x1536.jpg 908w, https:\/\/traktorverein.at\/wp-content\/uploads\/2023\/04\/Trettler-christine.jpg 958w\" sizes=\"auto, (max-width: 606px) 100vw, 606px\" \/><\/figure>\n<\/div>\n<\/div>\n\n\n\n<figure class=\"wp-block-image size-large is-resized\"><img loading=\"lazy\" decoding=\"async\" width=\"1493\" height=\"1990\" src=\"https:\/\/traktorverein.at\/wp-content\/uploads\/2025\/07\/20250609_171022-1-edited-1.jpg\" alt=\"\" class=\"wp-image-3009\" style=\"width:378px;height:auto\" srcset=\"https:\/\/traktorverein.at\/wp-content\/uploads\/2025\/07\/20250609_171022-1-edited-1.jpg 1493w, https:\/\/traktorverein.at\/wp-content\/uploads\/2025\/07\/20250609_171022-1-edited-1-225x300.jpg 225w, https:\/\/traktorverein.at\/wp-content\/uploads\/2025\/07\/20250609_171022-1-edited-1-768x1024.jpg 768w, https:\/\/traktorverein.at\/wp-content\/uploads\/2025\/07\/20250609_171022-1-edited-1-1152x1536.jpg 1152w\" sizes=\"auto, (max-width: 1493px) 100vw, 1493px\" \/><\/figure>\n\n\n\n<p class=\"has-medium-font-size\"><strong>Trettler-Langer Patricia<\/strong><\/p>\n\n\n\n<figure class=\"wp-block-image size-full is-resized\"><img loading=\"lazy\" decoding=\"async\" width=\"773\" height=\"910\" src=\"https:\/\/traktorverein.at\/wp-content\/uploads\/2023\/03\/Trettler-Patricia-2.jpg\" alt=\"\" class=\"wp-image-1119\" style=\"width:238px;height:280px\" srcset=\"https:\/\/traktorverein.at\/wp-content\/uploads\/2023\/03\/Trettler-Patricia-2.jpg 773w, https:\/\/traktorverein.at\/wp-content\/uploads\/2023\/03\/Trettler-Patricia-2-255x300.jpg 255w, https:\/\/traktorverein.at\/wp-content\/uploads\/2023\/03\/Trettler-Patricia-2-768x904.jpg 768w\" sizes=\"auto, (max-width: 773px) 100vw, 773px\" \/><\/figure>\n\n\n\n<p class=\"has-medium-font-size\"><strong>Wagant Michael (Robert)<\/strong><\/p>\n\n\n\n<figure class=\"wp-block-image size-full is-resized\"><img loading=\"lazy\" decoding=\"async\" width=\"1843\" height=\"1383\" src=\"https:\/\/traktorverein.at\/wp-content\/uploads\/2025\/09\/20250725_180505-edited-2.jpg\" alt=\"\" class=\"wp-image-3177\" style=\"aspect-ratio:1.48;width:265px;height:auto\" srcset=\"https:\/\/traktorverein.at\/wp-content\/uploads\/2025\/09\/20250725_180505-edited-2.jpg 1843w, https:\/\/traktorverein.at\/wp-content\/uploads\/2025\/09\/20250725_180505-edited-2-300x225.jpg 300w, https:\/\/traktorverein.at\/wp-content\/uploads\/2025\/09\/20250725_180505-edited-2-1024x768.jpg 1024w, https:\/\/traktorverein.at\/wp-content\/uploads\/2025\/09\/20250725_180505-edited-2-768x576.jpg 768w, https:\/\/traktorverein.at\/wp-content\/uploads\/2025\/09\/20250725_180505-edited-2-1536x1153.jpg 1536w\" sizes=\"auto, (max-width: 1843px) 100vw, 1843px\" \/><\/figure>\n\n\n\n<p class=\"has-medium-font-size\"><strong>Wallecker Franz<\/strong><\/p>\n\n\n\n<figure class=\"wp-block-image size-large is-resized\"><img loading=\"lazy\" decoding=\"async\" width=\"576\" height=\"1024\" src=\"https:\/\/traktorverein.at\/wp-content\/uploads\/2023\/09\/Wallecker-Franz-576x1024.jpg\" alt=\"\" class=\"wp-image-1644\" style=\"width:381px;height:680px\" srcset=\"https:\/\/traktorverein.at\/wp-content\/uploads\/2023\/09\/Wallecker-Franz-576x1024.jpg 576w, https:\/\/traktorverein.at\/wp-content\/uploads\/2023\/09\/Wallecker-Franz-169x300.jpg 169w, https:\/\/traktorverein.at\/wp-content\/uploads\/2023\/09\/Wallecker-Franz-768x1365.jpg 768w, https:\/\/traktorverein.at\/wp-content\/uploads\/2023\/09\/Wallecker-Franz-864x1536.jpg 864w, https:\/\/traktorverein.at\/wp-content\/uploads\/2023\/09\/Wallecker-Franz-1152x2048.jpg 1152w, https:\/\/traktorverein.at\/wp-content\/uploads\/2023\/09\/Wallecker-Franz-scaled.jpg 1440w\" sizes=\"auto, (max-width: 576px) 100vw, 576px\" \/><\/figure>\n\n\n\n<p><strong>Wallecker Melanie<\/strong><\/p>\n\n\n\n<figure class=\"wp-block-image size-large is-resized\"><img loading=\"lazy\" decoding=\"async\" width=\"773\" height=\"1024\" src=\"https:\/\/traktorverein.at\/wp-content\/uploads\/2023\/09\/Melanie-Zipfelmayer-773x1024.jpg\" alt=\"\" class=\"wp-image-1654\" style=\"width:235px;height:311px\" srcset=\"https:\/\/traktorverein.at\/wp-content\/uploads\/2023\/09\/Melanie-Zipfelmayer-773x1024.jpg 773w, https:\/\/traktorverein.at\/wp-content\/uploads\/2023\/09\/Melanie-Zipfelmayer-227x300.jpg 227w, https:\/\/traktorverein.at\/wp-content\/uploads\/2023\/09\/Melanie-Zipfelmayer-768x1017.jpg 768w, https:\/\/traktorverein.at\/wp-content\/uploads\/2023\/09\/Melanie-Zipfelmayer.jpg 796w\" sizes=\"auto, (max-width: 773px) 100vw, 773px\" \/><\/figure>\n\n\n\n<p><strong>Weghofer Jasmin<\/strong><\/p>\n\n\n\n<figure class=\"wp-block-image size-full is-resized\"><img loading=\"lazy\" decoding=\"async\" width=\"760\" height=\"515\" src=\"https:\/\/traktorverein.at\/wp-content\/uploads\/2025\/07\/logo-tlvc-gelb_web-1.jpg\" alt=\"\" class=\"wp-image-2994\" style=\"width:240px;height:auto\" srcset=\"https:\/\/traktorverein.at\/wp-content\/uploads\/2025\/07\/logo-tlvc-gelb_web-1.jpg 760w, https:\/\/traktorverein.at\/wp-content\/uploads\/2025\/07\/logo-tlvc-gelb_web-1-300x203.jpg 300w\" sizes=\"auto, (max-width: 760px) 100vw, 760px\" \/><\/figure>\n\n\n\n<p class=\"has-medium-font-size\"><strong>Weghofer Martin<\/strong><\/p>\n\n\n\n<figure class=\"wp-block-image size-large is-resized\"><img loading=\"lazy\" decoding=\"async\" width=\"311\" height=\"234\" src=\"https:\/\/traktorverein.at\/wp-content\/uploads\/2025\/07\/2025_1.-Platz-\u00a9Brigitte-Krenn-3-1-edited-1.jpg\" alt=\"\" class=\"wp-image-3012\" style=\"width:286px;height:auto\" srcset=\"https:\/\/traktorverein.at\/wp-content\/uploads\/2025\/07\/2025_1.-Platz-\u00a9Brigitte-Krenn-3-1-edited-1.jpg 311w, https:\/\/traktorverein.at\/wp-content\/uploads\/2025\/07\/2025_1.-Platz-\u00a9Brigitte-Krenn-3-1-edited-1-300x226.jpg 300w\" sizes=\"auto, (max-width: 311px) 100vw, 311px\" \/><\/figure>\n\n\n\n<p class=\"has-medium-font-size\"><strong>Weghofer Sandra<\/strong><\/p>\n\n\n\n<figure class=\"wp-block-image size-full is-resized\"><img loading=\"lazy\" decoding=\"async\" width=\"812\" height=\"1023\" src=\"https:\/\/traktorverein.at\/wp-content\/uploads\/2025\/03\/Weghofer-Sandra.jpg\" alt=\"\" class=\"wp-image-2705\" style=\"width:234px;height:auto\" srcset=\"https:\/\/traktorverein.at\/wp-content\/uploads\/2025\/03\/Weghofer-Sandra.jpg 812w, https:\/\/traktorverein.at\/wp-content\/uploads\/2025\/03\/Weghofer-Sandra-238x300.jpg 238w, https:\/\/traktorverein.at\/wp-content\/uploads\/2025\/03\/Weghofer-Sandra-768x968.jpg 768w\" sizes=\"auto, (max-width: 812px) 100vw, 812px\" \/><\/figure>\n\n\n\n<p class=\"has-medium-font-size\"><strong>Weidner Stefan <\/strong><\/p>\n\n\n\n<div class=\"wp-block-columns is-layout-flex wp-container-core-columns-is-layout-9d6595d7 wp-block-columns-is-layout-flex\">\n<div class=\"wp-block-column is-layout-flow wp-block-column-is-layout-flow\">\n<figure class=\"wp-block-image size-large is-resized\"><img loading=\"lazy\" decoding=\"async\" width=\"1024\" height=\"648\" src=\"https:\/\/traktorverein.at\/wp-content\/uploads\/2023\/03\/20220526_120048-1-1024x648.jpg\" alt=\"\" class=\"wp-image-933\" style=\"width:423px;height:267px\" srcset=\"https:\/\/traktorverein.at\/wp-content\/uploads\/2023\/03\/20220526_120048-1-1024x648.jpg 1024w, https:\/\/traktorverein.at\/wp-content\/uploads\/2023\/03\/20220526_120048-1-300x190.jpg 300w, https:\/\/traktorverein.at\/wp-content\/uploads\/2023\/03\/20220526_120048-1-768x486.jpg 768w, https:\/\/traktorverein.at\/wp-content\/uploads\/2023\/03\/20220526_120048-1-1536x971.jpg 1536w, https:\/\/traktorverein.at\/wp-content\/uploads\/2023\/03\/20220526_120048-1-2048x1295.jpg 2048w\" sizes=\"auto, (max-width: 1024px) 100vw, 1024px\" \/><\/figure>\n<\/div>\n\n\n\n<div class=\"wp-block-column is-layout-flow wp-block-column-is-layout-flow\"><\/div>\n<\/div>\n\n\n\n<p class=\"has-medium-font-size\"><strong>Wei\u00dfenberger Andreas<\/strong><\/p>\n\n\n\n<figure class=\"wp-block-image size-full is-resized\"><img loading=\"lazy\" decoding=\"async\" width=\"500\" height=\"333\" src=\"https:\/\/traktorverein.at\/wp-content\/uploads\/2023\/03\/Weissenberger-Andi.jpg\" alt=\"\" class=\"wp-image-1101\" style=\"width:433px;height:288px\" srcset=\"https:\/\/traktorverein.at\/wp-content\/uploads\/2023\/03\/Weissenberger-Andi.jpg 500w, https:\/\/traktorverein.at\/wp-content\/uploads\/2023\/03\/Weissenberger-Andi-300x200.jpg 300w\" sizes=\"auto, (max-width: 500px) 100vw, 500px\" \/><\/figure>\n\n\n\n<p><strong>Wimmer Karin<\/strong><\/p>\n\n\n\n<div class=\"wp-block-columns is-layout-flex wp-container-core-columns-is-layout-9d6595d7 wp-block-columns-is-layout-flex\">\n<div class=\"wp-block-column is-layout-flow wp-block-column-is-layout-flow\">\n<figure class=\"wp-block-image size-full is-resized\"><img loading=\"lazy\" decoding=\"async\" width=\"445\" height=\"498\" src=\"https:\/\/traktorverein.at\/wp-content\/uploads\/2023\/09\/wimmer-karin.jpg\" alt=\"\" class=\"wp-image-1698\" style=\"width:226px;height:253px\" srcset=\"https:\/\/traktorverein.at\/wp-content\/uploads\/2023\/09\/wimmer-karin.jpg 445w, https:\/\/traktorverein.at\/wp-content\/uploads\/2023\/09\/wimmer-karin-268x300.jpg 268w\" sizes=\"auto, (max-width: 445px) 100vw, 445px\" \/><\/figure>\n<\/div>\n\n\n\n<div class=\"wp-block-column is-layout-flow wp-block-column-is-layout-flow\"><\/div>\n\n\n\n<div class=\"wp-block-column is-layout-flow wp-block-column-is-layout-flow\"><\/div>\n<\/div>\n\n\n\n<p class=\"has-medium-font-size\"><strong>Wimmer Roland<\/strong><\/p>\n\n\n\n<figure class=\"wp-block-image size-full is-resized\"><img loading=\"lazy\" decoding=\"async\" width=\"284\" height=\"379\" src=\"https:\/\/traktorverein.at\/wp-content\/uploads\/2023\/03\/Wimmer-Roland.jpg\" alt=\"\" class=\"wp-image-1069\" style=\"width:217px;height:290px\" srcset=\"https:\/\/traktorverein.at\/wp-content\/uploads\/2023\/03\/Wimmer-Roland.jpg 284w, https:\/\/traktorverein.at\/wp-content\/uploads\/2023\/03\/Wimmer-Roland-225x300.jpg 225w\" sizes=\"auto, (max-width: 284px) 100vw, 284px\" \/><\/figure>\n\n\n\n<p><strong>W\u00f6hrer Martin<\/strong><\/p>\n\n\n\n<div class=\"wp-block-columns is-layout-flex wp-container-core-columns-is-layout-9d6595d7 wp-block-columns-is-layout-flex\">\n<div class=\"wp-block-column is-layout-flow wp-block-column-is-layout-flow\">\n<figure class=\"wp-block-image size-full is-resized\"><img loading=\"lazy\" decoding=\"async\" width=\"540\" height=\"993\" src=\"https:\/\/traktorverein.at\/wp-content\/uploads\/2023\/09\/Woehrer-Martin.jpg\" alt=\"\" class=\"wp-image-1676\" style=\"width:277px;height:510px\" srcset=\"https:\/\/traktorverein.at\/wp-content\/uploads\/2023\/09\/Woehrer-Martin.jpg 540w, https:\/\/traktorverein.at\/wp-content\/uploads\/2023\/09\/Woehrer-Martin-163x300.jpg 163w\" sizes=\"auto, (max-width: 540px) 100vw, 540px\" \/><\/figure>\n<\/div>\n\n\n\n<div class=\"wp-block-column is-layout-flow wp-block-column-is-layout-flow\"><\/div>\n\n\n\n<div class=\"wp-block-column is-layout-flow wp-block-column-is-layout-flow\"><\/div>\n<\/div>\n\n\n\n<p class=\"has-medium-font-size\"><strong>W\u00f6hrer Sascha<\/strong><\/p>\n\n\n\n<figure class=\"wp-block-image size-full is-resized\"><img loading=\"lazy\" decoding=\"async\" width=\"533\" height=\"400\" src=\"https:\/\/traktorverein.at\/wp-content\/uploads\/2025\/07\/17fea372-b89a-4a06-8bdd-a8506e565a4a-edited.jpg\" alt=\"\" class=\"wp-image-3030\" style=\"width:284px;height:auto\" srcset=\"https:\/\/traktorverein.at\/wp-content\/uploads\/2025\/07\/17fea372-b89a-4a06-8bdd-a8506e565a4a-edited.jpg 533w, https:\/\/traktorverein.at\/wp-content\/uploads\/2025\/07\/17fea372-b89a-4a06-8bdd-a8506e565a4a-edited-300x225.jpg 300w\" sizes=\"auto, (max-width: 533px) 100vw, 533px\" \/><\/figure>\n\n\n\n<p class=\"has-medium-font-size\"><strong>Zehetner Andreas<\/strong><\/p>\n\n\n\n<div class=\"wp-block-columns is-layout-flex wp-container-core-columns-is-layout-9d6595d7 wp-block-columns-is-layout-flex\">\n<div class=\"wp-block-column is-layout-flow wp-block-column-is-layout-flow\">\n<figure class=\"wp-block-image size-large is-resized\"><img loading=\"lazy\" decoding=\"async\" width=\"966\" height=\"1024\" src=\"https:\/\/traktorverein.at\/wp-content\/uploads\/2023\/03\/Zehetner-Andreas-966x1024.jpg\" alt=\"\" class=\"wp-image-935\" style=\"width:377px;height:400px\" srcset=\"https:\/\/traktorverein.at\/wp-content\/uploads\/2023\/03\/Zehetner-Andreas-966x1024.jpg 966w, https:\/\/traktorverein.at\/wp-content\/uploads\/2023\/03\/Zehetner-Andreas-283x300.jpg 283w, https:\/\/traktorverein.at\/wp-content\/uploads\/2023\/03\/Zehetner-Andreas-768x815.jpg 768w, https:\/\/traktorverein.at\/wp-content\/uploads\/2023\/03\/Zehetner-Andreas-1448x1536.jpg 1448w, https:\/\/traktorverein.at\/wp-content\/uploads\/2023\/03\/Zehetner-Andreas.jpg 1800w\" sizes=\"auto, (max-width: 966px) 100vw, 966px\" \/><\/figure>\n<\/div>\n\n\n\n<div class=\"wp-block-column is-layout-flow wp-block-column-is-layout-flow\">\n<figure class=\"wp-block-image size-full is-resized\"><img loading=\"lazy\" decoding=\"async\" width=\"619\" height=\"486\" src=\"https:\/\/traktorverein.at\/wp-content\/uploads\/2023\/03\/Zehetner-Andreas-2.jpg\" alt=\"\" class=\"wp-image-936\" style=\"width:489px;height:383px\" srcset=\"https:\/\/traktorverein.at\/wp-content\/uploads\/2023\/03\/Zehetner-Andreas-2.jpg 619w, https:\/\/traktorverein.at\/wp-content\/uploads\/2023\/03\/Zehetner-Andreas-2-300x236.jpg 300w\" sizes=\"auto, (max-width: 619px) 100vw, 619px\" \/><\/figure>\n<\/div>\n<\/div>\n\n\n\n<p class=\"has-medium-font-size\"><strong>Zehetner Dietmar<\/strong><\/p>\n\n\n\n<figure class=\"wp-block-image size-full is-resized\"><img loading=\"lazy\" decoding=\"async\" width=\"515\" height=\"646\" src=\"https:\/\/traktorverein.at\/wp-content\/uploads\/2023\/03\/Zehetner-Didi.jpg\" alt=\"\" class=\"wp-image-1258\" style=\"width:198px;height:248px\" srcset=\"https:\/\/traktorverein.at\/wp-content\/uploads\/2023\/03\/Zehetner-Didi.jpg 515w, https:\/\/traktorverein.at\/wp-content\/uploads\/2023\/03\/Zehetner-Didi-239x300.jpg 239w\" sizes=\"auto, (max-width: 515px) 100vw, 515px\" \/><\/figure>\n\n\n\n<p><\/p>\n\n\n\n<p class=\"has-medium-font-size\"><strong>Zehetner Michael Richard<\/strong><\/p>\n\n\n\n<figure class=\"wp-block-image size-full is-resized\"><img loading=\"lazy\" decoding=\"async\" width=\"295\" height=\"200\" src=\"https:\/\/traktorverein.at\/wp-content\/uploads\/2023\/03\/logo-tlvc-21.jpg\" alt=\"\" class=\"wp-image-1037\" style=\"width:99px;height:67px\"\/><\/figure>\n\n\n\n<p><strong>Zerkhold Barbara<\/strong><\/p>\n\n\n\n<figure class=\"wp-block-image size-large is-resized\"><img loading=\"lazy\" decoding=\"async\" width=\"752\" height=\"1024\" src=\"https:\/\/traktorverein.at\/wp-content\/uploads\/2024\/09\/IMG-20230613-WA0006-neu-752x1024.jpg\" alt=\"\" class=\"wp-image-2551\" style=\"width:220px;height:auto\" srcset=\"https:\/\/traktorverein.at\/wp-content\/uploads\/2024\/09\/IMG-20230613-WA0006-neu-752x1024.jpg 752w, https:\/\/traktorverein.at\/wp-content\/uploads\/2024\/09\/IMG-20230613-WA0006-neu-220x300.jpg 220w, https:\/\/traktorverein.at\/wp-content\/uploads\/2024\/09\/IMG-20230613-WA0006-neu-768x1046.jpg 768w, https:\/\/traktorverein.at\/wp-content\/uploads\/2024\/09\/IMG-20230613-WA0006-neu-1128x1536.jpg 1128w, https:\/\/traktorverein.at\/wp-content\/uploads\/2024\/09\/IMG-20230613-WA0006-neu.jpg 1487w\" sizes=\"auto, (max-width: 752px) 100vw, 752px\" \/><\/figure>\n\n\n\n<p class=\"has-medium-font-size\"><\/p>\n\n\n\n<p class=\"has-medium-font-size\"><\/p>\n\n\n\n<div class=\"wp-block-columns is-layout-flex wp-container-core-columns-is-layout-9d6595d7 wp-block-columns-is-layout-flex\">\n<div class=\"wp-block-column is-layout-flow wp-block-column-is-layout-flow\"><\/div>\n\n\n\n<div class=\"wp-block-column is-layout-flow wp-block-column-is-layout-flow\"><\/div>\n<\/div>\n\n\n\n<p class=\"has-medium-font-size\"><strong>Zipfelmeyer Uwe<\/strong><\/p>\n\n\n\n<div class=\"wp-block-columns is-layout-flex wp-container-core-columns-is-layout-9d6595d7 wp-block-columns-is-layout-flex\">\n<div class=\"wp-block-column is-layout-flow wp-block-column-is-layout-flow\">\n<figure class=\"wp-block-image size-large is-resized\"><img loading=\"lazy\" decoding=\"async\" width=\"576\" height=\"1024\" src=\"https:\/\/traktorverein.at\/wp-content\/uploads\/2023\/09\/Uwe-576x1024.jpg\" alt=\"\" class=\"wp-image-1655\" style=\"width:372px;height:661px\" srcset=\"https:\/\/traktorverein.at\/wp-content\/uploads\/2023\/09\/Uwe-576x1024.jpg 576w, https:\/\/traktorverein.at\/wp-content\/uploads\/2023\/09\/Uwe-169x300.jpg 169w, https:\/\/traktorverein.at\/wp-content\/uploads\/2023\/09\/Uwe-768x1365.jpg 768w, https:\/\/traktorverein.at\/wp-content\/uploads\/2023\/09\/Uwe-864x1536.jpg 864w, https:\/\/traktorverein.at\/wp-content\/uploads\/2023\/09\/Uwe-1152x2048.jpg 1152w, https:\/\/traktorverein.at\/wp-content\/uploads\/2023\/09\/Uwe-scaled.jpg 1440w\" sizes=\"auto, (max-width: 576px) 100vw, 576px\" \/><\/figure>\n<\/div>\n\n\n\n<div class=\"wp-block-column is-layout-flow wp-block-column-is-layout-flow\"><\/div>\n\n\n\n<div class=\"wp-block-column is-layout-flow wp-block-column-is-layout-flow\"><\/div>\n<\/div>\n\n\n\n<p class=\"has-medium-font-size\"><strong>Zrost Melanie<\/strong><\/p>\n\n\n\n<figure class=\"wp-block-image size-full is-resized\"><img loading=\"lazy\" decoding=\"async\" width=\"390\" height=\"580\" src=\"https:\/\/traktorverein.at\/wp-content\/uploads\/2023\/03\/Zrost-Melanie.jpg\" alt=\"\" class=\"wp-image-1044\" style=\"width:232px;height:345px\" srcset=\"https:\/\/traktorverein.at\/wp-content\/uploads\/2023\/03\/Zrost-Melanie.jpg 390w, https:\/\/traktorverein.at\/wp-content\/uploads\/2023\/03\/Zrost-Melanie-202x300.jpg 202w\" sizes=\"auto, (max-width: 390px) 100vw, 390px\" \/><\/figure>\n\n\n\n<p class=\"has-black-color has-cyan-bluish-gray-background-color has-text-color has-background has-large-font-size\">+<strong>Nicht mehr unter uns &#8211; in bleibender Erinnerung&#8230;.<\/strong>+<\/p>\n\n\n\n<p><strong>Hennerfeind Eduard<\/strong><\/p>\n\n\n\n<div class=\"wp-block-columns is-layout-flex wp-container-core-columns-is-layout-9d6595d7 wp-block-columns-is-layout-flex\">\n<div class=\"wp-block-column is-layout-flow wp-block-column-is-layout-flow\">\n<figure class=\"wp-block-image size-full\"><img loading=\"lazy\" decoding=\"async\" width=\"530\" height=\"451\" src=\"https:\/\/traktorverein.at\/wp-content\/uploads\/2023\/03\/edi-1.jpg\" alt=\"\" class=\"wp-image-803\" srcset=\"https:\/\/traktorverein.at\/wp-content\/uploads\/2023\/03\/edi-1.jpg 530w, https:\/\/traktorverein.at\/wp-content\/uploads\/2023\/03\/edi-1-300x255.jpg 300w\" sizes=\"auto, (max-width: 530px) 100vw, 530px\" \/><\/figure>\n<\/div>\n\n\n\n<div class=\"wp-block-column is-layout-flow wp-block-column-is-layout-flow\">\n<figure class=\"wp-block-image size-full\"><img loading=\"lazy\" decoding=\"async\" width=\"325\" height=\"429\" src=\"https:\/\/traktorverein.at\/wp-content\/uploads\/2023\/03\/edi-3.jpg\" alt=\"\" class=\"wp-image-804\" srcset=\"https:\/\/traktorverein.at\/wp-content\/uploads\/2023\/03\/edi-3.jpg 325w, https:\/\/traktorverein.at\/wp-content\/uploads\/2023\/03\/edi-3-227x300.jpg 227w\" sizes=\"auto, (max-width: 325px) 100vw, 325px\" \/><\/figure>\n<\/div>\n\n\n\n<div class=\"wp-block-column is-layout-flow wp-block-column-is-layout-flow\">\n<figure class=\"wp-block-image size-full\"><img loading=\"lazy\" decoding=\"async\" width=\"529\" height=\"480\" src=\"https:\/\/traktorverein.at\/wp-content\/uploads\/2023\/03\/edi2-1.jpg\" alt=\"\" class=\"wp-image-805\" srcset=\"https:\/\/traktorverein.at\/wp-content\/uploads\/2023\/03\/edi2-1.jpg 529w, https:\/\/traktorverein.at\/wp-content\/uploads\/2023\/03\/edi2-1-300x272.jpg 300w\" sizes=\"auto, (max-width: 529px) 100vw, 529px\" \/><\/figure>\n<\/div>\n<\/div>\n\n\n\n<p class=\"has-medium-font-size\"><strong>Swoboda Matthias<\/strong><\/p>\n\n\n\n<div class=\"wp-block-columns is-layout-flex wp-container-core-columns-is-layout-9d6595d7 wp-block-columns-is-layout-flex\">\n<div class=\"wp-block-column is-layout-flow wp-block-column-is-layout-flow\">\n<figure class=\"wp-block-image size-large is-resized\"><img loading=\"lazy\" decoding=\"async\" width=\"1024\" height=\"922\" src=\"https:\/\/traktorverein.at\/wp-content\/uploads\/2023\/03\/Swobi-alleine-1024x922.jpg\" alt=\"\" class=\"wp-image-1272\" style=\"width:450px;height:405px\" srcset=\"https:\/\/traktorverein.at\/wp-content\/uploads\/2023\/03\/Swobi-alleine-1024x922.jpg 1024w, https:\/\/traktorverein.at\/wp-content\/uploads\/2023\/03\/Swobi-alleine-300x270.jpg 300w, https:\/\/traktorverein.at\/wp-content\/uploads\/2023\/03\/Swobi-alleine-768x691.jpg 768w, https:\/\/traktorverein.at\/wp-content\/uploads\/2023\/03\/Swobi-alleine.jpg 1131w\" sizes=\"auto, (max-width: 1024px) 100vw, 1024px\" \/><\/figure>\n<\/div>\n\n\n\n<div class=\"wp-block-column is-layout-flow wp-block-column-is-layout-flow\"><\/div>\n<\/div>\n\n\n\n<p><strong>Kurt Pavel<\/strong><\/p>\n\n\n\n<figure class=\"wp-block-image size-full is-resized\"><img loading=\"lazy\" decoding=\"async\" width=\"641\" height=\"886\" src=\"https:\/\/traktorverein.at\/wp-content\/uploads\/2024\/03\/Pavel-Kurt-1.jpg\" alt=\"\" class=\"wp-image-2019\" style=\"width:271px;height:auto\" srcset=\"https:\/\/traktorverein.at\/wp-content\/uploads\/2024\/03\/Pavel-Kurt-1.jpg 641w, https:\/\/traktorverein.at\/wp-content\/uploads\/2024\/03\/Pavel-Kurt-1-217x300.jpg 217w\" sizes=\"auto, (max-width: 641px) 100vw, 641px\" \/><\/figure>\n\n\n\n<p class=\"has-pale-cyan-blue-background-color has-background has-medium-font-size\">Ehemalige Mitglieder<\/p>\n\n\n\n<p><strong>Haiden Franz<\/strong><\/p>\n\n\n\n<p><strong>Steyr Traktor T 80A ( &#8220;15er&#8221; ) Baujahr&nbsp;<\/strong><\/p>\n\n\n\n<div class=\"wp-block-columns is-layout-flex wp-container-core-columns-is-layout-9d6595d7 wp-block-columns-is-layout-flex\">\n<div class=\"wp-block-column is-layout-flow wp-block-column-is-layout-flow\">\n<figure class=\"wp-block-image size-full is-resized\"><img loading=\"lazy\" decoding=\"async\" width=\"640\" height=\"480\" src=\"https:\/\/traktorverein.at\/wp-content\/uploads\/2023\/03\/Haiden-Franz-1.jpg\" alt=\"\" class=\"wp-image-808\" style=\"width:428px;height:321px\" srcset=\"https:\/\/traktorverein.at\/wp-content\/uploads\/2023\/03\/Haiden-Franz-1.jpg 640w, https:\/\/traktorverein.at\/wp-content\/uploads\/2023\/03\/Haiden-Franz-1-300x225.jpg 300w\" sizes=\"auto, (max-width: 640px) 100vw, 640px\" \/><\/figure>\n<\/div>\n\n\n\n<div class=\"wp-block-column is-layout-flow wp-block-column-is-layout-flow\">\n<figure class=\"wp-block-image size-full is-resized\"><img loading=\"lazy\" decoding=\"async\" width=\"640\" height=\"480\" src=\"https:\/\/traktorverein.at\/wp-content\/uploads\/2023\/03\/Haiden-Franz-2.jpg\" alt=\"\" class=\"wp-image-809\" style=\"width:426px;height:319px\" srcset=\"https:\/\/traktorverein.at\/wp-content\/uploads\/2023\/03\/Haiden-Franz-2.jpg 640w, https:\/\/traktorverein.at\/wp-content\/uploads\/2023\/03\/Haiden-Franz-2-300x225.jpg 300w\" sizes=\"auto, (max-width: 640px) 100vw, 640px\" \/><\/figure>\n<\/div>\n<\/div>\n\n\n\n<p class=\"has-medium-font-size\"><strong>Hirsch Paul<\/strong><\/p>\n\n\n\n<p><strong>Steyr Traktor T 80 ( &#8220;15er&#8221; ) Baujahr&nbsp; 1951, unrestauriert, Hydraulik<br>Neu statt T 190<br><\/strong><\/p>\n\n\n\n<figure class=\"wp-block-image size-full\"><img loading=\"lazy\" decoding=\"async\" width=\"500\" height=\"333\" src=\"https:\/\/traktorverein.at\/wp-content\/uploads\/2023\/03\/Hirsch-paul-1.jpg\" alt=\"\" class=\"wp-image-1103\" srcset=\"https:\/\/traktorverein.at\/wp-content\/uploads\/2023\/03\/Hirsch-paul-1.jpg 500w, https:\/\/traktorverein.at\/wp-content\/uploads\/2023\/03\/Hirsch-paul-1-300x200.jpg 300w\" sizes=\"auto, (max-width: 500px) 100vw, 500px\" \/><\/figure>\n\n\n\n<div class=\"wp-block-columns is-layout-flex wp-container-core-columns-is-layout-9d6595d7 wp-block-columns-is-layout-flex\">\n<div class=\"wp-block-column is-layout-flow wp-block-column-is-layout-flow\">\n<figure class=\"wp-block-image size-full\"><img loading=\"lazy\" decoding=\"async\" width=\"640\" height=\"480\" src=\"https:\/\/traktorverein.at\/wp-content\/uploads\/2023\/03\/hirsch-paul-2-1.jpg\" alt=\"\" class=\"wp-image-971\" srcset=\"https:\/\/traktorverein.at\/wp-content\/uploads\/2023\/03\/hirsch-paul-2-1.jpg 640w, https:\/\/traktorverein.at\/wp-content\/uploads\/2023\/03\/hirsch-paul-2-1-300x225.jpg 300w\" sizes=\"auto, (max-width: 640px) 100vw, 640px\" \/><\/figure>\n<\/div>\n\n\n\n<div class=\"wp-block-column is-layout-flow wp-block-column-is-layout-flow\">\n<figure class=\"wp-block-image size-full\"><img loading=\"lazy\" decoding=\"async\" width=\"640\" height=\"480\" src=\"https:\/\/traktorverein.at\/wp-content\/uploads\/2023\/03\/hirsch-paul.jpg\" alt=\"\" class=\"wp-image-972\" srcset=\"https:\/\/traktorverein.at\/wp-content\/uploads\/2023\/03\/hirsch-paul.jpg 640w, https:\/\/traktorverein.at\/wp-content\/uploads\/2023\/03\/hirsch-paul-300x225.jpg 300w\" sizes=\"auto, (max-width: 640px) 100vw, 640px\" \/><\/figure>\n<\/div>\n<\/div>\n\n\n\n<div class=\"wp-block-columns is-layout-flex wp-container-core-columns-is-layout-9d6595d7 wp-block-columns-is-layout-flex\">\n<div class=\"wp-block-column is-layout-flow wp-block-column-is-layout-flow\">\n<figure class=\"wp-block-image size-full\"><img loading=\"lazy\" decoding=\"async\" width=\"640\" height=\"480\" src=\"https:\/\/traktorverein.at\/wp-content\/uploads\/2023\/03\/Hirsch-paul-3.jpg\" alt=\"\" class=\"wp-image-973\" srcset=\"https:\/\/traktorverein.at\/wp-content\/uploads\/2023\/03\/Hirsch-paul-3.jpg 640w, https:\/\/traktorverein.at\/wp-content\/uploads\/2023\/03\/Hirsch-paul-3-300x225.jpg 300w\" sizes=\"auto, (max-width: 640px) 100vw, 640px\" \/><\/figure>\n<\/div>\n\n\n\n<div class=\"wp-block-column is-layout-flow wp-block-column-is-layout-flow\">\n<figure class=\"wp-block-image size-full\"><img loading=\"lazy\" decoding=\"async\" width=\"640\" height=\"480\" src=\"https:\/\/traktorverein.at\/wp-content\/uploads\/2023\/03\/Hirsch-Paul-5.jpg\" alt=\"\" class=\"wp-image-974\" srcset=\"https:\/\/traktorverein.at\/wp-content\/uploads\/2023\/03\/Hirsch-Paul-5.jpg 640w, https:\/\/traktorverein.at\/wp-content\/uploads\/2023\/03\/Hirsch-Paul-5-300x225.jpg 300w\" sizes=\"auto, (max-width: 640px) 100vw, 640px\" \/><\/figure>\n<\/div>\n\n\n\n<div class=\"wp-block-column is-layout-flow wp-block-column-is-layout-flow\">\n<figure class=\"wp-block-image size-full\"><img loading=\"lazy\" decoding=\"async\" width=\"640\" height=\"480\" src=\"https:\/\/traktorverein.at\/wp-content\/uploads\/2023\/03\/Hirsch-Paul-4.jpg\" alt=\"\" class=\"wp-image-976\" srcset=\"https:\/\/traktorverein.at\/wp-content\/uploads\/2023\/03\/Hirsch-Paul-4.jpg 640w, https:\/\/traktorverein.at\/wp-content\/uploads\/2023\/03\/Hirsch-Paul-4-300x225.jpg 300w\" sizes=\"auto, (max-width: 640px) 100vw, 640px\" \/><\/figure>\n<\/div>\n<\/div>\n\n\n\n<p class=\"has-medium-font-size\"><strong>D\u00f6ller Robert<\/strong><\/p>\n\n\n\n<figure class=\"wp-block-image size-full is-resized\"><img loading=\"lazy\" decoding=\"async\" width=\"640\" height=\"480\" src=\"https:\/\/traktorverein.at\/wp-content\/uploads\/2023\/03\/doeller.jpg\" alt=\"\" class=\"wp-image-939\" style=\"width:442px;height:332px\" srcset=\"https:\/\/traktorverein.at\/wp-content\/uploads\/2023\/03\/doeller.jpg 640w, https:\/\/traktorverein.at\/wp-content\/uploads\/2023\/03\/doeller-300x225.jpg 300w\" sizes=\"auto, (max-width: 640px) 100vw, 640px\" \/><\/figure>\n\n\n\n<p class=\"has-medium-font-size\"><strong>D\u00f6ller Doris<\/strong><\/p>\n\n\n\n<figure class=\"wp-block-image size-full is-resized\"><img loading=\"lazy\" decoding=\"async\" width=\"216\" height=\"324\" src=\"https:\/\/traktorverein.at\/wp-content\/uploads\/2023\/03\/Doeller-Doris.jpg\" alt=\"\" class=\"wp-image-1260\" style=\"width:173px;height:260px\" srcset=\"https:\/\/traktorverein.at\/wp-content\/uploads\/2023\/03\/Doeller-Doris.jpg 216w, https:\/\/traktorverein.at\/wp-content\/uploads\/2023\/03\/Doeller-Doris-200x300.jpg 200w\" sizes=\"auto, (max-width: 216px) 100vw, 216px\" \/><\/figure>\n\n\n\n<p class=\"has-medium-font-size\"><strong>Kuderer Walter<\/strong><\/p>\n\n\n\n<figure class=\"wp-block-image size-full is-resized\"><img loading=\"lazy\" decoding=\"async\" width=\"1024\" height=\"768\" src=\"https:\/\/traktorverein.at\/wp-content\/uploads\/2023\/04\/PD_35_File_006-1024x768-1.jpg\" alt=\"\" class=\"wp-image-1342\" style=\"width:426px;height:320px\" srcset=\"https:\/\/traktorverein.at\/wp-content\/uploads\/2023\/04\/PD_35_File_006-1024x768-1.jpg 1024w, https:\/\/traktorverein.at\/wp-content\/uploads\/2023\/04\/PD_35_File_006-1024x768-1-300x225.jpg 300w, https:\/\/traktorverein.at\/wp-content\/uploads\/2023\/04\/PD_35_File_006-1024x768-1-768x576.jpg 768w\" sizes=\"auto, (max-width: 1024px) 100vw, 1024px\" \/><\/figure>\n\n\n\n<p class=\"has-medium-font-size\"><strong>Ponzauner Johann Senj.<\/strong><\/p>\n\n\n\n<figure class=\"wp-block-image size-full is-resized\"><img loading=\"lazy\" decoding=\"async\" width=\"610\" height=\"797\" src=\"https:\/\/traktorverein.at\/wp-content\/uploads\/2023\/04\/Ponzauner-sen.jpg\" alt=\"\" class=\"wp-image-1402\" style=\"width:245px;height:320px\" srcset=\"https:\/\/traktorverein.at\/wp-content\/uploads\/2023\/04\/Ponzauner-sen.jpg 610w, https:\/\/traktorverein.at\/wp-content\/uploads\/2023\/04\/Ponzauner-sen-230x300.jpg 230w\" sizes=\"auto, (max-width: 610px) 100vw, 610px\" \/><\/figure>\n\n\n\n<p class=\"has-medium-font-size\"><strong>Swoboda Wilhelm<\/strong><\/p>\n\n\n\n<p><strong>Steyr Traktor 180a ( &#8220;30er&#8221; ) Baujahr&nbsp;1955<\/strong><\/p>\n\n\n\n<div class=\"wp-block-columns is-layout-flex wp-container-core-columns-is-layout-9d6595d7 wp-block-columns-is-layout-flex\">\n<div class=\"wp-block-column is-layout-flow wp-block-column-is-layout-flow\">\n<figure class=\"wp-block-image size-full is-resized\"><img loading=\"lazy\" decoding=\"async\" width=\"640\" height=\"480\" src=\"https:\/\/traktorverein.at\/wp-content\/uploads\/2023\/03\/Swobi-Willi-2.jpg\" alt=\"\" class=\"wp-image-941\" style=\"width:519px;height:389px\" srcset=\"https:\/\/traktorverein.at\/wp-content\/uploads\/2023\/03\/Swobi-Willi-2.jpg 640w, https:\/\/traktorverein.at\/wp-content\/uploads\/2023\/03\/Swobi-Willi-2-300x225.jpg 300w\" sizes=\"auto, (max-width: 640px) 100vw, 640px\" \/><\/figure>\n<\/div>\n\n\n\n<div class=\"wp-block-column is-layout-flow wp-block-column-is-layout-flow\">\n<figure class=\"wp-block-image size-full is-resized\"><img loading=\"lazy\" decoding=\"async\" width=\"462\" height=\"640\" src=\"https:\/\/traktorverein.at\/wp-content\/uploads\/2023\/03\/Swobi-Willi.jpg\" alt=\"\" class=\"wp-image-942\" style=\"width:281px;height:389px\" srcset=\"https:\/\/traktorverein.at\/wp-content\/uploads\/2023\/03\/Swobi-Willi.jpg 462w, https:\/\/traktorverein.at\/wp-content\/uploads\/2023\/03\/Swobi-Willi-217x300.jpg 217w\" sizes=\"auto, (max-width: 462px) 100vw, 462px\" \/><\/figure>\n<\/div>\n<\/div>\n\n\n\n<p class=\"has-medium-font-size\"><strong>Sattler Josef<\/strong><\/p>\n\n\n\n<p><strong>Marke: AGIL &#8211; ( Anton Gottfried in Lamprechtshausen ) Baujahr. 1959<br>PS: 18<\/strong><\/p>\n\n\n\n<p><strong>Restaurierung : 1985<\/strong><\/p>\n\n\n\n<div class=\"wp-block-columns is-layout-flex wp-container-core-columns-is-layout-9d6595d7 wp-block-columns-is-layout-flex\">\n<div class=\"wp-block-column is-layout-flow wp-block-column-is-layout-flow\">\n<figure class=\"wp-block-image size-full\"><img loading=\"lazy\" decoding=\"async\" width=\"640\" height=\"480\" src=\"https:\/\/traktorverein.at\/wp-content\/uploads\/2023\/03\/Sattler-Josef.jpg\" alt=\"\" class=\"wp-image-1004\" srcset=\"https:\/\/traktorverein.at\/wp-content\/uploads\/2023\/03\/Sattler-Josef.jpg 640w, https:\/\/traktorverein.at\/wp-content\/uploads\/2023\/03\/Sattler-Josef-300x225.jpg 300w\" sizes=\"auto, (max-width: 640px) 100vw, 640px\" \/><\/figure>\n<\/div>\n\n\n\n<div class=\"wp-block-column is-layout-flow wp-block-column-is-layout-flow\">\n<figure class=\"wp-block-image size-full\"><img loading=\"lazy\" decoding=\"async\" width=\"640\" height=\"480\" src=\"https:\/\/traktorverein.at\/wp-content\/uploads\/2023\/03\/Sattler-Josef-1.jpg\" alt=\"\" class=\"wp-image-1005\" srcset=\"https:\/\/traktorverein.at\/wp-content\/uploads\/2023\/03\/Sattler-Josef-1.jpg 640w, https:\/\/traktorverein.at\/wp-content\/uploads\/2023\/03\/Sattler-Josef-1-300x225.jpg 300w\" sizes=\"auto, (max-width: 640px) 100vw, 640px\" \/><\/figure>\n<\/div>\n<\/div>\n\n\n\n<p class=\"has-medium-font-size\"><\/p>\n\n\n\n<p class=\"has-medium-font-size\"><strong>Puntigam Johann und Renate<\/strong><\/p>\n\n\n\n<div class=\"wp-block-columns is-layout-flex wp-container-core-columns-is-layout-9d6595d7 wp-block-columns-is-layout-flex\">\n<div class=\"wp-block-column is-layout-flow wp-block-column-is-layout-flow\">\n<figure class=\"wp-block-image size-full is-resized\"><img loading=\"lazy\" decoding=\"async\" width=\"640\" height=\"480\" src=\"https:\/\/traktorverein.at\/wp-content\/uploads\/2023\/03\/Punti-Hans-1-1.jpg\" alt=\"\" class=\"wp-image-1013\" style=\"width:314px;height:235px\" srcset=\"https:\/\/traktorverein.at\/wp-content\/uploads\/2023\/03\/Punti-Hans-1-1.jpg 640w, https:\/\/traktorverein.at\/wp-content\/uploads\/2023\/03\/Punti-Hans-1-1-300x225.jpg 300w\" sizes=\"auto, (max-width: 640px) 100vw, 640px\" \/><\/figure>\n<\/div>\n\n\n\n<div class=\"wp-block-column is-layout-flow wp-block-column-is-layout-flow\">\n<figure class=\"wp-block-image size-full is-resized\"><img loading=\"lazy\" decoding=\"async\" width=\"640\" height=\"480\" src=\"https:\/\/traktorverein.at\/wp-content\/uploads\/2023\/03\/Punti-Hans-2-1.jpg\" alt=\"\" class=\"wp-image-1014\" style=\"width:310px;height:232px\" srcset=\"https:\/\/traktorverein.at\/wp-content\/uploads\/2023\/03\/Punti-Hans-2-1.jpg 640w, https:\/\/traktorverein.at\/wp-content\/uploads\/2023\/03\/Punti-Hans-2-1-300x225.jpg 300w\" sizes=\"auto, (max-width: 640px) 100vw, 640px\" \/><\/figure>\n<\/div>\n<\/div>\n\n\n\n<p class=\"has-medium-font-size\"><strong>Fischer Markus<\/strong><\/p>\n\n\n\n<p><strong>Steyr Traktor T 80 ( &#8220;15er&#8221; ) Baujahr&nbsp; 1951<\/strong><\/p>\n\n\n\n<div class=\"wp-block-columns is-layout-flex wp-container-core-columns-is-layout-9d6595d7 wp-block-columns-is-layout-flex\">\n<div class=\"wp-block-column is-layout-flow wp-block-column-is-layout-flow\">\n<figure class=\"wp-block-image size-full is-resized\"><img loading=\"lazy\" decoding=\"async\" width=\"480\" height=\"640\" src=\"https:\/\/traktorverein.at\/wp-content\/uploads\/2023\/03\/Fischer-Manfred-1.jpg\" alt=\"\" class=\"wp-image-1010\" style=\"width:282px;height:376px\" srcset=\"https:\/\/traktorverein.at\/wp-content\/uploads\/2023\/03\/Fischer-Manfred-1.jpg 480w, https:\/\/traktorverein.at\/wp-content\/uploads\/2023\/03\/Fischer-Manfred-1-225x300.jpg 225w\" sizes=\"auto, (max-width: 480px) 100vw, 480px\" \/><\/figure>\n<\/div>\n\n\n\n<div class=\"wp-block-column is-layout-flow wp-block-column-is-layout-flow\">\n<figure class=\"wp-block-image size-full\"><img loading=\"lazy\" decoding=\"async\" width=\"640\" height=\"480\" src=\"https:\/\/traktorverein.at\/wp-content\/uploads\/2023\/03\/Fischer-1.jpg\" alt=\"\" class=\"wp-image-1011\" srcset=\"https:\/\/traktorverein.at\/wp-content\/uploads\/2023\/03\/Fischer-1.jpg 640w, https:\/\/traktorverein.at\/wp-content\/uploads\/2023\/03\/Fischer-1-300x225.jpg 300w\" sizes=\"auto, (max-width: 640px) 100vw, 640px\" \/><\/figure>\n<\/div>\n<\/div>\n\n\n\n<p class=\"has-medium-font-size\"><strong>Krumb\u00f6ck Sandra<\/strong><\/p>\n\n\n\n<div class=\"wp-block-columns is-layout-flex wp-container-core-columns-is-layout-9d6595d7 wp-block-columns-is-layout-flex\">\n<div class=\"wp-block-column is-layout-flow wp-block-column-is-layout-flow\">\n<figure class=\"wp-block-image size-full is-resized\"><img loading=\"lazy\" decoding=\"async\" width=\"640\" height=\"480\" src=\"https:\/\/traktorverein.at\/wp-content\/uploads\/2023\/03\/Sandra-4-1.jpg\" alt=\"\" class=\"wp-image-979\" style=\"width:367px;height:275px\" srcset=\"https:\/\/traktorverein.at\/wp-content\/uploads\/2023\/03\/Sandra-4-1.jpg 640w, https:\/\/traktorverein.at\/wp-content\/uploads\/2023\/03\/Sandra-4-1-300x225.jpg 300w\" sizes=\"auto, (max-width: 640px) 100vw, 640px\" \/><\/figure>\n<\/div>\n\n\n\n<div class=\"wp-block-column is-layout-flow wp-block-column-is-layout-flow\">\n<figure class=\"wp-block-image size-full is-resized\"><img loading=\"lazy\" decoding=\"async\" width=\"640\" height=\"512\" src=\"https:\/\/traktorverein.at\/wp-content\/uploads\/2023\/03\/Sandra-1-1.jpg\" alt=\"\" class=\"wp-image-980\" style=\"width:352px;height:278px\" srcset=\"https:\/\/traktorverein.at\/wp-content\/uploads\/2023\/03\/Sandra-1-1.jpg 640w, https:\/\/traktorverein.at\/wp-content\/uploads\/2023\/03\/Sandra-1-1-300x240.jpg 300w\" sizes=\"auto, (max-width: 640px) 100vw, 640px\" \/><\/figure>\n<\/div>\n<\/div>\n\n\n\n<div class=\"wp-block-columns is-layout-flex wp-container-core-columns-is-layout-9d6595d7 wp-block-columns-is-layout-flex\">\n<div class=\"wp-block-column is-layout-flow wp-block-column-is-layout-flow\">\n<figure class=\"wp-block-image size-full is-resized\"><img loading=\"lazy\" decoding=\"async\" width=\"640\" height=\"512\" src=\"https:\/\/traktorverein.at\/wp-content\/uploads\/2023\/03\/Sandra-3.jpg\" alt=\"\" class=\"wp-image-982\" style=\"width:371px;height:295px\" srcset=\"https:\/\/traktorverein.at\/wp-content\/uploads\/2023\/03\/Sandra-3.jpg 640w, https:\/\/traktorverein.at\/wp-content\/uploads\/2023\/03\/Sandra-3-300x240.jpg 300w\" sizes=\"auto, (max-width: 640px) 100vw, 640px\" \/><\/figure>\n<\/div>\n\n\n\n<div class=\"wp-block-column is-layout-flow wp-block-column-is-layout-flow\">\n<figure class=\"wp-block-image size-full is-resized\"><img loading=\"lazy\" decoding=\"async\" width=\"640\" height=\"512\" src=\"https:\/\/traktorverein.at\/wp-content\/uploads\/2023\/03\/Sandra-2-1.jpg\" alt=\"\" class=\"wp-image-1263\" style=\"width:355px;height:283px\" srcset=\"https:\/\/traktorverein.at\/wp-content\/uploads\/2023\/03\/Sandra-2-1.jpg 640w, https:\/\/traktorverein.at\/wp-content\/uploads\/2023\/03\/Sandra-2-1-300x240.jpg 300w\" sizes=\"auto, (max-width: 640px) 100vw, 640px\" \/><\/figure>\n<\/div>\n<\/div>\n\n\n\n<p><br><\/p>\n\n\n\n<p><strong><br><\/strong><\/p>\n\n\n\n<p><\/p>\n\n\n\n<p><\/p>\n\n\n\n<p><\/p>\n\n\n\n<p><\/p>\n\n\n\n<p><\/p>\n\n\n\n<p><\/p>\n\n\n\n<p><br><\/p>\n\n\n\n<p><\/p>\n\n\n\n<p><strong><br><\/strong><\/p>\n\n\n\n<p><strong><br><\/strong><\/p>\n\n\n\n<div class=\"wp-block-columns is-layout-flex wp-container-core-columns-is-layout-9d6595d7 wp-block-columns-is-layout-flex\">\n<div class=\"wp-block-column is-layout-flow wp-block-column-is-layout-flow\">\n<figure class=\"wp-block-image size-full\"><img loading=\"lazy\" decoding=\"async\" width=\"334\" height=\"480\" src=\"https:\/\/traktorverein.at\/wp-content\/uploads\/2023\/02\/sally.jpg\" alt=\"\" class=\"wp-image-190\" srcset=\"https:\/\/traktorverein.at\/wp-content\/uploads\/2023\/02\/sally.jpg 334w, https:\/\/traktorverein.at\/wp-content\/uploads\/2023\/02\/sally-209x300.jpg 209w\" sizes=\"auto, (max-width: 334px) 100vw, 334px\" \/><\/figure>\n<\/div>\n<\/div>\n","protected":false},"excerpt":{"rendered":"<p>Albrechtowitz Herbert Amcha Bernhard und Brigitte Amtmann Gabriele Bauer Alfred Baumgartner Christoph Berger Julia Berger Leopold Berger Lukas Bledau Gabi Bledau J\u00fcrgen Bock Wolfgang Brandst\u00e4tter Peter und Michaela Braunsdorfer Heinz Brunner Ronald B\u00fcchinger Silvia Curic Branko Curic Isabella Dan Alina Deibl Harald Deibl Natascha Eberl Eveline Eberl Georg Eckenfellner Ulli Edelhofer Yvonne Freyer-Hitsch Helga Fuksa [&hellip;]<\/p>\n","protected":false},"author":1,"featured_media":3197,"parent":0,"menu_order":3,"comment_status":"closed","ping_status":"closed","template":"","meta":{"footnotes":""},"class_list":["post-18","page","type-page","status-publish","has-post-thumbnail","hentry"],"_links":{"self":[{"href":"https:\/\/traktorverein.at\/index.php\/wp-json\/wp\/v2\/pages\/18","targetHints":{"allow":["GET"]}}],"collection":[{"href":"https:\/\/traktorverein.at\/index.php\/wp-json\/wp\/v2\/pages"}],"about":[{"href":"https:\/\/traktorverein.at\/index.php\/wp-json\/wp\/v2\/types\/page"}],"author":[{"embeddable":true,"href":"https:\/\/traktorverein.at\/index.php\/wp-json\/wp\/v2\/users\/1"}],"replies":[{"embeddable":true,"href":"https:\/\/traktorverein.at\/index.php\/wp-json\/wp\/v2\/comments?post=18"}],"version-history":[{"count":564,"href":"https:\/\/traktorverein.at\/index.php\/wp-json\/wp\/v2\/pages\/18\/revisions"}],"predecessor-version":[{"id":3341,"href":"https:\/\/traktorverein.at\/index.php\/wp-json\/wp\/v2\/pages\/18\/revisions\/3341"}],"wp:featuredmedia":[{"embeddable":true,"href":"https:\/\/traktorverein.at\/index.php\/wp-json\/wp\/v2\/media\/3197"}],"wp:attachment":[{"href":"https:\/\/traktorverein.at\/index.php\/wp-json\/wp\/v2\/media?parent=18"}],"curies":[{"name":"wp","href":"https:\/\/api.w.org\/{rel}","templated":true}]}}